{"id":20070,"date":"2025-07-08T09:05:19","date_gmt":"2025-07-08T09:05:19","guid":{"rendered":"https:\/\/glareone.eu\/?page_id=20070"},"modified":"2026-04-29T13:41:57","modified_gmt":"2026-04-29T13:41:57","slug":"letnie-meetingi-fotograficzne-regulamin-konkursu","status":"publish","type":"page","link":"https:\/\/glareone.eu\/pl\/letnie-meetingi-fotograficzne-regulamin-konkursu\/","title":{"rendered":"Letnie Meetingi Fotograficzne &#8211; regulamin konkursu"},"content":{"rendered":"<div  class='flex_column av-atsw8x-ebfc82a869d86dc8d645fc45daf47a47 av_one_full  avia-builder-el-0  el_before_av_one_full  avia-builder-el-first  first flex_column_div  '     ><section  class='av_textblock_section av-mbhv200j-b54190fbed1dcc9d89d8e95291aadc63 '   itemscope=\"itemscope\" itemtype=\"https:\/\/schema.org\/CreativeWork\" ><div class='avia_textblock'  itemprop=\"text\" ><h1 style=\"text-align: center;\"><b>Letnie Meetingi Fotograficzne <\/b><\/h1>\n<h3 style=\"text-align: center;\">Twoja letnia dawka inspiracji i fotograficznej pasji w 10 miastach!<b><br \/>\n<\/b><\/h3>\n<\/div><\/section><\/div><div  class='flex_column av-vfhufvl-84098cd1377a09d97fbac173cac256bb av_one_full  avia-builder-el-2  el_after_av_one_full  el_before_av_one_full  first flex_column_div  column-top-margin'     ><style type=\"text\/css\" data-created_by=\"avia_inline_auto\" id=\"style-css-av-mbhs8w5f-ff89db8167657ab47a9733c7264637a0\">\n.avia-image-container.av-mbhs8w5f-ff89db8167657ab47a9733c7264637a0 img.avia_image{\nbox-shadow:none;\n}\n.avia-image-container.av-mbhs8w5f-ff89db8167657ab47a9733c7264637a0 .av-image-caption-overlay-center{\ncolor:#ffffff;\n}\n<\/style>\n<div  class='avia-image-container av-mbhs8w5f-ff89db8167657ab47a9733c7264637a0 av-styling- avia-align-center  avia-builder-el-3  avia-builder-el-no-sibling '   itemprop=\"image\" itemscope=\"itemscope\" itemtype=\"https:\/\/schema.org\/ImageObject\" ><div class=\"avia-image-container-inner\"><div class=\"avia-image-overlay-wrap\"><img decoding=\"async\" fetchpriority=\"high\" class='wp-image-24455 avia-img-lazy-loading-not-24455 avia_image ' src=\"https:\/\/glareone.eu\/wp-content\/uploads\/2026\/04\/letnie-meetingi-fotograficzne-2026-1920x960-1.jpg\" alt='' title='letnie meetingi fotograficzne 2026 1920x960'  height=\"960\" width=\"1920\"  itemprop=\"thumbnailUrl\" srcset=\"https:\/\/glareone.eu\/wp-content\/uploads\/2026\/04\/letnie-meetingi-fotograficzne-2026-1920x960-1.jpg 1920w, https:\/\/glareone.eu\/wp-content\/uploads\/2026\/04\/letnie-meetingi-fotograficzne-2026-1920x960-1-300x150.jpg 300w, https:\/\/glareone.eu\/wp-content\/uploads\/2026\/04\/letnie-meetingi-fotograficzne-2026-1920x960-1-1030x515.jpg 1030w, https:\/\/glareone.eu\/wp-content\/uploads\/2026\/04\/letnie-meetingi-fotograficzne-2026-1920x960-1-768x384.jpg 768w, https:\/\/glareone.eu\/wp-content\/uploads\/2026\/04\/letnie-meetingi-fotograficzne-2026-1920x960-1-1536x768.jpg 1536w, https:\/\/glareone.eu\/wp-content\/uploads\/2026\/04\/letnie-meetingi-fotograficzne-2026-1920x960-1-1500x750.jpg 1500w, https:\/\/glareone.eu\/wp-content\/uploads\/2026\/04\/letnie-meetingi-fotograficzne-2026-1920x960-1-705x353.jpg 705w, https:\/\/glareone.eu\/wp-content\/uploads\/2026\/04\/letnie-meetingi-fotograficzne-2026-1920x960-1-450x225.jpg 450w, https:\/\/glareone.eu\/wp-content\/uploads\/2026\/04\/letnie-meetingi-fotograficzne-2026-1920x960-1-600x300.jpg 600w\" sizes=\"(max-width: 1920px) 100vw, 1920px\" \/><\/div><\/div><\/div><\/div><div  class='flex_column av-u2ubbb5-9bfc83db7e2cb07a7b426019ff91acea av_one_full  avia-builder-el-4  el_after_av_one_full  el_before_av_one_full  first flex_column_div  column-top-margin'     ><style type=\"text\/css\" data-created_by=\"avia_inline_auto\" id=\"style-css-av-mbhrjh25-de7a41ad9cf71dd2b8aacd35eedda472\">\n#top .av-special-heading.av-mbhrjh25-de7a41ad9cf71dd2b8aacd35eedda472{\npadding-bottom:0;\n}\nbody .av-special-heading.av-mbhrjh25-de7a41ad9cf71dd2b8aacd35eedda472 .av-special-heading-tag .heading-char{\nfont-size:25px;\n}\n.av-special-heading.av-mbhrjh25-de7a41ad9cf71dd2b8aacd35eedda472 .av-subheading{\nfont-size:15px;\n}\n<\/style>\n<div  class='av-special-heading av-mbhrjh25-de7a41ad9cf71dd2b8aacd35eedda472 av-special-heading-h2  avia-builder-el-5  avia-builder-el-no-sibling  av-thin-font'><h2 class='av-special-heading-tag'  itemprop=\"headline\"  ><strong>Regulamin konkurs\u00f3w podczas Letnich Meeting\u00f3w Fotograficznych 2026<\/strong><\/h2><div class=\"special-heading-border\"><div class=\"special-heading-inner-border\"><\/div><\/div><\/div><\/div><div  class='flex_column av-1s7qa5d-56480b05c24422d7161374ef80c93beb av_one_full  avia-builder-el-6  el_after_av_one_full  avia-builder-el-last  first flex_column_div  column-top-margin'     ><section  class='av_textblock_section av-16d8o0x-9d6b342fa8c45e4a9f98f244156ec713 '   itemscope=\"itemscope\" itemtype=\"https:\/\/schema.org\/CreativeWork\" ><div class='avia_textblock'  itemprop=\"text\" ><p><b>\u00a71. Postanowienia og\u00f3lne<\/b><\/p>\n<p><span style=\"font-weight: 400;\">1. Organizatorem konkurs\u00f3w jest GlareOne, z siedzib\u0105 w Polsce, przy wsp\u00f3\u0142pracy z Partnerami: Peak Design, Mathorn, Calumet, nPhoto, OM System, Eizo Polska, Cyfrowe.pl oraz Notopstryk.pl (dalej: \u201eOrganizator\u201d).<\/span><\/p>\n<p><span style=\"font-weight: 400;\">2. Konkursy odbywaj\u0105 si\u0119 w ramach wydarzenia Letnie Meetingi Fotograficzne 2026 (dalej: \u201eWydarzenie\u201d).<\/span><\/p>\n<p>3. Uczestnictwo w konkursach jest bezp\u0142atne i dobrowolne.<\/p>\n<p><b>\u00a72. Uczestnicy<\/b><\/p>\n<p><span style=\"font-weight: 400;\">1. Uczestnikiem konkurs\u00f3w mo\u017ce by\u0107 wy\u0142\u0105cznie osoba pe\u0142noletnia, kt\u00f3ra bierze udzia\u0142 w Letnich Meetingach Fotograficznych 2026 jako zarejestrowany uczestnik.<\/span><\/p>\n<p><span style=\"font-weight: 400;\">2. Uczestnicy zobowi\u0105zani s\u0105 do przestrzegania niniejszego regulaminu.<\/span><\/p>\n<p><span style=\"font-weight: 400;\">3. W konkursach nie mog\u0105 bra\u0107 udzia\u0142u pracownicy Organizatora, Partner\u00f3w oraz cz\u0142onkowie ich rodzin.<\/span><\/p>\n<p><b>\u00a73. Konkurs na najlepsz\u0105 relacj\u0119 na Instagramie<\/b><\/p>\n<p><span style=\"font-weight: 400;\">1. Aby wzi\u0105\u0107 udzia\u0142 w konkursie, nale\u017cy:<\/span><\/p>\n<ul>\n<li style=\"list-style-type: none;\">\n<ul>\n<li style=\"font-weight: 400;\" aria-level=\"2\"><span style=\"font-weight: 400;\">opublikowa\u0107 relacj\u0119 (Instagram Story) w trakcie Wydarzenia, najp\u00f3\u017aniej do godziny 16:00 danego dnia,<\/span><\/li>\n<li style=\"font-weight: 400;\" aria-level=\"2\"><span style=\"font-weight: 400;\">oznaczy\u0107 profile: @glareonelighting, @nphoto_pl, @omsystem.pl, @eizopolska, @peakdesign.pl, @mathorn_accessories, @cyfrowe.pl, @notopstrykpl,<\/span><\/li>\n<li style=\"font-weight: 400;\" aria-level=\"2\"><span style=\"font-weight: 400;\">doda\u0107 hashtag: <\/span><b>#LetnieMeetingiFotograficzne<\/b><span style=\"font-weight: 400;\">.<\/span><\/li>\n<\/ul>\n<\/li>\n<\/ul>\n<p><span style=\"font-weight: 400;\">2. Relacja powinna przedstawia\u0107 przynajmniej jeden z poni\u017cszych element\u00f3w Wydarzenia:<\/span><\/p>\n<ul>\n<li style=\"list-style-type: none;\"><span style=\"font-weight: 400;\">a) fotospacer,<\/span><span style=\"font-weight: 400;\"><br \/>\n<\/span><span style=\"font-weight: 400;\"> b) prelekcje ambasador\u00f3w i ekspert\u00f3w: Przemys\u0142awa Jakubczyka, Stanis\u0142awa Surmana, Tomasza Ob\u0142uskiego, Krzysztofa Kisa\u0142y i\/lub Tomasza Zienia Zienkiewicza,<\/span><span style=\"font-weight: 400;\"><br \/>\n<\/span><span style=\"font-weight: 400;\"> c) stoiska wystawiennicze Partner\u00f3w,<\/span><span style=\"font-weight: 400;\"><br \/>\n<\/span><span style=\"font-weight: 400;\"> d) testy sprz\u0119tu,<\/span><span style=\"font-weight: 400;\"><br \/>\n<\/span><span style=\"font-weight: 400;\"> e) sesje pokazowe,<\/span><span style=\"font-weight: 400;\"><br \/>\n<\/span><span style=\"font-weight: 400;\"> f) networking,<\/span><span style=\"font-weight: 400;\"><br \/>\n<\/span><span style=\"font-weight: 400;\"> g) inne elementy zwi\u0105zane z Wydarzeniem.<\/span><\/li>\n<\/ul>\n<p><span style=\"font-weight: 400;\">3. Jeden uczestnik mo\u017ce opublikowa\u0107 dowoln\u0105 liczb\u0119 relacji, lecz mo\u017ce wygra\u0107 tylko jedn\u0105 nagrod\u0119.<\/span><\/p>\n<p><span style=\"font-weight: 400;\">4. Zwyci\u0119zc\u00f3w wy\u0142oni jury sk\u0142adaj\u0105ce si\u0119 z prelegent\u00f3w i ekspert\u00f3w obecnych podczas danego dnia Wydarzenia.<\/span><\/p>\n<p>5. <b>Og\u0142oszenie wynik\u00f3w<\/b><span style=\"font-weight: 400;\"> nast\u0105pi podczas oficjalnego zako\u0144czenia Wydarzenia w danym mie\u015bcie.<\/span><\/p>\n<p>6. <b>Nagrody:<\/b><\/p>\n<ul>\n<li style=\"list-style-type: none;\">\n<ul>\n<li style=\"font-weight: 400;\" aria-level=\"2\"><span style=\"font-weight: 400;\">I miejsce: wi\u0119cej informacji wkr\u00f3tce<\/span><\/li>\n<li style=\"font-weight: 400;\" aria-level=\"2\"><span style=\"font-weight: 400;\">II miejsce: wi\u0119cej informacji wkr\u00f3tce<\/span><\/li>\n<li style=\"font-weight: 400;\" aria-level=\"2\"><span style=\"font-weight: 400;\">III miejsce: wi\u0119cej informacji wkr\u00f3tce<\/span><\/li>\n<\/ul>\n<\/li>\n<\/ul>\n<p><b>\u00a74. Konkurs na najlepsz\u0105 rolk\u0119 (Reels) na Instagramie prezentuj\u0105c\u0105 wydarzenie<\/b><\/p>\n<p><span style=\"font-weight: 400;\">1. Aby wzi\u0105\u0107 udzia\u0142 w konkursie, nale\u017cy:<\/span><\/p>\n<ul>\n<li style=\"list-style-type: none;\">\n<ul>\n<li><span style=\"font-weight: 400;\">opublikowa\u0107 rolk\u0119 (Instagram Reels) na swoim profilu do dnia <\/span><b>31.07.2026 (do godz. 23:59)<\/b><span style=\"font-weight: 400;\">,<\/span><\/li>\n<li><span style=\"font-weight: 400;\">oznaczy\u0107 profile: @glareonelighting, @nphoto_pl, @omsystem.pl, @eizopolska, @peakdesign.pl, @mathorn_accessories, @cyfrowe.pl, @notopstrykpl,<\/span><\/li>\n<li><span style=\"font-weight: 400;\">doda\u0107 hashtag: <\/span><b>#LetnieMeetingiFotograficzne<\/b><span style=\"font-weight: 400;\">.<\/span><\/li>\n<\/ul>\n<\/li>\n<\/ul>\n<p><span style=\"font-weight: 400;\">2. Rolk\u0119 nale\u017cy przygotowa\u0107 w oparciu o przynajmniej jeden z element\u00f3w Wydarzenia, wskazanych w \u00a73 pkt 2.<\/span><\/p>\n<p><span style=\"font-weight: 400;\">3. Liczba opublikowanych rolek jest nieograniczona, ale jeden uczestnik mo\u017ce wygra\u0107 tylko jedn\u0105 nagrod\u0119.<\/span><\/p>\n<p><span style=\"font-weight: 400;\">4. Zwyci\u0119zc\u0119 wybierze jury sk\u0142adaj\u0105ce si\u0119 z prelegent\u00f3w i ekspert\u00f3w obecnych podczas Wydarzenia.<\/span><\/p>\n<p>5.<b> Og\u0142oszenie wynik\u00f3w<\/b><span style=\"font-weight: 400;\"> nast\u0105pi <\/span><b>10.08.2025<\/b><span style=\"font-weight: 400;\"> na profilu @glareonelighting na Instagramie.<\/span><\/p>\n<p><span style=\"font-weight: 400;\">6. Zwyci\u0119zca zostanie powiadomiony wiadomo\u015bci\u0105 prywatn\u0105 na Instagramie w celu ustalenia szczeg\u00f3\u0142\u00f3w przekazania nagrody.<\/span><\/p>\n<p>7. <b>Przekazanie nagrody<\/b><span style=\"font-weight: 400;\"> nast\u0105pi najp\u00f3\u017aniej do dnia <\/span><b>31.08.2025<\/b><span style=\"font-weight: 400;\">.<\/span><\/p>\n<p>8.<b> Nagroda:<\/b><b> <\/b><\/p>\n<ul>\n<li style=\"list-style-type: none;\">\n<ul>\n<li style=\"font-weight: 400;\" aria-level=\"2\"><span style=\"font-weight: 400;\">I miejsce: wi\u0119cej informacji wkr\u00f3tce<\/span><\/li>\n<li style=\"font-weight: 400;\" aria-level=\"2\"><span style=\"font-weight: 400;\">II miejsce: wi\u0119cej informacji wkr\u00f3tce<\/span><\/li>\n<li style=\"font-weight: 400;\" aria-level=\"2\"><span style=\"font-weight: 400;\">III miejsce: wi\u0119cej informacji wkr\u00f3tce<\/span><\/li>\n<\/ul>\n<\/li>\n<\/ul>\n<p><b>\u00a75. Konkurs na najlepsz\u0105 rolk\u0119 (Reels) na Instagramie prezentuj\u0105c\u0105 mark\u0119 i\/lub produkty Peak Design<\/b><\/p>\n<p><span style=\"font-weight: 400;\">1. Aby wzi\u0105\u0107 udzia\u0142 w konkursie, nale\u017cy:<\/span><\/p>\n<ul>\n<li style=\"list-style-type: none;\">\n<ul>\n<li><span style=\"font-weight: 400;\">opublikowa\u0107 relacj\u0119 (Instagram Story) w trakcie Wydarzenia, najp\u00f3\u017aniej do godziny 16:00 danego dnia,<\/span><\/li>\n<li><span style=\"font-weight: 400;\">oznaczy\u0107 profile: @peakdesign.pl, @peakdesign,<\/span><\/li>\n<li><span style=\"font-weight: 400;\">doda\u0107 hashtag: <\/span><b>#LetnieMeetingiFotograficzne<\/b><span style=\"font-weight: 400;\">.<\/span><\/li>\n<\/ul>\n<\/li>\n<\/ul>\n<p><span style=\"font-weight: 400;\">2. Relacja powinna przedstawia\u0107 przynajmniej jeden z poni\u017cszych element\u00f3w Wydarzenia:<\/span><\/p>\n<ul>\n<li style=\"list-style-type: none;\"><span style=\"font-weight: 400;\">a) stoisko marki Peak Design podczas Wydarzenia,<\/span><span style=\"font-weight: 400;\"><br \/>\n<\/span><span style=\"font-weight: 400;\"> b) produkty Peak Design.\u00a0<\/span><\/li>\n<\/ul>\n<p><span style=\"font-weight: 400;\">3. Jeden uczestnik mo\u017ce opublikowa\u0107 dowoln\u0105 liczb\u0119 rolek, lecz mo\u017ce wygra\u0107 tylko jedn\u0105 nagrod\u0119.<\/span><\/p>\n<p>4. Nie mo\u017ce by\u0107 to rolka wykorzystana w konkursie, o kt\u00f3rym mowa w \u00a74.<\/p>\n<p>5. Rolka mo\u017ce zawiera\u0107 elementy, kt\u00f3re nie nawi\u0105zuj\u0105 bezpo\u015brednio do Wydarzenia, na przyk\u0142ad nagrane przed lub po Wydarzeniu, we w\u0142asnej aran\u017cacji.<\/p>\n<p><span style=\"font-weight: 400;\">4. Zwyci\u0119zc\u0119 wybierze jury sk\u0142adaj\u0105ce si\u0119 z prelegent\u00f3w i ekspert\u00f3w obecnych podczas Wydarzenia.<\/span><\/p>\n<p>5.<b> Og\u0142oszenie wynik\u00f3w<\/b><span style=\"font-weight: 400;\"> nast\u0105pi <\/span><b>10.08.2025<\/b><span style=\"font-weight: 400;\"> na profilu @peakdesign.pl na Instagramie.<\/span><\/p>\n<p><span style=\"font-weight: 400;\">6. Zwyci\u0119zca zostanie powiadomiony wiadomo\u015bci\u0105 prywatn\u0105 na Instagramie w celu ustalenia szczeg\u00f3\u0142\u00f3w przekazania nagrody.<\/span><\/p>\n<p>7. <b>Przekazanie nagrody<\/b><span style=\"font-weight: 400;\"> nast\u0105pi najp\u00f3\u017aniej do dnia <\/span><b>31.08.2025<\/b><span style=\"font-weight: 400;\">.<\/span><\/p>\n<p>6. <b>Nagrody:<\/b><\/p>\n<ul>\n<li style=\"list-style-type: none;\">\n<ul>\n<li><span style=\"font-weight: 400;\">I miejsce: walizka Peak Design Roller PRO<\/span><\/li>\n<li><span style=\"font-weight: 400;\">II miejsce: wi\u0119cej informacji wkr\u00f3tce<\/span><\/li>\n<li><span style=\"font-weight: 400;\">III miejsce: wi\u0119cej informacji wkr\u00f3tce<\/span><\/li>\n<\/ul>\n<\/li>\n<\/ul>\n<p><b>\u00a76. Postanowienia ko\u0144cowe<\/b><\/p>\n<p><span style=\"font-weight: 400;\">1. Organizator zastrzega sobie prawo do wykluczenia z udzia\u0142u w konkursach prac, kt\u00f3re nie spe\u0142niaj\u0105 warunk\u00f3w regulaminu lub zawieraj\u0105 tre\u015bci nieodpowiednie, obra\u017aliwe lub niezgodne z prawem.<\/span><\/p>\n<p><span style=\"font-weight: 400;\">2. Uczestnik konkursu wyra\u017ca zgod\u0119 na publikacj\u0119 zg\u0142oszonych materia\u0142\u00f3w (relacji, rolek) przez Organizatora i Partner\u00f3w w celach promocyjnych.<\/span><\/p>\n<p><span style=\"font-weight: 400;\">3. Organizator zastrzega sobie prawo do zmiany niniejszego regulaminu, o ile nie wp\u0142ynie to na pogorszenie warunk\u00f3w uczestnictwa.<\/span><\/p>\n<p><span style=\"font-weight: 400;\">4. Wszelkie spory wynik\u0142e w zwi\u0105zku z konkursem b\u0119d\u0105 rozstrzygane przez Organizatora, a jego decyzje s\u0105 ostateczne.<\/span><\/p>\n<\/div><\/section><\/div><\/p>\n","protected":false},"excerpt":{"rendered":"","protected":false},"author":4,"featured_media":0,"parent":0,"menu_order":0,"comment_status":"closed","ping_status":"closed","template":"","meta":{"footnotes":""},"class_list":["post-20070","page","type-page","status-publish","hentry"],"yoast_head":"<!-- This site is optimized with the Yoast SEO plugin v27.4 - https:\/\/yoast.com\/product\/yoast-seo-wordpress\/ -->\n<title>Letnie Meetingi Fotograficzne - regulamin konkursu - GlareOne<\/title>\n<meta name=\"description\" content=\"Do\u0142\u0105cz do nas na Letnich Meetingach Fotograficznych \u2014 ca\u0142odniowym wydarzeniu, kt\u00f3re odb\u0119dzie si\u0119 w a\u017c 9 miastach w ca\u0142ej Polsce!\" \/>\n<meta name=\"robots\" content=\"index, follow, max-snippet:-1, max-image-preview:large, max-video-preview:-1\" \/>\n<link rel=\"canonical\" href=\"https:\/\/glareone.eu\/pl\/letnie-meetingi-fotograficzne-regulamin-konkursu\/\" \/>\n<meta property=\"og:locale\" content=\"pl_PL\" \/>\n<meta property=\"og:type\" content=\"article\" \/>\n<meta property=\"og:title\" content=\"Letnie Meetingi Fotograficzne - regulamin konkursu - GlareOne\" \/>\n<meta property=\"og:description\" content=\"Do\u0142\u0105cz do nas na Letnich Meetingach Fotograficznych \u2014 ca\u0142odniowym wydarzeniu, kt\u00f3re odb\u0119dzie si\u0119 w a\u017c 9 miastach w ca\u0142ej Polsce!\" \/>\n<meta property=\"og:url\" content=\"https:\/\/glareone.eu\/pl\/letnie-meetingi-fotograficzne-regulamin-konkursu\/\" \/>\n<meta property=\"og:site_name\" content=\"GlareOne\" \/>\n<meta property=\"article:publisher\" content=\"https:\/\/www.facebook.com\/GlareOneLighting\" \/>\n<meta property=\"article:modified_time\" content=\"2026-04-29T13:41:57+00:00\" \/>\n<meta name=\"twitter:card\" content=\"summary_large_image\" \/>\n<meta name=\"twitter:label1\" content=\"Szacowany czas czytania\" \/>\n\t<meta name=\"twitter:data1\" content=\"3 minuty\" \/>\n<script type=\"application\/ld+json\" class=\"yoast-schema-graph\">{\"@context\":\"https:\\\/\\\/schema.org\",\"@graph\":[{\"@type\":\"WebPage\",\"@id\":\"https:\\\/\\\/glareone.eu\\\/pl\\\/letnie-meetingi-fotograficzne-regulamin-konkursu\\\/\",\"url\":\"https:\\\/\\\/glareone.eu\\\/pl\\\/letnie-meetingi-fotograficzne-regulamin-konkursu\\\/\",\"name\":\"Letnie Meetingi Fotograficzne - regulamin konkursu - GlareOne\",\"isPartOf\":{\"@id\":\"https:\\\/\\\/glareone.eu\\\/pl\\\/en\\\/#website\"},\"datePublished\":\"2025-07-08T09:05:19+00:00\",\"dateModified\":\"2026-04-29T13:41:57+00:00\",\"description\":\"Do\u0142\u0105cz do nas na Letnich Meetingach Fotograficznych \u2014 ca\u0142odniowym wydarzeniu, kt\u00f3re odb\u0119dzie si\u0119 w a\u017c 9 miastach w ca\u0142ej Polsce!\",\"breadcrumb\":{\"@id\":\"https:\\\/\\\/glareone.eu\\\/pl\\\/letnie-meetingi-fotograficzne-regulamin-konkursu\\\/#breadcrumb\"},\"inLanguage\":\"pl-PL\",\"potentialAction\":[{\"@type\":\"ReadAction\",\"target\":[\"https:\\\/\\\/glareone.eu\\\/pl\\\/letnie-meetingi-fotograficzne-regulamin-konkursu\\\/\"]}]},{\"@type\":\"BreadcrumbList\",\"@id\":\"https:\\\/\\\/glareone.eu\\\/pl\\\/letnie-meetingi-fotograficzne-regulamin-konkursu\\\/#breadcrumb\",\"itemListElement\":[{\"@type\":\"ListItem\",\"position\":1,\"name\":\"Strona g\u0142\u00f3wna\",\"item\":\"https:\\\/\\\/glareone.eu\\\/pl\\\/\"},{\"@type\":\"ListItem\",\"position\":2,\"name\":\"Letnie Meetingi Fotograficzne &#8211; regulamin konkursu\"}]},{\"@type\":\"WebSite\",\"@id\":\"https:\\\/\\\/glareone.eu\\\/pl\\\/en\\\/#website\",\"url\":\"https:\\\/\\\/glareone.eu\\\/pl\\\/en\\\/\",\"name\":\"GlareOne\",\"description\":\"Wyposa\u017cenie Studia\",\"publisher\":{\"@id\":\"https:\\\/\\\/glareone.eu\\\/pl\\\/en\\\/#organization\"},\"potentialAction\":[{\"@type\":\"SearchAction\",\"target\":{\"@type\":\"EntryPoint\",\"urlTemplate\":\"https:\\\/\\\/glareone.eu\\\/pl\\\/en\\\/?s={search_term_string}\"},\"query-input\":{\"@type\":\"PropertyValueSpecification\",\"valueRequired\":true,\"valueName\":\"search_term_string\"}}],\"inLanguage\":\"pl-PL\"},{\"@type\":\"Organization\",\"@id\":\"https:\\\/\\\/glareone.eu\\\/pl\\\/en\\\/#organization\",\"name\":\"GlareOne\",\"url\":\"https:\\\/\\\/glareone.eu\\\/pl\\\/en\\\/\",\"logo\":{\"@type\":\"ImageObject\",\"inLanguage\":\"pl-PL\",\"@id\":\"https:\\\/\\\/glareone.eu\\\/pl\\\/en\\\/#\\\/schema\\\/logo\\\/image\\\/\",\"url\":\"http:\\\/\\\/glareone.eu\\\/wp-content\\\/uploads\\\/2024\\\/05\\\/glareone_logo2020_RGB-01-e1715773127189.png\",\"contentUrl\":\"http:\\\/\\\/glareone.eu\\\/wp-content\\\/uploads\\\/2024\\\/05\\\/glareone_logo2020_RGB-01-e1715773127189.png\",\"width\":1270,\"height\":321,\"caption\":\"GlareOne\"},\"image\":{\"@id\":\"https:\\\/\\\/glareone.eu\\\/pl\\\/en\\\/#\\\/schema\\\/logo\\\/image\\\/\"},\"sameAs\":[\"https:\\\/\\\/www.facebook.com\\\/GlareOneLighting\",\"https:\\\/\\\/www.instagram.com\\\/glareonelighting\\\/\",\"https:\\\/\\\/www.youtube.com\\\/@GlareOneTV\"]}]}<\/script>\n<!-- \/ Yoast SEO plugin. -->","yoast_head_json":{"title":"Letnie Meetingi Fotograficzne - regulamin konkursu - GlareOne","description":"Do\u0142\u0105cz do nas na Letnich Meetingach Fotograficznych \u2014 ca\u0142odniowym wydarzeniu, kt\u00f3re odb\u0119dzie si\u0119 w a\u017c 9 miastach w ca\u0142ej Polsce!","robots":{"index":"index","follow":"follow","max-snippet":"max-snippet:-1","max-image-preview":"max-image-preview:large","max-video-preview":"max-video-preview:-1"},"canonical":"https:\/\/glareone.eu\/pl\/letnie-meetingi-fotograficzne-regulamin-konkursu\/","og_locale":"pl_PL","og_type":"article","og_title":"Letnie Meetingi Fotograficzne - regulamin konkursu - GlareOne","og_description":"Do\u0142\u0105cz do nas na Letnich Meetingach Fotograficznych \u2014 ca\u0142odniowym wydarzeniu, kt\u00f3re odb\u0119dzie si\u0119 w a\u017c 9 miastach w ca\u0142ej Polsce!","og_url":"https:\/\/glareone.eu\/pl\/letnie-meetingi-fotograficzne-regulamin-konkursu\/","og_site_name":"GlareOne","article_publisher":"https:\/\/www.facebook.com\/GlareOneLighting","article_modified_time":"2026-04-29T13:41:57+00:00","twitter_card":"summary_large_image","twitter_misc":{"Szacowany czas czytania":"3 minuty"},"schema":{"@context":"https:\/\/schema.org","@graph":[{"@type":"WebPage","@id":"https:\/\/glareone.eu\/pl\/letnie-meetingi-fotograficzne-regulamin-konkursu\/","url":"https:\/\/glareone.eu\/pl\/letnie-meetingi-fotograficzne-regulamin-konkursu\/","name":"Letnie Meetingi Fotograficzne - regulamin konkursu - GlareOne","isPartOf":{"@id":"https:\/\/glareone.eu\/pl\/en\/#website"},"datePublished":"2025-07-08T09:05:19+00:00","dateModified":"2026-04-29T13:41:57+00:00","description":"Do\u0142\u0105cz do nas na Letnich Meetingach Fotograficznych \u2014 ca\u0142odniowym wydarzeniu, kt\u00f3re odb\u0119dzie si\u0119 w a\u017c 9 miastach w ca\u0142ej Polsce!","breadcrumb":{"@id":"https:\/\/glareone.eu\/pl\/letnie-meetingi-fotograficzne-regulamin-konkursu\/#breadcrumb"},"inLanguage":"pl-PL","potentialAction":[{"@type":"ReadAction","target":["https:\/\/glareone.eu\/pl\/letnie-meetingi-fotograficzne-regulamin-konkursu\/"]}]},{"@type":"BreadcrumbList","@id":"https:\/\/glareone.eu\/pl\/letnie-meetingi-fotograficzne-regulamin-konkursu\/#breadcrumb","itemListElement":[{"@type":"ListItem","position":1,"name":"Strona g\u0142\u00f3wna","item":"https:\/\/glareone.eu\/pl\/"},{"@type":"ListItem","position":2,"name":"Letnie Meetingi Fotograficzne &#8211; regulamin konkursu"}]},{"@type":"WebSite","@id":"https:\/\/glareone.eu\/pl\/en\/#website","url":"https:\/\/glareone.eu\/pl\/en\/","name":"GlareOne","description":"Wyposa\u017cenie Studia","publisher":{"@id":"https:\/\/glareone.eu\/pl\/en\/#organization"},"potentialAction":[{"@type":"SearchAction","target":{"@type":"EntryPoint","urlTemplate":"https:\/\/glareone.eu\/pl\/en\/?s={search_term_string}"},"query-input":{"@type":"PropertyValueSpecification","valueRequired":true,"valueName":"search_term_string"}}],"inLanguage":"pl-PL"},{"@type":"Organization","@id":"https:\/\/glareone.eu\/pl\/en\/#organization","name":"GlareOne","url":"https:\/\/glareone.eu\/pl\/en\/","logo":{"@type":"ImageObject","inLanguage":"pl-PL","@id":"https:\/\/glareone.eu\/pl\/en\/#\/schema\/logo\/image\/","url":"http:\/\/glareone.eu\/wp-content\/uploads\/2024\/05\/glareone_logo2020_RGB-01-e1715773127189.png","contentUrl":"http:\/\/glareone.eu\/wp-content\/uploads\/2024\/05\/glareone_logo2020_RGB-01-e1715773127189.png","width":1270,"height":321,"caption":"GlareOne"},"image":{"@id":"https:\/\/glareone.eu\/pl\/en\/#\/schema\/logo\/image\/"},"sameAs":["https:\/\/www.facebook.com\/GlareOneLighting","https:\/\/www.instagram.com\/glareonelighting\/","https:\/\/www.youtube.com\/@GlareOneTV"]}]}},"_links":{"self":[{"href":"https:\/\/glareone.eu\/pl\/wp-json\/wp\/v2\/pages\/20070","targetHints":{"allow":["GET"]}}],"collection":[{"href":"https:\/\/glareone.eu\/pl\/wp-json\/wp\/v2\/pages"}],"about":[{"href":"https:\/\/glareone.eu\/pl\/wp-json\/wp\/v2\/types\/page"}],"author":[{"embeddable":true,"href":"https:\/\/glareone.eu\/pl\/wp-json\/wp\/v2\/users\/4"}],"replies":[{"embeddable":true,"href":"https:\/\/glareone.eu\/pl\/wp-json\/wp\/v2\/comments?post=20070"}],"version-history":[{"count":6,"href":"https:\/\/glareone.eu\/pl\/wp-json\/wp\/v2\/pages\/20070\/revisions"}],"predecessor-version":[{"id":24710,"href":"https:\/\/glareone.eu\/pl\/wp-json\/wp\/v2\/pages\/20070\/revisions\/24710"}],"wp:attachment":[{"href":"https:\/\/glareone.eu\/pl\/wp-json\/wp\/v2\/media?parent=20070"}],"curies":[{"name":"wp","href":"https:\/\/api.w.org\/{rel}","templated":true}]}}