{"id":19217,"date":"2025-06-05T08:54:14","date_gmt":"2025-06-05T08:54:14","guid":{"rendered":"https:\/\/glareone.eu\/?page_id=19217"},"modified":"2025-06-05T10:39:30","modified_gmt":"2025-06-05T10:39:30","slug":"tomasz-obluski","status":"publish","type":"page","link":"https:\/\/glareone.eu\/pl\/letnie-meetingi-fotograficzne\/tomasz-obluski\/","title":{"rendered":"Tomasz Ob\u0142uski"},"content":{"rendered":"<div  class='flex_column av-22hxm58-058959377ed11804b95e0b3ff1baffba av_one_full  avia-builder-el-0  el_before_av_two_third  avia-builder-el-first  first flex_column_div  '     ><style type=\"text\/css\" data-created_by=\"avia_inline_auto\" id=\"style-css-av-mbiynlam-386752c41445e1081ecf89ff8e414299\">\n#top .av-special-heading.av-mbiynlam-386752c41445e1081ecf89ff8e414299{\npadding-bottom:10px;\n}\nbody .av-special-heading.av-mbiynlam-386752c41445e1081ecf89ff8e414299 .av-special-heading-tag .heading-char{\nfont-size:25px;\n}\n.av-special-heading.av-mbiynlam-386752c41445e1081ecf89ff8e414299 .av-subheading{\nfont-size:15px;\n}\n<\/style>\n<div  class='av-special-heading av-mbiynlam-386752c41445e1081ecf89ff8e414299 av-special-heading-h1 blockquote modern-quote modern-centered  avia-builder-el-1  avia-builder-el-no-sibling '><h1 class='av-special-heading-tag'  itemprop=\"headline\"  >Tomasz Ob\u0142uski<\/h1><div class=\"special-heading-border\"><div class=\"special-heading-inner-border\"><\/div><\/div><\/div><\/div>\n<div  class='flex_column av-1jbcxks-aa36561b460cb54a6fb8c48ed1b9a97a av_two_third  avia-builder-el-2  el_after_av_one_full  el_before_av_one_third  first flex_column_div  column-top-margin'     ><style type=\"text\/css\" data-created_by=\"avia_inline_auto\" id=\"style-css-av-mbiyo1gg-2a80fe93fa85c5fb5d528f84214cac30\">\n#top .av_textblock_section.av-mbiyo1gg-2a80fe93fa85c5fb5d528f84214cac30 .avia_textblock{\nfont-size:20px;\n}\n<\/style>\n<section  class='av_textblock_section av-mbiyo1gg-2a80fe93fa85c5fb5d528f84214cac30 '   itemscope=\"itemscope\" itemtype=\"https:\/\/schema.org\/CreativeWork\" ><div class='avia_textblock'  itemprop=\"text\" ><p style=\"text-align: center;\"><span style=\"font-weight: 400;\">Tomasz Ob\u0142uski jest specjalist\u0105 ds. wsparcia technicznego w firmie Alstor, odpowiedzialnym za obs\u0142ug\u0119 klient\u00f3w korzystaj\u0105cych z produkt\u00f3w marki EIZO. Z firm\u0105 zwi\u0105zany jest od 1995 roku, kiedy rozpocz\u0105\u0142 prac\u0119 w serwisie, kt\u00f3rym kieruje do dzi\u015b. Z wykszta\u0142cenia elektronik, z zami\u0142owania podr\u00f3\u017cnik i fotograf. Prowadzi szkolenia z zarz\u0105dzania kolorem dla bran\u017cy fotograficznej i DTP, dziel\u0105c si\u0119 swoj\u0105 wiedz\u0105 i do\u015bwiadczeniem na licznych warsztatach i wydarzeniach bran\u017cowych.<\/span><\/p>\n<\/div><\/section><\/div><div  class='flex_column av-av_one_third-feecfcc73494c68bb0d1632d1d5c38ae av_one_third  avia-builder-el-4  el_after_av_two_third  el_before_av_one_full  flex_column_div  column-top-margin'     ><style type=\"text\/css\" data-created_by=\"avia_inline_auto\" id=\"style-css-av-mbj8tkuy-e2bbc78a10f1fb56e7dcaf36f6e4b8b0\">\n.avia-image-container.av-mbj8tkuy-e2bbc78a10f1fb56e7dcaf36f6e4b8b0 img.avia_image{\nbox-shadow:none;\n}\n.avia-image-container.av-mbj8tkuy-e2bbc78a10f1fb56e7dcaf36f6e4b8b0 .av-image-caption-overlay-center{\ncolor:#ffffff;\n}\n<\/style>\n<div  class='avia-image-container av-mbj8tkuy-e2bbc78a10f1fb56e7dcaf36f6e4b8b0 av-styling- avia-align-center  avia-builder-el-5  avia-builder-el-no-sibling '   itemprop=\"image\" itemscope=\"itemscope\" itemtype=\"https:\/\/schema.org\/ImageObject\" ><div class=\"avia-image-container-inner\"><div class=\"avia-image-overlay-wrap\"><img decoding=\"async\" fetchpriority=\"high\" class='wp-image-19218 avia-img-lazy-loading-not-19218 avia_image ' src=\"https:\/\/glareone.eu\/wp-content\/uploads\/2025\/06\/Tomasz-Obluski-scaled.jpg\" alt='' title='Fotograf'  height=\"2560\" width=\"1920\"  itemprop=\"thumbnailUrl\" srcset=\"https:\/\/glareone.eu\/wp-content\/uploads\/2025\/06\/Tomasz-Obluski-scaled.jpg 1920w, https:\/\/glareone.eu\/wp-content\/uploads\/2025\/06\/Tomasz-Obluski-225x300.jpg 225w, https:\/\/glareone.eu\/wp-content\/uploads\/2025\/06\/Tomasz-Obluski-772x1030.jpg 772w, https:\/\/glareone.eu\/wp-content\/uploads\/2025\/06\/Tomasz-Obluski-768x1024.jpg 768w, https:\/\/glareone.eu\/wp-content\/uploads\/2025\/06\/Tomasz-Obluski-1152x1536.jpg 1152w, https:\/\/glareone.eu\/wp-content\/uploads\/2025\/06\/Tomasz-Obluski-1536x2048.jpg 1536w, https:\/\/glareone.eu\/wp-content\/uploads\/2025\/06\/Tomasz-Obluski-1125x1500.jpg 1125w, https:\/\/glareone.eu\/wp-content\/uploads\/2025\/06\/Tomasz-Obluski-529x705.jpg 529w, https:\/\/glareone.eu\/wp-content\/uploads\/2025\/06\/Tomasz-Obluski-450x600.jpg 450w, https:\/\/glareone.eu\/wp-content\/uploads\/2025\/06\/Tomasz-Obluski-600x800.jpg 600w\" sizes=\"(max-width: 1920px) 100vw, 1920px\" \/><\/div><\/div><\/div><\/div><div  class='flex_column av-kzf769-a35e83522ed24a03d0401b45697413c5 av_one_full  avia-builder-el-6  el_after_av_one_third  avia-builder-el-last  first flex_column_div  column-top-margin'     ><div  class='avia-button-wrap av-mbj5sxsk-61c67e23ac4ba8d6774628f96fc7faa8-wrap avia-button-center  avia-builder-el-7  avia-builder-el-no-sibling '>\n<style type=\"text\/css\" data-created_by=\"avia_inline_auto\" id=\"style-css-av-mbj5sxsk-61c67e23ac4ba8d6774628f96fc7faa8\">\n#top #wrap_all .avia-button.av-mbj5sxsk-61c67e23ac4ba8d6774628f96fc7faa8{\nfont-size:18px;\ntransition:all 0.4s ease-in-out;\n}\n<\/style>\n<a href='https:\/\/glareone.eu\/pl\/letnie-meetingi-fotograficzne\/'  class='avia-button av-mbj5sxsk-61c67e23ac4ba8d6774628f96fc7faa8 av-link-btn avia-icon_select-yes-left-icon avia-size-x-large avia-position-center avia-color-theme-color'  ><span class='avia_button_icon avia_button_icon_left' aria-hidden='true' data-av_icon='\ue830' data-av_iconfont='entypo-fontello'><\/span><span class='avia_iconbox_title' >Wr\u00f3\u0107 do poprzedniej strony<\/span><\/a><\/div><\/div><\/p>\n","protected":false},"excerpt":{"rendered":"","protected":false},"author":4,"featured_media":0,"parent":18785,"menu_order":0,"comment_status":"closed","ping_status":"closed","template":"","meta":{"footnotes":""},"class_list":["post-19217","page","type-page","status-publish","hentry"],"yoast_head":"<!-- This site is optimized with the Yoast SEO plugin v27.4 - https:\/\/yoast.com\/product\/yoast-seo-wordpress\/ -->\n<title>Tomasz Ob\u0142uski - GlareOne<\/title>\n<meta name=\"robots\" content=\"index, follow, max-snippet:-1, max-image-preview:large, max-video-preview:-1\" \/>\n<link rel=\"canonical\" href=\"https:\/\/glareone.eu\/pl\/letnie-meetingi-fotograficzne\/tomasz-obluski\/\" \/>\n<meta property=\"og:locale\" content=\"pl_PL\" \/>\n<meta property=\"og:type\" content=\"article\" \/>\n<meta property=\"og:title\" content=\"Tomasz Ob\u0142uski - GlareOne\" \/>\n<meta property=\"og:url\" content=\"https:\/\/glareone.eu\/pl\/letnie-meetingi-fotograficzne\/tomasz-obluski\/\" \/>\n<meta property=\"og:site_name\" content=\"GlareOne\" \/>\n<meta property=\"article:publisher\" content=\"https:\/\/www.facebook.com\/GlareOneLighting\" \/>\n<meta property=\"article:modified_time\" content=\"2025-06-05T10:39:30+00:00\" \/>\n<meta name=\"twitter:card\" content=\"summary_large_image\" \/>\n<meta name=\"twitter:label1\" content=\"Szacowany czas czytania\" \/>\n\t<meta name=\"twitter:data1\" content=\"1 minuta\" \/>\n<script type=\"application\/ld+json\" class=\"yoast-schema-graph\">{\"@context\":\"https:\\\/\\\/schema.org\",\"@graph\":[{\"@type\":\"WebPage\",\"@id\":\"https:\\\/\\\/glareone.eu\\\/pl\\\/letnie-meetingi-fotograficzne\\\/tomasz-obluski\\\/\",\"url\":\"https:\\\/\\\/glareone.eu\\\/pl\\\/letnie-meetingi-fotograficzne\\\/tomasz-obluski\\\/\",\"name\":\"Tomasz Ob\u0142uski - GlareOne\",\"isPartOf\":{\"@id\":\"https:\\\/\\\/glareone.eu\\\/pl\\\/en\\\/#website\"},\"datePublished\":\"2025-06-05T08:54:14+00:00\",\"dateModified\":\"2025-06-05T10:39:30+00:00\",\"breadcrumb\":{\"@id\":\"https:\\\/\\\/glareone.eu\\\/pl\\\/letnie-meetingi-fotograficzne\\\/tomasz-obluski\\\/#breadcrumb\"},\"inLanguage\":\"pl-PL\",\"potentialAction\":[{\"@type\":\"ReadAction\",\"target\":[\"https:\\\/\\\/glareone.eu\\\/pl\\\/letnie-meetingi-fotograficzne\\\/tomasz-obluski\\\/\"]}]},{\"@type\":\"BreadcrumbList\",\"@id\":\"https:\\\/\\\/glareone.eu\\\/pl\\\/letnie-meetingi-fotograficzne\\\/tomasz-obluski\\\/#breadcrumb\",\"itemListElement\":[{\"@type\":\"ListItem\",\"position\":1,\"name\":\"Strona g\u0142\u00f3wna\",\"item\":\"https:\\\/\\\/glareone.eu\\\/pl\\\/\"},{\"@type\":\"ListItem\",\"position\":2,\"name\":\"Letnie Meetingi Fotograficzne\",\"item\":\"https:\\\/\\\/glareone.eu\\\/pl\\\/letnie-meetingi-fotograficzne\\\/\"},{\"@type\":\"ListItem\",\"position\":3,\"name\":\"Tomasz Ob\u0142uski\"}]},{\"@type\":\"WebSite\",\"@id\":\"https:\\\/\\\/glareone.eu\\\/pl\\\/en\\\/#website\",\"url\":\"https:\\\/\\\/glareone.eu\\\/pl\\\/en\\\/\",\"name\":\"GlareOne\",\"description\":\"Wyposa\u017cenie Studia\",\"publisher\":{\"@id\":\"https:\\\/\\\/glareone.eu\\\/pl\\\/en\\\/#organization\"},\"potentialAction\":[{\"@type\":\"SearchAction\",\"target\":{\"@type\":\"EntryPoint\",\"urlTemplate\":\"https:\\\/\\\/glareone.eu\\\/pl\\\/en\\\/?s={search_term_string}\"},\"query-input\":{\"@type\":\"PropertyValueSpecification\",\"valueRequired\":true,\"valueName\":\"search_term_string\"}}],\"inLanguage\":\"pl-PL\"},{\"@type\":\"Organization\",\"@id\":\"https:\\\/\\\/glareone.eu\\\/pl\\\/en\\\/#organization\",\"name\":\"GlareOne\",\"url\":\"https:\\\/\\\/glareone.eu\\\/pl\\\/en\\\/\",\"logo\":{\"@type\":\"ImageObject\",\"inLanguage\":\"pl-PL\",\"@id\":\"https:\\\/\\\/glareone.eu\\\/pl\\\/en\\\/#\\\/schema\\\/logo\\\/image\\\/\",\"url\":\"http:\\\/\\\/glareone.eu\\\/wp-content\\\/uploads\\\/2024\\\/05\\\/glareone_logo2020_RGB-01-e1715773127189.png\",\"contentUrl\":\"http:\\\/\\\/glareone.eu\\\/wp-content\\\/uploads\\\/2024\\\/05\\\/glareone_logo2020_RGB-01-e1715773127189.png\",\"width\":1270,\"height\":321,\"caption\":\"GlareOne\"},\"image\":{\"@id\":\"https:\\\/\\\/glareone.eu\\\/pl\\\/en\\\/#\\\/schema\\\/logo\\\/image\\\/\"},\"sameAs\":[\"https:\\\/\\\/www.facebook.com\\\/GlareOneLighting\",\"https:\\\/\\\/www.instagram.com\\\/glareonelighting\\\/\",\"https:\\\/\\\/www.youtube.com\\\/@GlareOneTV\"]}]}<\/script>\n<!-- \/ Yoast SEO plugin. -->","yoast_head_json":{"title":"Tomasz Ob\u0142uski - GlareOne","robots":{"index":"index","follow":"follow","max-snippet":"max-snippet:-1","max-image-preview":"max-image-preview:large","max-video-preview":"max-video-preview:-1"},"canonical":"https:\/\/glareone.eu\/pl\/letnie-meetingi-fotograficzne\/tomasz-obluski\/","og_locale":"pl_PL","og_type":"article","og_title":"Tomasz Ob\u0142uski - GlareOne","og_url":"https:\/\/glareone.eu\/pl\/letnie-meetingi-fotograficzne\/tomasz-obluski\/","og_site_name":"GlareOne","article_publisher":"https:\/\/www.facebook.com\/GlareOneLighting","article_modified_time":"2025-06-05T10:39:30+00:00","twitter_card":"summary_large_image","twitter_misc":{"Szacowany czas czytania":"1 minuta"},"schema":{"@context":"https:\/\/schema.org","@graph":[{"@type":"WebPage","@id":"https:\/\/glareone.eu\/pl\/letnie-meetingi-fotograficzne\/tomasz-obluski\/","url":"https:\/\/glareone.eu\/pl\/letnie-meetingi-fotograficzne\/tomasz-obluski\/","name":"Tomasz Ob\u0142uski - GlareOne","isPartOf":{"@id":"https:\/\/glareone.eu\/pl\/en\/#website"},"datePublished":"2025-06-05T08:54:14+00:00","dateModified":"2025-06-05T10:39:30+00:00","breadcrumb":{"@id":"https:\/\/glareone.eu\/pl\/letnie-meetingi-fotograficzne\/tomasz-obluski\/#breadcrumb"},"inLanguage":"pl-PL","potentialAction":[{"@type":"ReadAction","target":["https:\/\/glareone.eu\/pl\/letnie-meetingi-fotograficzne\/tomasz-obluski\/"]}]},{"@type":"BreadcrumbList","@id":"https:\/\/glareone.eu\/pl\/letnie-meetingi-fotograficzne\/tomasz-obluski\/#breadcrumb","itemListElement":[{"@type":"ListItem","position":1,"name":"Strona g\u0142\u00f3wna","item":"https:\/\/glareone.eu\/pl\/"},{"@type":"ListItem","position":2,"name":"Letnie Meetingi Fotograficzne","item":"https:\/\/glareone.eu\/pl\/letnie-meetingi-fotograficzne\/"},{"@type":"ListItem","position":3,"name":"Tomasz Ob\u0142uski"}]},{"@type":"WebSite","@id":"https:\/\/glareone.eu\/pl\/en\/#website","url":"https:\/\/glareone.eu\/pl\/en\/","name":"GlareOne","description":"Wyposa\u017cenie Studia","publisher":{"@id":"https:\/\/glareone.eu\/pl\/en\/#organization"},"potentialAction":[{"@type":"SearchAction","target":{"@type":"EntryPoint","urlTemplate":"https:\/\/glareone.eu\/pl\/en\/?s={search_term_string}"},"query-input":{"@type":"PropertyValueSpecification","valueRequired":true,"valueName":"search_term_string"}}],"inLanguage":"pl-PL"},{"@type":"Organization","@id":"https:\/\/glareone.eu\/pl\/en\/#organization","name":"GlareOne","url":"https:\/\/glareone.eu\/pl\/en\/","logo":{"@type":"ImageObject","inLanguage":"pl-PL","@id":"https:\/\/glareone.eu\/pl\/en\/#\/schema\/logo\/image\/","url":"http:\/\/glareone.eu\/wp-content\/uploads\/2024\/05\/glareone_logo2020_RGB-01-e1715773127189.png","contentUrl":"http:\/\/glareone.eu\/wp-content\/uploads\/2024\/05\/glareone_logo2020_RGB-01-e1715773127189.png","width":1270,"height":321,"caption":"GlareOne"},"image":{"@id":"https:\/\/glareone.eu\/pl\/en\/#\/schema\/logo\/image\/"},"sameAs":["https:\/\/www.facebook.com\/GlareOneLighting","https:\/\/www.instagram.com\/glareonelighting\/","https:\/\/www.youtube.com\/@GlareOneTV"]}]}},"_links":{"self":[{"href":"https:\/\/glareone.eu\/pl\/wp-json\/wp\/v2\/pages\/19217","targetHints":{"allow":["GET"]}}],"collection":[{"href":"https:\/\/glareone.eu\/pl\/wp-json\/wp\/v2\/pages"}],"about":[{"href":"https:\/\/glareone.eu\/pl\/wp-json\/wp\/v2\/types\/page"}],"author":[{"embeddable":true,"href":"https:\/\/glareone.eu\/pl\/wp-json\/wp\/v2\/users\/4"}],"replies":[{"embeddable":true,"href":"https:\/\/glareone.eu\/pl\/wp-json\/wp\/v2\/comments?post=19217"}],"version-history":[{"count":4,"href":"https:\/\/glareone.eu\/pl\/wp-json\/wp\/v2\/pages\/19217\/revisions"}],"predecessor-version":[{"id":19432,"href":"https:\/\/glareone.eu\/pl\/wp-json\/wp\/v2\/pages\/19217\/revisions\/19432"}],"up":[{"embeddable":true,"href":"https:\/\/glareone.eu\/pl\/wp-json\/wp\/v2\/pages\/18785"}],"wp:attachment":[{"href":"https:\/\/glareone.eu\/pl\/wp-json\/wp\/v2\/media?parent=19217"}],"curies":[{"name":"wp","href":"https:\/\/api.w.org\/{rel}","templated":true}]}}