{"id":18785,"date":"2025-06-04T10:49:49","date_gmt":"2025-06-04T10:49:49","guid":{"rendered":"https:\/\/glareone.eu\/?page_id=18785"},"modified":"2026-04-30T12:06:16","modified_gmt":"2026-04-30T12:06:16","slug":"letnie-meetingi-fotograficzne","status":"publish","type":"page","link":"https:\/\/glareone.eu\/pl\/letnie-meetingi-fotograficzne\/","title":{"rendered":"Letnie Meetingi Fotograficzne"},"content":{"rendered":"<div  class='flex_column av-atsw8x-ebfc82a869d86dc8d645fc45daf47a47 av_one_full  avia-builder-el-0  el_before_av_one_full  avia-builder-el-first  first flex_column_div  '     ><section  class='av_textblock_section av-mbhv200j-b54190fbed1dcc9d89d8e95291aadc63 '   itemscope=\"itemscope\" itemtype=\"https:\/\/schema.org\/CreativeWork\" ><div class='avia_textblock'  itemprop=\"text\" ><h1 style=\"text-align: center;\"><b>Letnie Meetingi Fotograficzne <\/b><\/h1>\n<h3 style=\"text-align: center;\">Twoja letnia dawka inspiracji i fotograficznej pasji w 10 miastach!<b><br \/>\n<\/b><\/h3>\n<\/div><\/section><\/div>\n<div  class='flex_column av-vfhufvl-84098cd1377a09d97fbac173cac256bb av_one_full  avia-builder-el-2  el_after_av_one_full  el_before_av_one_full  first flex_column_div  column-top-margin'     ><style type=\"text\/css\" data-created_by=\"avia_inline_auto\" id=\"style-css-av-mbhs8w5f-ff89db8167657ab47a9733c7264637a0\">\n.avia-image-container.av-mbhs8w5f-ff89db8167657ab47a9733c7264637a0 img.avia_image{\nbox-shadow:none;\n}\n.avia-image-container.av-mbhs8w5f-ff89db8167657ab47a9733c7264637a0 .av-image-caption-overlay-center{\ncolor:#ffffff;\n}\n<\/style>\n<div  class='avia-image-container av-mbhs8w5f-ff89db8167657ab47a9733c7264637a0 av-styling- avia-align-center  avia-builder-el-3  avia-builder-el-no-sibling '   itemprop=\"image\" itemscope=\"itemscope\" itemtype=\"https:\/\/schema.org\/ImageObject\" ><div class=\"avia-image-container-inner\"><div class=\"avia-image-overlay-wrap\"><img decoding=\"async\" fetchpriority=\"high\" class='wp-image-24455 avia-img-lazy-loading-not-24455 avia_image ' src=\"https:\/\/glareone.eu\/wp-content\/uploads\/2026\/04\/letnie-meetingi-fotograficzne-2026-1920x960-1.jpg\" alt='' title='letnie meetingi fotograficzne 2026 1920x960'  height=\"960\" width=\"1920\"  itemprop=\"thumbnailUrl\" srcset=\"https:\/\/glareone.eu\/wp-content\/uploads\/2026\/04\/letnie-meetingi-fotograficzne-2026-1920x960-1.jpg 1920w, https:\/\/glareone.eu\/wp-content\/uploads\/2026\/04\/letnie-meetingi-fotograficzne-2026-1920x960-1-300x150.jpg 300w, https:\/\/glareone.eu\/wp-content\/uploads\/2026\/04\/letnie-meetingi-fotograficzne-2026-1920x960-1-1030x515.jpg 1030w, https:\/\/glareone.eu\/wp-content\/uploads\/2026\/04\/letnie-meetingi-fotograficzne-2026-1920x960-1-768x384.jpg 768w, https:\/\/glareone.eu\/wp-content\/uploads\/2026\/04\/letnie-meetingi-fotograficzne-2026-1920x960-1-1536x768.jpg 1536w, https:\/\/glareone.eu\/wp-content\/uploads\/2026\/04\/letnie-meetingi-fotograficzne-2026-1920x960-1-1500x750.jpg 1500w, https:\/\/glareone.eu\/wp-content\/uploads\/2026\/04\/letnie-meetingi-fotograficzne-2026-1920x960-1-705x353.jpg 705w, https:\/\/glareone.eu\/wp-content\/uploads\/2026\/04\/letnie-meetingi-fotograficzne-2026-1920x960-1-450x225.jpg 450w, https:\/\/glareone.eu\/wp-content\/uploads\/2026\/04\/letnie-meetingi-fotograficzne-2026-1920x960-1-600x300.jpg 600w\" sizes=\"(max-width: 1920px) 100vw, 1920px\" \/><\/div><\/div><\/div><\/div>\n<div  class='flex_column av-uk8tr6p-9b5a4845053a7a9993a972fe28933731 av_one_full  avia-builder-el-4  el_after_av_one_full  el_before_av_one_full  first flex_column_div  column-top-margin'     ><style type=\"text\/css\" data-created_by=\"avia_inline_auto\" id=\"style-css-av-mbhriu1o-6143caa3f8fcf140827a48dcba91fbac\">\n#top .av_textblock_section.av-mbhriu1o-6143caa3f8fcf140827a48dcba91fbac .avia_textblock{\nfont-size:22px;\n}\n<\/style>\n<section  class='av_textblock_section av-mbhriu1o-6143caa3f8fcf140827a48dcba91fbac '   itemscope=\"itemscope\" itemtype=\"https:\/\/schema.org\/CreativeWork\" ><div class='avia_textblock'  itemprop=\"text\" ><p style=\"text-align: center;\">Marzysz o wyj\u0105tkowym dniu pe\u0142nym fotografii, kreatywnych spotka\u0144 i praktycznej wiedzy? Chcesz pozna\u0107 cenionych mistrz\u00f3w i ekspert\u00f3w fotografii?\u00a0Chcesz rozwija\u0107 sw\u00f3j warsztat, pozna\u0107 najnowszy sprz\u0119t i uchwyci\u0107 magi\u0119 \u015bwiat\u0142a w wyj\u0105tkowej atmosferze?<\/p>\n<p style=\"text-align: center;\"><strong>Do\u0142\u0105cz do nas na Letnich Meetingach Fotograficznych<\/strong><\/p>\n<p style=\"text-align: center;\">\u2013 ca\u0142odniowych wydarzeniach, kt\u00f3re odb\u0119d\u0105 si\u0119 w a\u017c 10 miastach w ca\u0142ej Polsce!<\/p>\n<\/div><\/section><br \/>\n\n<style type=\"text\/css\" data-created_by=\"avia_inline_auto\" id=\"style-css-av-mbhslsqv-57e9b7ada97d0ba68d70f37a01a384f9\">\n#top .hr.hr-invisible.av-mbhslsqv-57e9b7ada97d0ba68d70f37a01a384f9{\nheight:20px;\n}\n<\/style>\n<div  class='hr av-mbhslsqv-57e9b7ada97d0ba68d70f37a01a384f9 hr-invisible  avia-builder-el-6  el_after_av_textblock  el_before_av_button '><span class='hr-inner '><span class=\"hr-inner-style\"><\/span><\/span><\/div><br \/>\n<div  class='avia-button-wrap av-mnygx4rk-061168aaa2e9078103fb7500b4b7ea97-wrap avia-button-center  avia-builder-el-7  el_after_av_hr  el_before_av_hr '>\n<style type=\"text\/css\" data-created_by=\"avia_inline_auto\" id=\"style-css-av-mnygx4rk-061168aaa2e9078103fb7500b4b7ea97\">\n#top #wrap_all .avia-button.av-mnygx4rk-061168aaa2e9078103fb7500b4b7ea97{\nfont-size:14px;\nborder-style:solid;\nborder-radius:0 0 0 0;\ntransition:all 0.4s ease-in-out;\nmargin:10px 0 15px 0;\n}\n#top #wrap_all.avia-button.av-mnygx4rk-061168aaa2e9078103fb7500b4b7ea97:hover .avia_button_background{\nborder-radius:0 0 0 0;\n}\n<\/style>\n<a href='https:\/\/app.evenea.pl\/organizator\/sansa-europe-sp-z-oo-299492' class='avia-button av-mnygx4rk-061168aaa2e9078103fb7500b4b7ea97 av-link-btn avia-icon_select-no avia-size-x-large avia-position-center avia-color-red' target=\"_blank\" rel=\"noopener noreferrer\"><span class='avia_iconbox_title' >Kup bilet!<\/span><\/a><\/div><br \/>\n\n<style type=\"text\/css\" data-created_by=\"avia_inline_auto\" id=\"style-css-av-400l7gh-8e1e92c70e960f2c06940819bbcbcc4c\">\n#top .hr.hr-invisible.av-400l7gh-8e1e92c70e960f2c06940819bbcbcc4c{\nheight:20px;\n}\n<\/style>\n<div  class='hr av-400l7gh-8e1e92c70e960f2c06940819bbcbcc4c hr-invisible  avia-builder-el-8  el_after_av_button  avia-builder-el-last '><span class='hr-inner '><span class=\"hr-inner-style\"><\/span><\/span><\/div><\/p><\/div><div  class='flex_column av-u2ubbb5-9bfc83db7e2cb07a7b426019ff91acea av_one_full  avia-builder-el-9  el_after_av_one_full  el_before_av_one_full  first flex_column_div  column-top-margin'     ><style type=\"text\/css\" data-created_by=\"avia_inline_auto\" id=\"style-css-av-mbhrjh25-554daf8aef0e4188f54cc5a66a29e20e\">\n#top .av-special-heading.av-mbhrjh25-554daf8aef0e4188f54cc5a66a29e20e{\npadding-bottom:10px;\n}\nbody .av-special-heading.av-mbhrjh25-554daf8aef0e4188f54cc5a66a29e20e .av-special-heading-tag .heading-char{\nfont-size:25px;\n}\n.av-special-heading.av-mbhrjh25-554daf8aef0e4188f54cc5a66a29e20e .av-subheading{\nfont-size:15px;\n}\n<\/style>\n<div  class='av-special-heading av-mbhrjh25-554daf8aef0e4188f54cc5a66a29e20e av-special-heading-h2  avia-builder-el-10  avia-builder-el-no-sibling  av-thin-font'><h2 class='av-special-heading-tag'  itemprop=\"headline\"  ><strong>Dlaczego warto do nas do\u0142\u0105czy\u0107?<\/strong><\/h2><div class=\"special-heading-border\"><div class=\"special-heading-inner-border\"><\/div><\/div><\/div><\/div><\/p>\n<div  class='flex_column av-1s7qa5d-56480b05c24422d7161374ef80c93beb av_one_full  avia-builder-el-11  el_after_av_one_full  el_before_av_heading  first flex_column_div  column-top-margin'     ><section  class='av_textblock_section av-16d8o0x-9d6b342fa8c45e4a9f98f244156ec713 '   itemscope=\"itemscope\" itemtype=\"https:\/\/schema.org\/CreativeWork\" ><div class='avia_textblock'  itemprop=\"text\" ><h3>Zacznij dzie\u0144 od magicznego fotospaceru o \u015bwicie<\/h3>\n<p>Prze\u017cyj niesamowite chwile podczas porannego spaceru w towarzystwie Przemys\u0142awa Jakubczyka \u2014 ).OM System Technical Experta, ambasadora marki Peak Design. Uchwy\u0107 wyj\u0105tkowe, kolorowe kadry w blasku wschodz\u0105cego s\u0142o\u0144ca i zacznij dzie\u0144 od dawki inspiracji (fotospacer startuje ju\u017c o 5 rano i jest opcjonalny, dodatkowo p\u0142atny &#8211; zapisy na fotospacer odbywaj\u0105 si\u0119 osobno na stronie OM System &#8211; https:\/\/events.eao.omsystem.com\/letnie-2026 ).<\/p>\n<h3><strong>Poszerz swoje fotograficzne horyzonty podczas prelekcji mistrz\u00f3w i ekspert\u00f3w fotografii<\/strong><\/h3>\n<p><span style=\"font-weight: 400;\">Dowiedz si\u0119, jak \u0142\u0105czy\u0107 podr\u00f3\u017ce z fotografi\u0105 bez stresu i przeszk\u00f3d oraz poznaj tajniki fotografowania emocji i pracy ze \u015bwiat\u0142em \u2014 bo to w\u0142a\u015bnie one tworz\u0105 prawdziwe historie w Twoich zdj\u0119ciach.<\/span><\/p>\n<h3><strong>Skorzystaj z praktycznych warsztat\u00f3w i sesji pokazowych<\/strong><\/h3>\n<p><span style=\"font-weight: 400;\">Fotografuj razem z ekspertami, testuj sprz\u0119t, naucz si\u0119 kalibracji monitora, by Twoje zdj\u0119cia wygl\u0105da\u0142y perfekcyjnie nie tylko w aparacie, ale te\u017c na ekranie.<\/span><\/p>\n<h3><strong>Poznaj najnowsze trendy i sprz\u0119t fotograficzny od naszych partner\u00f3w<\/strong><\/h3>\n<p>Spotkaj si\u0119 z ekspertami takich marek, jak OM System, Peak Design, GlareOne, Mathorn, Calumet i Eizo. Sprawd\u017a sprz\u0119t, wymie\u0144 si\u0119 do\u015bwiadczeniami i zadawaj pytania.<\/p>\n<h3><strong>Zrelaksuj si\u0119 i na\u0142aduj baterie podczas przerwy kawowej<\/strong><\/h3>\n<p><span style=\"font-weight: 400;\">Wymiana do\u015bwiadcze\u0144, networking i kawa w towarzystwie ludzi z pasj\u0105 do fotografii.<\/span><\/p>\n<h3><strong>Zanurz si\u0119 w \u015bwiecie fotografii<\/strong><\/h3>\n<p>Odkryj nowe oblicze portretu i naucz si\u0119 uwiecznia\u0107 emocje z zupe\u0142nie innej perspektywy pod okiem Stanis\u0142awa Surmana oraz Krzysztof Kisa\u0142y (Zielona G\u00f3ra, Gorz\u00f3w Wielkopolski, Wroc\u0142aw, Katowice, Kielce) lub Tomasza Zienia Zienkiewicza (Toru\u0144, P\u0142ock, \u0141\u00f3d\u017a, Gdynia, Koszalin).<\/p>\n<h3>Skorzystaj z wyj\u0105tkowych ofert<\/h3>\n<p>W trakcie wydarzenia b\u0119d\u0105 z nami przedstawiciele najlepszych sklep\u00f3w fotograficznych w Polsce, kt\u00f3rzy przygotuj\u0105 wyj\u0105tkowe oferty na zakup sprz\u0119tu fotograficznego dopasowane do Twoich potrzeb.<\/p>\n<h3>We\u017a udzia\u0142 w konkursie<\/h3>\n<p><span style=\"font-weight: 400;\">Podczas naszych meeting\u00f3w w ka\u017cdym mie\u015bcie b\u0119dziecie mogli powalczy\u0107 w konkursie na najlepsz\u0105 relacj\u0119 przygotowan\u0105 w trakcie wydarzenia. To jednak nie wszystko &#8211; spo\u015br\u00f3d uczestnik\u00f3w ze wszystkich miast wybierzemy te\u017c autora najlepszej rolki ca\u0142ej trasy. A dla tych, kt\u00f3rzy chc\u0105 p\u00f3j\u015b\u0107 o krok dalej, przygotowali\u015bmy dodatkowy konkurs specjalny na rolk\u0119 dedykowan\u0105 marce Peak Design. Warto wzi\u0105\u0107 udzia\u0142! Czekaj\u0105 bardzo atrakcyjne nagrody, w tym super produkty od Peak Design. \ud83d\ude42<\/span><\/p>\n<h3>Odbierz certyfikat<\/h3>\n<p>Na koniec eventu otrzymasz certyfikat, kt\u00f3ry b\u0119dzie potwierdzeniem wiedzy zdobytej podczas prelekcji!<\/p>\n<\/div><\/section><br \/>\n\n<style type=\"text\/css\" data-created_by=\"avia_inline_auto\" id=\"style-css-av-11mnz7l-5333e231f1c7b0b917d8920cea29b289\">\n#top .hr.hr-invisible.av-11mnz7l-5333e231f1c7b0b917d8920cea29b289{\nheight:20px;\n}\n<\/style>\n<div  class='hr av-11mnz7l-5333e231f1c7b0b917d8920cea29b289 hr-invisible  avia-builder-el-13  el_after_av_textblock  avia-builder-el-last '><span class='hr-inner '><span class=\"hr-inner-style\"><\/span><\/span><\/div><\/p><\/div>\n\n<style type=\"text\/css\" data-created_by=\"avia_inline_auto\" id=\"style-css-av-mnx69gb6-725c8b0141973dfafecb529e8ffc4852\">\n#top .av-special-heading.av-mnx69gb6-725c8b0141973dfafecb529e8ffc4852{\npadding-bottom:10px;\n}\nbody .av-special-heading.av-mnx69gb6-725c8b0141973dfafecb529e8ffc4852 .av-special-heading-tag .heading-char{\nfont-size:25px;\n}\n.av-special-heading.av-mnx69gb6-725c8b0141973dfafecb529e8ffc4852 .av-subheading{\nfont-size:15px;\n}\n<\/style>\n<div  class='av-special-heading av-mnx69gb6-725c8b0141973dfafecb529e8ffc4852 av-special-heading-h2  avia-builder-el-14  el_after_av_one_full  el_before_av_hr  av-thin-font'><h2 class='av-special-heading-tag'  itemprop=\"headline\"  ><strong>Zobacz, jak by\u0142o rok temu!<\/strong><\/h2><div class=\"special-heading-border\"><div class=\"special-heading-inner-border\"><\/div><\/div><\/div>\n\n<style type=\"text\/css\" data-created_by=\"avia_inline_auto\" id=\"style-css-av-3i87d6p-e8d9a6a3a9dfa972996d99f8b57f9126\">\n#top .hr.hr-invisible.av-3i87d6p-e8d9a6a3a9dfa972996d99f8b57f9126{\nheight:20px;\n}\n<\/style>\n<div  class='hr av-3i87d6p-e8d9a6a3a9dfa972996d99f8b57f9126 hr-invisible  avia-builder-el-15  el_after_av_heading  el_before_av_two_fifth '><span class='hr-inner '><span class=\"hr-inner-style\"><\/span><\/span><\/div>\n<div  class='flex_column av-5bdmdoh-abc964a1fcf3c4208406b67a233dc04c av_two_fifth  avia-builder-el-16  el_after_av_hr  el_before_av_three_fifth  first flex_column_div  '     ><style type=\"text\/css\" data-created_by=\"avia_inline_auto\" id=\"style-css-av-mnx6hv1j-f93249a8e797c6bcf5bfd04210f21e36\">\n.avia-video.av-mnx6hv1j-f93249a8e797c6bcf5bfd04210f21e36{\npadding-bottom:178%;\n}\n<\/style>\n<div  class='avia-video av-mnx6hv1j-f93249a8e797c6bcf5bfd04210f21e36 avia-video-custom av-no-preview-image avia-video-load-always avia-video-html5'  itemprop=\"video\" itemtype=\"https:\/\/schema.org\/VideoObject\"  data-original_url='https:\/\/glareone.eu\/wp-content\/uploads\/2026\/04\/Sansa_tour_montaz_v3.mp4'><video class='avia_video'    preload=\"auto\"  controls id='player_18785_1455460253_286716856'><source src='https:\/\/glareone.eu\/wp-content\/uploads\/2026\/04\/Sansa_tour_montaz_v3.mp4' type='video\/mp4' \/><\/video><\/div><\/div>\n<div  class='flex_column av-50s83k1-6e03e5d150003ed60611fc6078173470 av_three_fifth  avia-builder-el-18  el_after_av_two_fifth  el_before_av_heading  flex_column_div  '     ><p>\n<style type=\"text\/css\" data-created_by=\"avia_inline_auto\" id=\"style-css-av-mnx77o4q-ef8bea92418568997c91a685a2f410a2\">\n.avia-image-container.av-mnx77o4q-ef8bea92418568997c91a685a2f410a2 img.avia_image{\nbox-shadow:none;\n}\n.avia-image-container.av-mnx77o4q-ef8bea92418568997c91a685a2f410a2 .av-image-caption-overlay-center{\ncolor:#ffffff;\n}\n<\/style>\n<div  class='avia-image-container av-mnx77o4q-ef8bea92418568997c91a685a2f410a2 av-styling- avia-align-center  avia-builder-el-19  el_before_av_image  avia-builder-el-first '   itemprop=\"image\" itemscope=\"itemscope\" itemtype=\"https:\/\/schema.org\/ImageObject\" ><div class=\"avia-image-container-inner\"><div class=\"avia-image-overlay-wrap\"><img decoding=\"async\" fetchpriority=\"high\" class='wp-image-24446 avia-img-lazy-loading-not-24446 avia_image ' src=\"https:\/\/glareone.eu\/wp-content\/uploads\/2026\/04\/2.png\" alt='' title='2'  height=\"420\" width=\"750\"  itemprop=\"thumbnailUrl\" srcset=\"https:\/\/glareone.eu\/wp-content\/uploads\/2026\/04\/2.png 750w, https:\/\/glareone.eu\/wp-content\/uploads\/2026\/04\/2-300x168.png 300w, https:\/\/glareone.eu\/wp-content\/uploads\/2026\/04\/2-705x395.png 705w, https:\/\/glareone.eu\/wp-content\/uploads\/2026\/04\/2-450x252.png 450w, https:\/\/glareone.eu\/wp-content\/uploads\/2026\/04\/2-600x336.png 600w\" sizes=\"(max-width: 750px) 100vw, 750px\" \/><\/div><\/div><\/div><br \/>\n\n<style type=\"text\/css\" data-created_by=\"avia_inline_auto\" id=\"style-css-av-11tow5d-48ae6dc31857a7bb599c9856ce8adbb8\">\n.avia-image-container.av-11tow5d-48ae6dc31857a7bb599c9856ce8adbb8 img.avia_image{\nbox-shadow:none;\n}\n.avia-image-container.av-11tow5d-48ae6dc31857a7bb599c9856ce8adbb8 .av-image-caption-overlay-center{\ncolor:#ffffff;\n}\n<\/style>\n<div  class='avia-image-container av-11tow5d-48ae6dc31857a7bb599c9856ce8adbb8 av-styling- avia-align-center  avia-builder-el-20  el_after_av_image  el_before_av_hr '   itemprop=\"image\" itemscope=\"itemscope\" itemtype=\"https:\/\/schema.org\/ImageObject\" ><div class=\"avia-image-container-inner\"><div class=\"avia-image-overlay-wrap\"><img decoding=\"async\" fetchpriority=\"high\" class='wp-image-24441 avia-img-lazy-loading-not-24441 avia_image ' src=\"https:\/\/glareone.eu\/wp-content\/uploads\/2026\/04\/1.png\" alt='' title='1'  height=\"420\" width=\"750\"  itemprop=\"thumbnailUrl\" srcset=\"https:\/\/glareone.eu\/wp-content\/uploads\/2026\/04\/1.png 750w, https:\/\/glareone.eu\/wp-content\/uploads\/2026\/04\/1-300x168.png 300w, https:\/\/glareone.eu\/wp-content\/uploads\/2026\/04\/1-705x395.png 705w, https:\/\/glareone.eu\/wp-content\/uploads\/2026\/04\/1-450x252.png 450w, https:\/\/glareone.eu\/wp-content\/uploads\/2026\/04\/1-600x336.png 600w\" sizes=\"(max-width: 750px) 100vw, 750px\" \/><\/div><\/div><\/div><br \/>\n\n<style type=\"text\/css\" data-created_by=\"avia_inline_auto\" id=\"style-css-av-47xpp29-650eec88dcc07de8667465b916603e93\">\n#top .hr.hr-invisible.av-47xpp29-650eec88dcc07de8667465b916603e93{\nheight:20px;\n}\n<\/style>\n<div  class='hr av-47xpp29-650eec88dcc07de8667465b916603e93 hr-invisible  avia-builder-el-21  el_after_av_image  avia-builder-el-last '><span class='hr-inner '><span class=\"hr-inner-style\"><\/span><\/span><\/div><\/p><\/div>\n\n<style type=\"text\/css\" data-created_by=\"avia_inline_auto\" id=\"style-css-av-mnyguuvk-89ff0bfb44bc159a9fb033db0009f931\">\n#top .av-special-heading.av-mnyguuvk-89ff0bfb44bc159a9fb033db0009f931{\npadding-bottom:10px;\n}\nbody .av-special-heading.av-mnyguuvk-89ff0bfb44bc159a9fb033db0009f931 .av-special-heading-tag .heading-char{\nfont-size:25px;\n}\n.av-special-heading.av-mnyguuvk-89ff0bfb44bc159a9fb033db0009f931 .av-subheading{\nfont-size:15px;\n}\n<\/style>\n<div  class='av-special-heading av-mnyguuvk-89ff0bfb44bc159a9fb033db0009f931 av-special-heading-h2  avia-builder-el-22  el_after_av_three_fifth  el_before_av_hr  av-thin-font'><h2 class='av-special-heading-tag'  itemprop=\"headline\"  ><strong>Sprawd\u017a relacje uczestnik\u00f3w<\/strong><\/h2><div class=\"special-heading-border\"><div class=\"special-heading-inner-border\"><\/div><\/div><\/div>\n\n<style type=\"text\/css\" data-created_by=\"avia_inline_auto\" id=\"style-css-av-j40x5t-43bccc4856dfbbffa0068febb4b0db58\">\n#top .hr.hr-invisible.av-j40x5t-43bccc4856dfbbffa0068febb4b0db58{\nheight:20px;\n}\n<\/style>\n<div  class='hr av-j40x5t-43bccc4856dfbbffa0068febb4b0db58 hr-invisible  avia-builder-el-23  el_after_av_heading  el_before_av_hr '><span class='hr-inner '><span class=\"hr-inner-style\"><\/span><\/span><\/div>\n\n<style type=\"text\/css\" data-created_by=\"avia_inline_auto\" id=\"style-css-av-qvqd5t-b4da5b8f8a67b6ee2089cd62f53b21c7\">\n#top .hr.hr-invisible.av-qvqd5t-b4da5b8f8a67b6ee2089cd62f53b21c7{\nheight:20px;\n}\n<\/style>\n<div  class='hr av-qvqd5t-b4da5b8f8a67b6ee2089cd62f53b21c7 hr-invisible  avia-builder-el-24  el_after_av_hr  el_before_av_one_third '><span class='hr-inner '><span class=\"hr-inner-style\"><\/span><\/span><\/div>\n<div  class='flex_column av-34mv735-71e64c944fb0514438e45bfd8e2f9295 av_one_third  avia-builder-el-25  el_after_av_hr  el_before_av_one_third  first flex_column_div  '     ><div  class='avia-button-wrap av-2ihns2p-9cc03d87ff499c4bca621d937684a3cb-wrap avia-button-center  avia-builder-el-26  avia-builder-el-no-sibling '>\n<style type=\"text\/css\" data-created_by=\"avia_inline_auto\" id=\"style-css-av-2ihns2p-9cc03d87ff499c4bca621d937684a3cb\">\n#top #wrap_all .avia-button.av-2ihns2p-9cc03d87ff499c4bca621d937684a3cb{\nfont-size:20px;\ntransition:all 0.4s ease-in-out;\n}\n<\/style>\n<a href='https:\/\/www.instagram.com\/p\/DLxvzoWi0Ws\/' class='avia-button av-2ihns2p-9cc03d87ff499c4bca621d937684a3cb av-link-btn avia-icon_select-yes-left-icon avia-size-x-large avia-position-center avia-color-red' target=\"_blank\" rel=\"noopener noreferrer\"><span class='avia_button_icon avia_button_icon_left' aria-hidden='true' data-av_icon='\ue909' data-av_iconfont='entypo-fontello'><\/span><span class='avia_iconbox_title' >justynatabol.fotografia<\/span><\/a><\/div><\/div>\n<div  class='flex_column av-73s7z5-9005dad8b7f1a0b54cd54250389ad43b av_one_third  avia-builder-el-27  el_after_av_one_third  el_before_av_one_third  flex_column_div  '     ><div  class='avia-button-wrap av-1rmtytd-49691e322ed948148794767be4de9a66-wrap avia-button-center  avia-builder-el-28  avia-builder-el-no-sibling '>\n<style type=\"text\/css\" data-created_by=\"avia_inline_auto\" id=\"style-css-av-1rmtytd-49691e322ed948148794767be4de9a66\">\n#top #wrap_all .avia-button.av-1rmtytd-49691e322ed948148794767be4de9a66{\nfont-size:20px;\ntransition:all 0.4s ease-in-out;\n}\n<\/style>\n<a href='https:\/\/www.instagram.com\/olamae_photo\/reel\/DMIGQXltOp5\/' class='avia-button av-1rmtytd-49691e322ed948148794767be4de9a66 av-link-btn avia-icon_select-yes-left-icon avia-size-x-large avia-position-center avia-color-red' target=\"_blank\" rel=\"noopener noreferrer\"><span class='avia_button_icon avia_button_icon_left' aria-hidden='true' data-av_icon='\ue909' data-av_iconfont='entypo-fontello'><\/span><span class='avia_iconbox_title' >olamae_photo<\/span><\/a><\/div><\/div>\n<div  class='flex_column av-1d2nxtt-60b73e7bb6ad6ca6fc3a632a0814c76e av_one_third  avia-builder-el-29  el_after_av_one_third  el_before_av_hr  flex_column_div  '     ><div  class='avia-button-wrap av-seooap-9845d59f774bc47a8043f7df56d0e595-wrap avia-button-center  avia-builder-el-30  avia-builder-el-no-sibling '>\n<style type=\"text\/css\" data-created_by=\"avia_inline_auto\" id=\"style-css-av-seooap-9845d59f774bc47a8043f7df56d0e595\">\n#top #wrap_all .avia-button.av-seooap-9845d59f774bc47a8043f7df56d0e595{\nfont-size:20px;\ntransition:all 0.4s ease-in-out;\n}\n<\/style>\n<a href='https:\/\/www.instagram.com\/lepszeniebeda\/reel\/DMxk2V4Nz56\/' class='avia-button av-seooap-9845d59f774bc47a8043f7df56d0e595 av-link-btn avia-icon_select-yes-left-icon avia-size-x-large avia-position-center avia-color-red' target=\"_blank\" rel=\"noopener noreferrer\"><span class='avia_button_icon avia_button_icon_left' aria-hidden='true' data-av_icon='\ue909' data-av_iconfont='entypo-fontello'><\/span><span class='avia_iconbox_title' >lepszeniebeda<\/span><\/a><\/div><\/div>\n\n<style type=\"text\/css\" data-created_by=\"avia_inline_auto\" id=\"style-css-av-3iizb8h-12e8160b5bcc067a90f0254d03be9ba5\">\n#top .hr.hr-invisible.av-3iizb8h-12e8160b5bcc067a90f0254d03be9ba5{\nheight:20px;\n}\n<\/style>\n<div  class='hr av-3iizb8h-12e8160b5bcc067a90f0254d03be9ba5 hr-invisible  avia-builder-el-31  el_after_av_one_third  el_before_av_heading '><span class='hr-inner '><span class=\"hr-inner-style\"><\/span><\/span><\/div>\n\n<style type=\"text\/css\" data-created_by=\"avia_inline_auto\" id=\"style-css-av-mbhsewq6-281e0809724df31b5dcf9da9e831317f\">\n#top .av-special-heading.av-mbhsewq6-281e0809724df31b5dcf9da9e831317f{\npadding-bottom:10px;\n}\nbody .av-special-heading.av-mbhsewq6-281e0809724df31b5dcf9da9e831317f .av-special-heading-tag .heading-char{\nfont-size:25px;\n}\n.av-special-heading.av-mbhsewq6-281e0809724df31b5dcf9da9e831317f .av-subheading{\nfont-size:15px;\n}\n<\/style>\n<div  class='av-special-heading av-mbhsewq6-281e0809724df31b5dcf9da9e831317f av-special-heading-h2  avia-builder-el-32  el_after_av_hr  el_before_av_hr '><h2 class='av-special-heading-tag'  itemprop=\"headline\"  >Spotkaj ekspert\u00f3w i mistrz\u00f3w fotografii<\/h2><div class=\"special-heading-border\"><div class=\"special-heading-inner-border\"><\/div><\/div><\/div>\n\n<style type=\"text\/css\" data-created_by=\"avia_inline_auto\" id=\"style-css-av-zhkcdd-87b79e8d633ac152b4c8a788d6554cb9\">\n#top .hr.hr-invisible.av-zhkcdd-87b79e8d633ac152b4c8a788d6554cb9{\nheight:20px;\n}\n<\/style>\n<div  class='hr av-zhkcdd-87b79e8d633ac152b4c8a788d6554cb9 hr-invisible  avia-builder-el-33  el_after_av_heading  el_before_av_one_third '><span class='hr-inner '><span class=\"hr-inner-style\"><\/span><\/span><\/div>\n<div  class='flex_column av-1tlqoyp-83c7e9b81597bc7078d26ed2b1b3f99b av_one_third  avia-builder-el-34  el_after_av_hr  el_before_av_one_third  first flex_column_div  '     ><p>\n<style type=\"text\/css\" data-created_by=\"avia_inline_auto\" id=\"style-css-av-dx4ydd-db828184c6a3d575affa02adbb3b1dee\">\n.avia-image-container.av-dx4ydd-db828184c6a3d575affa02adbb3b1dee img.avia_image{\nbox-shadow:none;\n}\n.avia-image-container.av-dx4ydd-db828184c6a3d575affa02adbb3b1dee .av-image-caption-overlay-center{\ncolor:#ffffff;\n}\n<\/style>\n<div  class='avia-image-container av-dx4ydd-db828184c6a3d575affa02adbb3b1dee av-styling- avia-align-center  avia-builder-el-35  el_before_av_textblock  avia-builder-el-first '   itemprop=\"image\" itemscope=\"itemscope\" itemtype=\"https:\/\/schema.org\/ImageObject\" ><div class=\"avia-image-container-inner\"><div class=\"avia-image-overlay-wrap\"><img decoding=\"async\" fetchpriority=\"high\" class='wp-image-19891 avia-img-lazy-loading-not-19891 avia_image ' src=\"https:\/\/glareone.eu\/wp-content\/uploads\/2025\/06\/Tomasz-Zieniu-Zienkiewicz-min.png\" alt='' title='Tomasz-Zieniu-Zienkiewicz-min'  height=\"1080\" width=\"1080\"  itemprop=\"thumbnailUrl\" srcset=\"https:\/\/glareone.eu\/wp-content\/uploads\/2025\/06\/Tomasz-Zieniu-Zienkiewicz-min.png 1080w, https:\/\/glareone.eu\/wp-content\/uploads\/2025\/06\/Tomasz-Zieniu-Zienkiewicz-min-300x300.png 300w, https:\/\/glareone.eu\/wp-content\/uploads\/2025\/06\/Tomasz-Zieniu-Zienkiewicz-min-1030x1030.png 1030w, https:\/\/glareone.eu\/wp-content\/uploads\/2025\/06\/Tomasz-Zieniu-Zienkiewicz-min-80x80.png 80w, https:\/\/glareone.eu\/wp-content\/uploads\/2025\/06\/Tomasz-Zieniu-Zienkiewicz-min-768x768.png 768w, https:\/\/glareone.eu\/wp-content\/uploads\/2025\/06\/Tomasz-Zieniu-Zienkiewicz-min-36x36.png 36w, https:\/\/glareone.eu\/wp-content\/uploads\/2025\/06\/Tomasz-Zieniu-Zienkiewicz-min-180x180.png 180w, https:\/\/glareone.eu\/wp-content\/uploads\/2025\/06\/Tomasz-Zieniu-Zienkiewicz-min-705x705.png 705w, https:\/\/glareone.eu\/wp-content\/uploads\/2025\/06\/Tomasz-Zieniu-Zienkiewicz-min-120x120.png 120w, https:\/\/glareone.eu\/wp-content\/uploads\/2025\/06\/Tomasz-Zieniu-Zienkiewicz-min-450x450.png 450w, https:\/\/glareone.eu\/wp-content\/uploads\/2025\/06\/Tomasz-Zieniu-Zienkiewicz-min-600x600.png 600w, https:\/\/glareone.eu\/wp-content\/uploads\/2025\/06\/Tomasz-Zieniu-Zienkiewicz-min-100x100.png 100w\" sizes=\"(max-width: 1080px) 100vw, 1080px\" \/><\/div><\/div><\/div><br \/>\n<section  class='av_textblock_section av-mbhyxz4l-1227117db5ded11c589d888b71d8e353 '   itemscope=\"itemscope\" itemtype=\"https:\/\/schema.org\/CreativeWork\" ><div class='avia_textblock'  itemprop=\"text\" ><p style=\"text-align: center;\"><strong>Tomasz Zieniu Zienkiewicz<\/strong><\/p>\n<p style=\"text-align: center;\">Fotograf specjalizuj\u0105cy si\u0119 w portretach i zdj\u0119ciach sensualnych. Dzieli si\u0119 wiedz\u0105 i pomaga innym fotografom poprzez sw\u00f3j kana\u0142 YouTube oraz seri\u0119 cyklicznych Fotokawek \u2013 online\u2019owych spotka\u0144 w formule \u201etroch\u0119 wiedzy, troch\u0119 fun\u2019u, troch\u0119 inspiracji\u201d.<br \/>\nProwadzi warsztaty i stworzy\u0142 seri\u0119 autorskich kurs\u00f3w fotograficznych.<\/p>\n<\/div><\/section><br \/>\n<div  class='avia-button-wrap av-tgo4ox-8971005da0685f655e98e6e95ebc8844-wrap avia-button-center  avia-builder-el-37  el_after_av_textblock  avia-builder-el-last '>\n<style type=\"text\/css\" data-created_by=\"avia_inline_auto\" id=\"style-css-av-tgo4ox-8971005da0685f655e98e6e95ebc8844\">\n#top #wrap_all .avia-button.av-tgo4ox-8971005da0685f655e98e6e95ebc8844{\nfont-size:14px;\nborder-style:solid;\ntransition:all 0.4s ease-in-out;\nmargin:10px 0 0 0;\n}\n<\/style>\n<a href='https:\/\/glareone.eu\/pl\/letnie-meetingi-fotograficzne\/tomasz-zieniu-zienkiewicz\/'  class='avia-button av-tgo4ox-8971005da0685f655e98e6e95ebc8844 av-link-btn avia-icon_select-no avia-size-large avia-position-center avia-color-theme-color'  ><span class='avia_iconbox_title' >Sprawd\u017a portfolio<\/span><\/a><\/div><\/p><\/div>\n<div  class='flex_column av-8j6ytwh-6907fe6ca2f6b7cb61f4a9788a3872f2 av_one_third  avia-builder-el-38  el_after_av_one_third  el_before_av_one_third  flex_column_div  '     ><p>\n<style type=\"text\/css\" data-created_by=\"avia_inline_auto\" id=\"style-css-av-7wjd4ap-d7492141c8fee643b9f2a3bc5f8cb2d6\">\n.avia-image-container.av-7wjd4ap-d7492141c8fee643b9f2a3bc5f8cb2d6 img.avia_image{\nbox-shadow:none;\n}\n.avia-image-container.av-7wjd4ap-d7492141c8fee643b9f2a3bc5f8cb2d6 .av-image-caption-overlay-center{\ncolor:#ffffff;\n}\n<\/style>\n<div  class='avia-image-container av-7wjd4ap-d7492141c8fee643b9f2a3bc5f8cb2d6 av-styling- avia-align-center  avia-builder-el-39  el_before_av_textblock  avia-builder-el-first '   itemprop=\"image\" itemscope=\"itemscope\" itemtype=\"https:\/\/schema.org\/ImageObject\" ><div class=\"avia-image-container-inner\"><div class=\"avia-image-overlay-wrap\"><img decoding=\"async\" fetchpriority=\"high\" class='wp-image-19896 avia-img-lazy-loading-not-19896 avia_image ' src=\"https:\/\/glareone.eu\/wp-content\/uploads\/2025\/06\/Stanislaw-Surman-min.png\" alt='' title='Stanislaw-Surman-min'  height=\"1080\" width=\"1080\"  itemprop=\"thumbnailUrl\" srcset=\"https:\/\/glareone.eu\/wp-content\/uploads\/2025\/06\/Stanislaw-Surman-min.png 1080w, https:\/\/glareone.eu\/wp-content\/uploads\/2025\/06\/Stanislaw-Surman-min-300x300.png 300w, https:\/\/glareone.eu\/wp-content\/uploads\/2025\/06\/Stanislaw-Surman-min-1030x1030.png 1030w, https:\/\/glareone.eu\/wp-content\/uploads\/2025\/06\/Stanislaw-Surman-min-80x80.png 80w, https:\/\/glareone.eu\/wp-content\/uploads\/2025\/06\/Stanislaw-Surman-min-768x768.png 768w, https:\/\/glareone.eu\/wp-content\/uploads\/2025\/06\/Stanislaw-Surman-min-36x36.png 36w, https:\/\/glareone.eu\/wp-content\/uploads\/2025\/06\/Stanislaw-Surman-min-180x180.png 180w, https:\/\/glareone.eu\/wp-content\/uploads\/2025\/06\/Stanislaw-Surman-min-705x705.png 705w, https:\/\/glareone.eu\/wp-content\/uploads\/2025\/06\/Stanislaw-Surman-min-120x120.png 120w, https:\/\/glareone.eu\/wp-content\/uploads\/2025\/06\/Stanislaw-Surman-min-450x450.png 450w, https:\/\/glareone.eu\/wp-content\/uploads\/2025\/06\/Stanislaw-Surman-min-600x600.png 600w, https:\/\/glareone.eu\/wp-content\/uploads\/2025\/06\/Stanislaw-Surman-min-100x100.png 100w\" sizes=\"(max-width: 1080px) 100vw, 1080px\" \/><\/div><\/div><\/div><br \/>\n<section  class='av_textblock_section av-7q3l2ht-afc7498efcdb29eb37df49cbdbd5ed29 '   itemscope=\"itemscope\" itemtype=\"https:\/\/schema.org\/CreativeWork\" ><div class='avia_textblock'  itemprop=\"text\" ><p style=\"text-align: center;\"><b>Stanis\u0142aw Surman<\/b><\/p>\n<p style=\"text-align: center;\">Stanis\u0142aw Surman \u2013 fotograf z przypadku, z wyboru i z pasji. Fotograficzny samouk. Najbli\u017cej mu do portretu \u2013 to w\u0142a\u015bnie w nim odnajduje spok\u00f3j i napi\u0119cie jednocze\u015bnie. Od kilku lat z tworzy tak\u017ce fotografi\u0119 \u015blubn\u0105, szukaj\u0105c w niej szczero\u015bci i ulotnych moment\u00f3w. W jego zdj\u0119ciach cz\u0119sto powracaj\u0105: delikatno\u015b\u0107, kobieco\u015b\u0107, naturalno\u015b\u0107. Fotografuje emocje. Bo bez emocji nie ma fotografii.<\/p>\n<\/div><\/section><br \/>\n<div  class='avia-button-wrap av-2i162m9-115fb34ab538ef3ea575fe647d473710-wrap avia-button-center  avia-builder-el-41  el_after_av_textblock  avia-builder-el-last '>\n<style type=\"text\/css\" data-created_by=\"avia_inline_auto\" id=\"style-css-av-2i162m9-115fb34ab538ef3ea575fe647d473710\">\n#top #wrap_all .avia-button.av-2i162m9-115fb34ab538ef3ea575fe647d473710{\nfont-size:14px;\nborder-style:solid;\ntransition:all 0.4s ease-in-out;\n}\n<\/style>\n<a href='https:\/\/glareone.eu\/pl\/letnie-meetingi-fotograficzne\/stanislaw-surman\/'  class='avia-button av-2i162m9-115fb34ab538ef3ea575fe647d473710 av-link-btn avia-icon_select-no avia-size-large avia-position-center avia-color-theme-color'  ><span class='avia_iconbox_title' >Sprawd\u017a portfolio<\/span><\/a><\/div><\/p><\/div>\n<div  class='flex_column av-9jab8ip-92366ae0532dbfacc4c18a5eb6557ec4 av_one_third  avia-builder-el-42  el_after_av_one_third  el_before_av_one_third  flex_column_div  '     ><p>\n<style type=\"text\/css\" data-created_by=\"avia_inline_auto\" id=\"style-css-av-8tfv0bl-a0b727280794334b2774d57e36db9ff2\">\n.avia-image-container.av-8tfv0bl-a0b727280794334b2774d57e36db9ff2 img.avia_image{\nbox-shadow:none;\n}\n.avia-image-container.av-8tfv0bl-a0b727280794334b2774d57e36db9ff2 .av-image-caption-overlay-center{\ncolor:#ffffff;\n}\n<\/style>\n<div  class='avia-image-container av-8tfv0bl-a0b727280794334b2774d57e36db9ff2 av-styling- avia-align-center  avia-builder-el-43  el_before_av_textblock  avia-builder-el-first '   itemprop=\"image\" itemscope=\"itemscope\" itemtype=\"https:\/\/schema.org\/ImageObject\" ><div class=\"avia-image-container-inner\"><div class=\"avia-image-overlay-wrap\"><img decoding=\"async\" fetchpriority=\"high\" class='wp-image-24693 avia-img-lazy-loading-not-24693 avia_image ' src=\"https:\/\/glareone.eu\/wp-content\/uploads\/2026\/04\/Krzysztof-Kisala.png\" alt='' title='Krzysztof Kisa\u0142a'  height=\"1080\" width=\"1080\"  itemprop=\"thumbnailUrl\" srcset=\"https:\/\/glareone.eu\/wp-content\/uploads\/2026\/04\/Krzysztof-Kisala.png 1080w, https:\/\/glareone.eu\/wp-content\/uploads\/2026\/04\/Krzysztof-Kisala-300x300.png 300w, https:\/\/glareone.eu\/wp-content\/uploads\/2026\/04\/Krzysztof-Kisala-1030x1030.png 1030w, https:\/\/glareone.eu\/wp-content\/uploads\/2026\/04\/Krzysztof-Kisala-80x80.png 80w, https:\/\/glareone.eu\/wp-content\/uploads\/2026\/04\/Krzysztof-Kisala-768x768.png 768w, https:\/\/glareone.eu\/wp-content\/uploads\/2026\/04\/Krzysztof-Kisala-36x36.png 36w, https:\/\/glareone.eu\/wp-content\/uploads\/2026\/04\/Krzysztof-Kisala-180x180.png 180w, https:\/\/glareone.eu\/wp-content\/uploads\/2026\/04\/Krzysztof-Kisala-705x705.png 705w, https:\/\/glareone.eu\/wp-content\/uploads\/2026\/04\/Krzysztof-Kisala-120x120.png 120w, https:\/\/glareone.eu\/wp-content\/uploads\/2026\/04\/Krzysztof-Kisala-450x450.png 450w, https:\/\/glareone.eu\/wp-content\/uploads\/2026\/04\/Krzysztof-Kisala-600x600.png 600w, https:\/\/glareone.eu\/wp-content\/uploads\/2026\/04\/Krzysztof-Kisala-100x100.png 100w\" sizes=\"(max-width: 1080px) 100vw, 1080px\" \/><\/div><\/div><\/div><br \/>\n<section  class='av_textblock_section av-uvoz8h-e38072ed28ab4bfc6be01e1c8c53d4a1 '   itemscope=\"itemscope\" itemtype=\"https:\/\/schema.org\/CreativeWork\" ><div class='avia_textblock'  itemprop=\"text\" ><p style=\"text-align: center;\"><strong>Krzysztof Kisa\u0142a<\/strong><\/p>\n<p class=\"p1\" style=\"text-align: center;\">Od dziecka zafascynowany rysunkiem i komiksem, z czasem przeni\u00f3s\u0142 t\u0119 mi\u0142o\u015b\u0107 na fotografi\u0119. Przez kilkana\u015bcie lat fotografowa\u0142 g\u0142\u00f3wnie \u015bluby. Jednak od 2020 roku skupiony przede wszystkim na sesjach rodzinnych w plenerze i w studio. Od kilku lat prowadzi te\u017c warsztaty w tym zakresie. W swojej pracy skupia si\u0119 przede wszystkim na cz\u0142owieku. Uwielbia s\u0142o\u0144ce, ale nie narzeka na deszcz i mg\u0142y.<\/p>\n<\/div><\/section><br \/>\n<div  class='avia-button-wrap av-mbhzzaw0-76ad2e1db017f1d484b49afef6ac16da-wrap avia-button-center  avia-builder-el-45  el_after_av_textblock  avia-builder-el-last '>\n<style type=\"text\/css\" data-created_by=\"avia_inline_auto\" id=\"style-css-av-mbhzzaw0-76ad2e1db017f1d484b49afef6ac16da\">\n#top #wrap_all .avia-button.av-mbhzzaw0-76ad2e1db017f1d484b49afef6ac16da{\nfont-size:14px;\nborder-style:solid;\ntransition:all 0.4s ease-in-out;\n}\n<\/style>\n<a href='https:\/\/glareone.eu\/pl\/letnie-meetingi-fotograficzne\/krzysztof-kisala\/'  class='avia-button av-mbhzzaw0-76ad2e1db017f1d484b49afef6ac16da av-link-btn avia-icon_select-no avia-size-large avia-position-center avia-color-theme-color'  ><span class='avia_iconbox_title' >Sprawd\u017a portfolio<\/span><\/a><\/div><\/p><\/div>\n<div  class='flex_column av-335ira9-fedffd75d47e441944de88fe71543270 av_one_third  avia-builder-el-46  el_after_av_one_third  el_before_av_one_third  first flex_column_div  column-top-margin'     ><p>\n<style type=\"text\/css\" data-created_by=\"avia_inline_auto\" id=\"style-css-av-2f9i3y9-5b6bf8be2b99a60167f56b1f295df2a7\">\n.avia-image-container.av-2f9i3y9-5b6bf8be2b99a60167f56b1f295df2a7 img.avia_image{\nbox-shadow:none;\n}\n.avia-image-container.av-2f9i3y9-5b6bf8be2b99a60167f56b1f295df2a7 .av-image-caption-overlay-center{\ncolor:#ffffff;\n}\n<\/style>\n<div  class='avia-image-container av-2f9i3y9-5b6bf8be2b99a60167f56b1f295df2a7 av-styling- avia-align-center  avia-builder-el-47  el_before_av_textblock  avia-builder-el-first '   itemprop=\"image\" itemscope=\"itemscope\" itemtype=\"https:\/\/schema.org\/ImageObject\" ><div class=\"avia-image-container-inner\"><div class=\"avia-image-overlay-wrap\"><img decoding=\"async\" fetchpriority=\"high\" class='wp-image-19881 avia-img-lazy-loading-not-19881 avia_image ' src=\"https:\/\/glareone.eu\/wp-content\/uploads\/2025\/06\/Przemyslaw-Jakubczyk-min.png\" alt='' title='Przemyslaw-Jakubczyk-min'  height=\"1080\" width=\"1080\"  itemprop=\"thumbnailUrl\" srcset=\"https:\/\/glareone.eu\/wp-content\/uploads\/2025\/06\/Przemyslaw-Jakubczyk-min.png 1080w, https:\/\/glareone.eu\/wp-content\/uploads\/2025\/06\/Przemyslaw-Jakubczyk-min-300x300.png 300w, https:\/\/glareone.eu\/wp-content\/uploads\/2025\/06\/Przemyslaw-Jakubczyk-min-1030x1030.png 1030w, https:\/\/glareone.eu\/wp-content\/uploads\/2025\/06\/Przemyslaw-Jakubczyk-min-80x80.png 80w, https:\/\/glareone.eu\/wp-content\/uploads\/2025\/06\/Przemyslaw-Jakubczyk-min-768x768.png 768w, https:\/\/glareone.eu\/wp-content\/uploads\/2025\/06\/Przemyslaw-Jakubczyk-min-36x36.png 36w, https:\/\/glareone.eu\/wp-content\/uploads\/2025\/06\/Przemyslaw-Jakubczyk-min-180x180.png 180w, https:\/\/glareone.eu\/wp-content\/uploads\/2025\/06\/Przemyslaw-Jakubczyk-min-705x705.png 705w, https:\/\/glareone.eu\/wp-content\/uploads\/2025\/06\/Przemyslaw-Jakubczyk-min-120x120.png 120w, https:\/\/glareone.eu\/wp-content\/uploads\/2025\/06\/Przemyslaw-Jakubczyk-min-450x450.png 450w, https:\/\/glareone.eu\/wp-content\/uploads\/2025\/06\/Przemyslaw-Jakubczyk-min-600x600.png 600w, https:\/\/glareone.eu\/wp-content\/uploads\/2025\/06\/Przemyslaw-Jakubczyk-min-100x100.png 100w\" sizes=\"(max-width: 1080px) 100vw, 1080px\" \/><\/div><\/div><\/div><br \/>\n<section  class='av_textblock_section av-2alsau9-aedcdf24654cd73487fca63cc022a077 '   itemscope=\"itemscope\" itemtype=\"https:\/\/schema.org\/CreativeWork\" ><div class='avia_textblock'  itemprop=\"text\" ><p style=\"text-align: center;\"><b>Przemys\u0142aw Jakubczyk\u00a0<\/b><\/p>\n<p class=\"p1\" style=\"text-align: center;\">Fotograf, podr\u00f3\u017cnik, szkoleniowiec, od 16 lat codziennie z aparatem w r\u0119ku. Zawodowo OM System Technical Expert (dawniej Olympus Polska). Prywatnie mi\u0142o\u015bnik<br \/>\npodr\u00f3\u017cowania z plecakiem (im dalej tym lepiej, a najlepiej do Azji), spontanicznych wyjazd\u00f3w i ma\u0142ych aparat\u00f3w. G\u0142\u00f3wne tematy przed jego obiektywem to sporty ekstremalne,<br \/>\ndzika przyroda, podwodny \u015bwiat oraz krajobrazy<br \/>\n(im bli\u017cej przyrody tym lepiej!).<\/p>\n<\/div><\/section><br \/>\n<div  class='avia-button-wrap av-1rjqigx-a634fc789d19e14301e5e0dff082bf99-wrap avia-button-center  avia-builder-el-49  el_after_av_textblock  avia-builder-el-last '>\n<style type=\"text\/css\" data-created_by=\"avia_inline_auto\" id=\"style-css-av-1rjqigx-a634fc789d19e14301e5e0dff082bf99\">\n#top #wrap_all .avia-button.av-1rjqigx-a634fc789d19e14301e5e0dff082bf99{\nfont-size:14px;\nborder-style:solid;\ntransition:all 0.4s ease-in-out;\n}\n<\/style>\n<a href='https:\/\/glareone.eu\/pl\/letnie-meetingi-fotograficzne\/przemyslaw-jakubczyk\/'  class='avia-button av-1rjqigx-a634fc789d19e14301e5e0dff082bf99 av-link-btn avia-icon_select-no avia-size-large avia-position-center avia-color-theme-color'  ><span class='avia_iconbox_title' >Sprawd\u017a portfolio<\/span><\/a><\/div><\/p><\/div>\n<div  class='flex_column av-2z17oht-9dcdec8ac05f03075b36af21b15b3961 av_one_third  avia-builder-el-50  el_after_av_one_third  el_before_av_one_third  flex_column_div  column-top-margin'     ><p>\n<style type=\"text\/css\" data-created_by=\"avia_inline_auto\" id=\"style-css-av-2f4k7mp-7d2f5486dfc61eb951992fe0bf0406ca\">\n.avia-image-container.av-2f4k7mp-7d2f5486dfc61eb951992fe0bf0406ca img.avia_image{\nbox-shadow:none;\n}\n.avia-image-container.av-2f4k7mp-7d2f5486dfc61eb951992fe0bf0406ca .av-image-caption-overlay-center{\ncolor:#ffffff;\n}\n<\/style>\n<div  class='avia-image-container av-2f4k7mp-7d2f5486dfc61eb951992fe0bf0406ca av-styling- avia-align-center  avia-builder-el-51  el_before_av_textblock  avia-builder-el-first '   itemprop=\"image\" itemscope=\"itemscope\" itemtype=\"https:\/\/schema.org\/ImageObject\" ><div class=\"avia-image-container-inner\"><div class=\"avia-image-overlay-wrap\"><img decoding=\"async\" fetchpriority=\"high\" class='wp-image-19886 avia-img-lazy-loading-not-19886 avia_image ' src=\"https:\/\/glareone.eu\/wp-content\/uploads\/2025\/06\/Tomasz-Obluski-min.png\" alt='' title='Tomasz-Obluski-min'  height=\"1080\" width=\"1080\"  itemprop=\"thumbnailUrl\" srcset=\"https:\/\/glareone.eu\/wp-content\/uploads\/2025\/06\/Tomasz-Obluski-min.png 1080w, https:\/\/glareone.eu\/wp-content\/uploads\/2025\/06\/Tomasz-Obluski-min-300x300.png 300w, https:\/\/glareone.eu\/wp-content\/uploads\/2025\/06\/Tomasz-Obluski-min-1030x1030.png 1030w, https:\/\/glareone.eu\/wp-content\/uploads\/2025\/06\/Tomasz-Obluski-min-80x80.png 80w, https:\/\/glareone.eu\/wp-content\/uploads\/2025\/06\/Tomasz-Obluski-min-768x768.png 768w, https:\/\/glareone.eu\/wp-content\/uploads\/2025\/06\/Tomasz-Obluski-min-36x36.png 36w, https:\/\/glareone.eu\/wp-content\/uploads\/2025\/06\/Tomasz-Obluski-min-180x180.png 180w, https:\/\/glareone.eu\/wp-content\/uploads\/2025\/06\/Tomasz-Obluski-min-705x705.png 705w, https:\/\/glareone.eu\/wp-content\/uploads\/2025\/06\/Tomasz-Obluski-min-120x120.png 120w, https:\/\/glareone.eu\/wp-content\/uploads\/2025\/06\/Tomasz-Obluski-min-450x450.png 450w, https:\/\/glareone.eu\/wp-content\/uploads\/2025\/06\/Tomasz-Obluski-min-600x600.png 600w, https:\/\/glareone.eu\/wp-content\/uploads\/2025\/06\/Tomasz-Obluski-min-100x100.png 100w\" sizes=\"(max-width: 1080px) 100vw, 1080px\" \/><\/div><\/div><\/div><br \/>\n<section  class='av_textblock_section av-mbjahfqm-221176108bf1828fa73996b9c6e3349e '   itemscope=\"itemscope\" itemtype=\"https:\/\/schema.org\/CreativeWork\" ><div class='avia_textblock'  itemprop=\"text\" ><p style=\"text-align: center;\"><b>Tomasz Ob\u0142uski<\/b><\/p>\n<p style=\"text-align: center;\">Tomasz Ob\u0142uski jest specjalist\u0105 ds. wsparcia technicznego w firmie Alstor, odpowiedzialnym za obs\u0142ug\u0119 klient\u00f3w korzystaj\u0105cych z produkt\u00f3w marki EIZO. Z firm\u0105 zwi\u0105zany jest od 1995 roku, kiedy rozpocz\u0105\u0142 prac\u0119 w serwisie, kt\u00f3rym kieruje do dzi\u015b. Z wykszta\u0142cenia elektronik, z zami\u0142owania podr\u00f3\u017cnik i fotograf. Prowadzi szkolenia z zarz\u0105dzania kolorem dla bran\u017cy fotograficznej i DTP, dziel\u0105c si\u0119 swoj\u0105 wiedz\u0105 i do\u015bwiadczeniem na licznych warsztatach i wydarzeniach bran\u017cowych.<\/p>\n<\/div><\/section><br \/>\n<div  class='avia-button-wrap av-1clmxxd-90a8992f181e4af003477ae332b96f97-wrap avia-button-center  avia-builder-el-53  el_after_av_textblock  avia-builder-el-last '>\n<style type=\"text\/css\" data-created_by=\"avia_inline_auto\" id=\"style-css-av-1clmxxd-90a8992f181e4af003477ae332b96f97\">\n#top #wrap_all .avia-button.av-1clmxxd-90a8992f181e4af003477ae332b96f97{\nfont-size:14px;\nborder-style:solid;\ntransition:all 0.4s ease-in-out;\n}\n<\/style>\n<a href='https:\/\/glareone.eu\/pl\/letnie-meetingi-fotograficzne\/tomasz-obluski\/'  class='avia-button av-1clmxxd-90a8992f181e4af003477ae332b96f97 av-link-btn avia-icon_select-no avia-size-large avia-position-center avia-color-theme-color'  ><span class='avia_iconbox_title' >Sprawd\u017a portfolio<\/span><\/a><\/div><\/p><\/div>\n<div  class='flex_column av-108ja2p-bd9e52eba28d5ee63627ea1ce260ca9c av_one_third  avia-builder-el-54  el_after_av_one_third  el_before_av_one_full  flex_column_div  column-top-margin'     ><p>\n<style type=\"text\/css\" data-created_by=\"avia_inline_auto\" id=\"style-css-av-mnylog3h-a1b88dcf1b840f6dd1454d59569c5cc8\">\n.avia-image-container.av-mnylog3h-a1b88dcf1b840f6dd1454d59569c5cc8 img.avia_image{\nbox-shadow:none;\n}\n.avia-image-container.av-mnylog3h-a1b88dcf1b840f6dd1454d59569c5cc8 .av-image-caption-overlay-center{\ncolor:#ffffff;\n}\n<\/style>\n<div  class='avia-image-container av-mnylog3h-a1b88dcf1b840f6dd1454d59569c5cc8 av-styling- avia-align-center  avia-builder-el-55  el_before_av_textblock  avia-builder-el-first '   itemprop=\"image\" itemscope=\"itemscope\" itemtype=\"https:\/\/schema.org\/ImageObject\" ><div class=\"avia-image-container-inner\"><div class=\"avia-image-overlay-wrap\"><img decoding=\"async\" fetchpriority=\"high\" class='wp-image-24389 avia-img-lazy-loading-not-24389 avia_image ' src=\"https:\/\/glareone.eu\/wp-content\/uploads\/2026\/04\/Marcin-Wozniak.png\" alt='' title='Marcin Wo\u017aniak'  height=\"1080\" width=\"1080\"  itemprop=\"thumbnailUrl\" srcset=\"https:\/\/glareone.eu\/wp-content\/uploads\/2026\/04\/Marcin-Wozniak.png 1080w, https:\/\/glareone.eu\/wp-content\/uploads\/2026\/04\/Marcin-Wozniak-300x300.png 300w, https:\/\/glareone.eu\/wp-content\/uploads\/2026\/04\/Marcin-Wozniak-1030x1030.png 1030w, https:\/\/glareone.eu\/wp-content\/uploads\/2026\/04\/Marcin-Wozniak-80x80.png 80w, https:\/\/glareone.eu\/wp-content\/uploads\/2026\/04\/Marcin-Wozniak-768x768.png 768w, https:\/\/glareone.eu\/wp-content\/uploads\/2026\/04\/Marcin-Wozniak-36x36.png 36w, https:\/\/glareone.eu\/wp-content\/uploads\/2026\/04\/Marcin-Wozniak-180x180.png 180w, https:\/\/glareone.eu\/wp-content\/uploads\/2026\/04\/Marcin-Wozniak-705x705.png 705w, https:\/\/glareone.eu\/wp-content\/uploads\/2026\/04\/Marcin-Wozniak-120x120.png 120w, https:\/\/glareone.eu\/wp-content\/uploads\/2026\/04\/Marcin-Wozniak-450x450.png 450w, https:\/\/glareone.eu\/wp-content\/uploads\/2026\/04\/Marcin-Wozniak-600x600.png 600w, https:\/\/glareone.eu\/wp-content\/uploads\/2026\/04\/Marcin-Wozniak-100x100.png 100w\" sizes=\"(max-width: 1080px) 100vw, 1080px\" \/><\/div><\/div><\/div><br \/>\n<section  class='av_textblock_section av-mnylgry4-b8ae5ce41b0a9c777e6e8106f66f55d3 '   itemscope=\"itemscope\" itemtype=\"https:\/\/schema.org\/CreativeWork\" ><div class='avia_textblock'  itemprop=\"text\" ><p style=\"text-align: center;\"><b>Marcin Wo\u017aniak<\/b><\/p>\n<p style=\"text-align: center;\"><span style=\"font-weight: 400;\">Fotograf z blisko 30-letnim do\u015bwiadczeniem, dla kt\u00f3rego \u015bwiat\u0142o jest najwa\u017cniejszym narz\u0119dziem tw\u00f3rczym. Od lat specjalizuje si\u0119 w portrecie, tworz\u0105c dopracowane w ka\u017cdym szczeg\u00f3le kompozycje. By\u0142y dziennikarz bran\u017cowy, freelancer i edukator \u2013 dzi\u015b zawodowo zwi\u0105zany z mark\u0105 GlareOne, gdzie jako Brand Manager odpowiada za rozw\u00f3j sprz\u0119tu o\u015bwietleniowego.<br \/>\nProwadzi warsztaty z fotografii studyjnej, ucz\u0105c \u015bwiadomej pracy ze \u015bwiat\u0142em.\u00a0<\/span><\/p>\n<\/div><\/section><br \/>\n<div  class='avia-button-wrap av-mnymap6y-988cbd0cced9a1e4cd49c74001901c39-wrap avia-button-center  avia-builder-el-57  el_after_av_textblock  avia-builder-el-last '>\n<style type=\"text\/css\" data-created_by=\"avia_inline_auto\" id=\"style-css-av-mnymap6y-988cbd0cced9a1e4cd49c74001901c39\">\n#top #wrap_all .avia-button.av-mnymap6y-988cbd0cced9a1e4cd49c74001901c39{\nfont-size:14px;\nborder-style:solid;\ntransition:all 0.4s ease-in-out;\n}\n<\/style>\n<a href='\/pl\/letnie-meetingi-fotograficzne\/marcin-wozniak\/'  class='avia-button av-mnymap6y-988cbd0cced9a1e4cd49c74001901c39 av-link-btn avia-icon_select-no avia-size-large avia-position-center avia-color-theme-color'  ><span class='avia_iconbox_title' >Sprawd\u017a portfolio<\/span><\/a><\/div><\/p><\/div>\n<div  class='flex_column av-eqw8ixt-b3f476674f334249004c3d362c9c50bd av_one_full  avia-builder-el-58  el_after_av_one_third  el_before_av_one_half  first flex_column_div  column-top-margin'     ><p>\n<style type=\"text\/css\" data-created_by=\"avia_inline_auto\" id=\"style-css-av-mbhti7zx-a1e55ca77274cc7737e48098b39cc179\">\n#top .av-special-heading.av-mbhti7zx-a1e55ca77274cc7737e48098b39cc179{\npadding-bottom:10px;\n}\nbody .av-special-heading.av-mbhti7zx-a1e55ca77274cc7737e48098b39cc179 .av-special-heading-tag .heading-char{\nfont-size:25px;\n}\n.av-special-heading.av-mbhti7zx-a1e55ca77274cc7737e48098b39cc179 .av-subheading{\nfont-size:15px;\n}\n<\/style>\n<div  class='av-special-heading av-mbhti7zx-a1e55ca77274cc7737e48098b39cc179 av-special-heading-h2  avia-builder-el-59  el_before_av_hr  avia-builder-el-first '><h2 class='av-special-heading-tag'  itemprop=\"headline\"  >Agenda<\/h2><div class=\"special-heading-border\"><div class=\"special-heading-inner-border\"><\/div><\/div><\/div><br \/>\n\n<style type=\"text\/css\" data-created_by=\"avia_inline_auto\" id=\"style-css-av-ecv6igx-b7b07d95acba67438ca054f850692bba\">\n#top .hr.hr-invisible.av-ecv6igx-b7b07d95acba67438ca054f850692bba{\nheight:20px;\n}\n<\/style>\n<div  class='hr av-ecv6igx-b7b07d95acba67438ca054f850692bba hr-invisible  avia-builder-el-60  el_after_av_heading  el_before_av_textblock '><span class='hr-inner '><span class=\"hr-inner-style\"><\/span><\/span><\/div><br \/>\n<section  class='av_textblock_section av-mbhtjl13-d962e7e506ccaadd922ce3d34623ab35 '   itemscope=\"itemscope\" itemtype=\"https:\/\/schema.org\/CreativeWork\" ><div class='avia_textblock'  itemprop=\"text\" ><h3>05:00 &#8211; 08:00 &#8211; Fotospacer z Przemys\u0142awem Jakubczykiem (opcjonalny, dodatkowo p\u0142atny)<\/h3>\n<p><span data-sheets-root=\"1\">Street photo z pi\u0119knymi kolorami w blasku wschodz\u0105cego s\u0142o\u0144ca \u2013 Fotospacer \u2013 OM System Technical Expert, Ambasador marki Peak Design (dla ch\u0119tnych, dodatkowo p\u0142atny). Bilet kupisz na stronie: <a href=\"https:\/\/events.eao.omsystem.com\/letnie-2026\">https:\/\/events.eao.omsystem.com\/letnie-2026\u00a0<\/a><\/span><\/p>\n<\/div><\/section><br \/>\n\n<style type=\"text\/css\" data-created_by=\"avia_inline_auto\" id=\"style-css-av-e1fw9s1-b39ba5f23bffd3483c853da09f25f3aa\">\n#top .hr.hr-invisible.av-e1fw9s1-b39ba5f23bffd3483c853da09f25f3aa{\nheight:20px;\n}\n<\/style>\n<div  class='hr av-e1fw9s1-b39ba5f23bffd3483c853da09f25f3aa hr-invisible  avia-builder-el-62  el_after_av_textblock  el_before_av_textblock '><span class='hr-inner '><span class=\"hr-inner-style\"><\/span><\/span><\/div><br \/>\n<section  class='av_textblock_section av-mbhtkv6h-e7fb2a95e388dd439aab600dc67f8357 '   itemscope=\"itemscope\" itemtype=\"https:\/\/schema.org\/CreativeWork\" ><div class='avia_textblock'  itemprop=\"text\" ><h3>08:00 &#8211; 09:00 &#8211; zbi\u00f3rka uczestnik\u00f3w i poranna kawa<\/h3>\n<p>Czas na zebranie si\u0119 uczestnik\u00f3w po fotospacerze i \u015bwietny moment na rozmowy przy kawie.<\/p>\n<\/div><\/section><br \/>\n\n<style type=\"text\/css\" data-created_by=\"avia_inline_auto\" id=\"style-css-av-130m8v5-01855ec136d34100c394228b2a1c7124\">\n#top .hr.hr-invisible.av-130m8v5-01855ec136d34100c394228b2a1c7124{\nheight:20px;\n}\n<\/style>\n<div  class='hr av-130m8v5-01855ec136d34100c394228b2a1c7124 hr-invisible  avia-builder-el-64  el_after_av_textblock  el_before_av_textblock '><span class='hr-inner '><span class=\"hr-inner-style\"><\/span><\/span><\/div><br \/>\n<section  class='av_textblock_section av-mbq92dug-44b66cc881d23a10e4c78c42746ba1e8 '   itemscope=\"itemscope\" itemtype=\"https:\/\/schema.org\/CreativeWork\" ><div class='avia_textblock'  itemprop=\"text\" ><h3>09:00 &#8211; 09:30 &#8211; oficjalne rozpocz\u0119cie wydarzenia<\/h3>\n<p>Powitanie uczestnik\u00f3w, prelegent\u00f3w oraz partner\u00f3w.<\/p>\n<\/div><\/section><br \/>\n\n<style type=\"text\/css\" data-created_by=\"avia_inline_auto\" id=\"style-css-av-djxoxy9-6f5704b6036cc5546dc1dadd5d475ad2\">\n#top .hr.hr-invisible.av-djxoxy9-6f5704b6036cc5546dc1dadd5d475ad2{\nheight:20px;\n}\n<\/style>\n<div  class='hr av-djxoxy9-6f5704b6036cc5546dc1dadd5d475ad2 hr-invisible  avia-builder-el-66  el_after_av_textblock  el_before_av_textblock '><span class='hr-inner '><span class=\"hr-inner-style\"><\/span><\/span><\/div><br \/>\n<section  class='av_textblock_section av-mbhtmfqr-0fddfa81e31dca83bd747e5dcf7f91b9 '   itemscope=\"itemscope\" itemtype=\"https:\/\/schema.org\/CreativeWork\" ><div class='avia_textblock'  itemprop=\"text\" ><h3>09:30 &#8211; 10:45 &#8211; prelekcja Przemys\u0142awa Jakubczyka<\/h3>\n<p><span data-sheets-root=\"1\">Podr\u00f3\u017cuj, fotografuj, nie zwariuj \u2013 czyli fotograf w podr\u00f3\u017cy.<\/span><\/p>\n<\/div><\/section><br \/>\n\n<style type=\"text\/css\" data-created_by=\"avia_inline_auto\" id=\"style-css-av-d46rzq9-449a476eb1e6da3cf92b7f5401708aea\">\n#top .hr.hr-invisible.av-d46rzq9-449a476eb1e6da3cf92b7f5401708aea{\nheight:20px;\n}\n<\/style>\n<div  class='hr av-d46rzq9-449a476eb1e6da3cf92b7f5401708aea hr-invisible  avia-builder-el-68  el_after_av_textblock  el_before_av_textblock '><span class='hr-inner '><span class=\"hr-inner-style\"><\/span><\/span><\/div><br \/>\n<section  class='av_textblock_section av-mbhtn4vs-48d0628455378e705bfce645ebf081cf '   itemscope=\"itemscope\" itemtype=\"https:\/\/schema.org\/CreativeWork\" ><div class='avia_textblock'  itemprop=\"text\" ><h3>10:45 &#8211; 11:15 &#8211; przerwa kawowa<\/h3>\n<p><span data-sheets-root=\"1\">Przerwa na kaw\u0119, przek\u0105sk\u0119 i moment na nawi\u0105zanie relacji.<\/span><\/p>\n<\/div><\/section><br \/>\n\n<style type=\"text\/css\" data-created_by=\"avia_inline_auto\" id=\"style-css-av-cua377l-79a303ae9220b35b7868b2e715096912\">\n#top .hr.hr-invisible.av-cua377l-79a303ae9220b35b7868b2e715096912{\nheight:20px;\n}\n<\/style>\n<div  class='hr av-cua377l-79a303ae9220b35b7868b2e715096912 hr-invisible  avia-builder-el-70  el_after_av_textblock  el_before_av_textblock '><span class='hr-inner '><span class=\"hr-inner-style\"><\/span><\/span><\/div><br \/>\n<section  class='av_textblock_section av-mbhtnq0o-d9476dccee2d0ed685a01cf3809a5348 '   itemscope=\"itemscope\" itemtype=\"https:\/\/schema.org\/CreativeWork\" ><div class='avia_textblock'  itemprop=\"text\" ><h3>11:15 &#8211; 12:30 &#8211; prelekcj\u0105 z sesj\u0105 pokazow\u0105 Stanis\u0142awa Surmana<\/h3>\n<p><span data-sheets-root=\"1\">Fotografuj emocje. Bo bez emocji nie ma fotografii. A \u015bwiat\u0142o \u2013 ono zawsze je ze sob\u0105 niesie.<\/span><\/p>\n<\/div><\/section><br \/>\n\n<style type=\"text\/css\" data-created_by=\"avia_inline_auto\" id=\"style-css-av-cd61zkx-1e4411042300425cf5c2c8593a010ca8\">\n#top .hr.hr-invisible.av-cd61zkx-1e4411042300425cf5c2c8593a010ca8{\nheight:20px;\n}\n<\/style>\n<div  class='hr av-cd61zkx-1e4411042300425cf5c2c8593a010ca8 hr-invisible  avia-builder-el-72  el_after_av_textblock  el_before_av_textblock '><span class='hr-inner '><span class=\"hr-inner-style\"><\/span><\/span><\/div><br \/>\n<section  class='av_textblock_section av-mbhtozck-2affcdb37d7d01cf2231c0dc8f4480c6 '   itemscope=\"itemscope\" itemtype=\"https:\/\/schema.org\/CreativeWork\" ><div class='avia_textblock'  itemprop=\"text\" ><h3>12:40 &#8211; 13:10 &#8211; prelekcja Tomasza Ob\u0142uskiego<\/h3>\n<p>Jak skalibrowa\u0107 monitor, aby Twoje zdj\u0119cia wygl\u0105da\u0142y <span style=\"font-weight: 400;\">perfekcyjnie nie tylko w aparacie, ale te\u017c na ekranie?<\/span><\/p>\n<\/div><\/section><br \/>\n\n<style type=\"text\/css\" data-created_by=\"avia_inline_auto\" id=\"style-css-av-btb8yox-2bc43e91d33a0a1b748d937858ac9c39\">\n#top .hr.hr-invisible.av-btb8yox-2bc43e91d33a0a1b748d937858ac9c39{\nheight:20px;\n}\n<\/style>\n<div  class='hr av-btb8yox-2bc43e91d33a0a1b748d937858ac9c39 hr-invisible  avia-builder-el-74  el_after_av_textblock  el_before_av_textblock '><span class='hr-inner '><span class=\"hr-inner-style\"><\/span><\/span><\/div><br \/>\n<section  class='av_textblock_section av-mbhtqxc1-22277d87fc0ee36c3f4e26828462470e '   itemscope=\"itemscope\" itemtype=\"https:\/\/schema.org\/CreativeWork\" ><div class='avia_textblock'  itemprop=\"text\" ><h3>13:10 &#8211; 13:40 &#8211; przerwa kawowa<\/h3>\n<p><span data-sheets-root=\"1\">Przerwa na kaw\u0119, przek\u0105sk\u0119 i moment na nawi\u0105zanie relacji.<\/span><\/p>\n<\/div><\/section><br \/>\n\n<style type=\"text\/css\" data-created_by=\"avia_inline_auto\" id=\"style-css-av-amgozgh-5f67cabede7b40d9ed99026977362354\">\n#top .hr.hr-invisible.av-amgozgh-5f67cabede7b40d9ed99026977362354{\nheight:20px;\n}\n<\/style>\n<div  class='hr av-amgozgh-5f67cabede7b40d9ed99026977362354 hr-invisible  avia-builder-el-76  el_after_av_textblock  el_before_av_textblock '><span class='hr-inner '><span class=\"hr-inner-style\"><\/span><\/span><\/div><br \/>\n<section  class='av_textblock_section av-mbhtrkwf-7ecc67d74d30d151a0911e2da4219ecf '   itemscope=\"itemscope\" itemtype=\"https:\/\/schema.org\/CreativeWork\" ><div class='avia_textblock'  itemprop=\"text\" ><h3>13:40 &#8211; 14:55 &#8211; prelekcja Krzysztofa Kisa\u0142y\/Tomasza Zienia Zienkiewicza<\/h3>\n<p>Prelekcja Krzysztofa Kisa\u0142y: O emocjach w fotografii dzieci\u0119cej, rodzinnej i \u015blubnej &#8211; partner nPhoto (Zielona G\u00f3ra, Gorz\u00f3w Wielkopolski, Wroc\u0142aw, Katowice, Kielce).<\/p>\n<p>Prelekcja Tomasza Zienia Zienkiewicza: Fotografia kobieco\u015bci, czyli emocje w w fotografii sensualnej &#8211; partner nPhoto. &#8211; partner nPhoto (Toru\u0144, P\u0142ock, \u0141\u00f3d\u017a, Gdynia, Koszalin).<\/p>\n<\/div><\/section><br \/>\n\n<style type=\"text\/css\" data-created_by=\"avia_inline_auto\" id=\"style-css-av-a9zlpup-e669f6305b6d4a89210693054599395e\">\n#top .hr.hr-invisible.av-a9zlpup-e669f6305b6d4a89210693054599395e{\nheight:20px;\n}\n<\/style>\n<div  class='hr av-a9zlpup-e669f6305b6d4a89210693054599395e hr-invisible  avia-builder-el-78  el_after_av_textblock  el_before_av_textblock '><span class='hr-inner '><span class=\"hr-inner-style\"><\/span><\/span><\/div><br \/>\n<section  class='av_textblock_section av-mbq97i4s-c28638fab1278940cda6d2efe8ad8dd7 '   itemscope=\"itemscope\" itemtype=\"https:\/\/schema.org\/CreativeWork\" ><div class='avia_textblock'  itemprop=\"text\" ><h3>14:55 &#8211; 16:45 &#8211; warsztaty fotograficzne<\/h3>\n<p>Wsp\u00f3lne fotografowanie pod okiem naszych ekspert\u00f3w. Praca z modelk\u0105, testy sprz\u0119tu. inspiracje i wymiana do\u015bwiadcze\u0144.<\/p>\n<\/div><\/section><br \/>\n\n<style type=\"text\/css\" data-created_by=\"avia_inline_auto\" id=\"style-css-av-icmzc1-9552c22ddafaec321b62af0e1c9c43ce\">\n#top .hr.hr-invisible.av-icmzc1-9552c22ddafaec321b62af0e1c9c43ce{\nheight:10px;\n}\n<\/style>\n<div  class='hr av-icmzc1-9552c22ddafaec321b62af0e1c9c43ce hr-invisible  avia-builder-el-80  el_after_av_textblock  el_before_av_textblock '><span class='hr-inner '><span class=\"hr-inner-style\"><\/span><\/span><\/div><br \/>\n<section  class='av_textblock_section av-3ld35hd-d3e5ecd8a4dc9dfc24bee6a228feb4d1 '   itemscope=\"itemscope\" itemtype=\"https:\/\/schema.org\/CreativeWork\" ><div class='avia_textblock'  itemprop=\"text\" ><h3>16:45 &#8211; 17:00 &#8211; zako\u0144czenie meetingu i rozstrzygni\u0119cie konkursu<\/h3>\n<p><span data-sheets-root=\"1\">Czas, kiedy przedstawimy laurat\u00f3w naszego konkursu na najlepsz\u0105 fotografi\u0119 w trakcie naszego meetingu i zako\u0144czenie spotkania. <\/span><\/p>\n<\/div><\/section><br \/>\n\n<style type=\"text\/css\" data-created_by=\"avia_inline_auto\" id=\"style-css-av-2xgy7tt-0f5f11a889209f936c7d2ea2447e5ce0\">\n#top .hr.hr-invisible.av-2xgy7tt-0f5f11a889209f936c7d2ea2447e5ce0{\nheight:10px;\n}\n<\/style>\n<div  class='hr av-2xgy7tt-0f5f11a889209f936c7d2ea2447e5ce0 hr-invisible  avia-builder-el-82  el_after_av_textblock  avia-builder-el-last '><span class='hr-inner '><span class=\"hr-inner-style\"><\/span><\/span><\/div><\/p><\/div>\n<div  class='flex_column av-2o4qqip-1e8354e6970a779aac3680b7d77cc830 av_one_half  avia-builder-el-83  el_after_av_one_full  el_before_av_one_half  first flex_column_div  column-top-margin'     ><style type=\"text\/css\" data-created_by=\"avia_inline_auto\" id=\"style-css-av-mbhw04fw-7faf1f01a9c8a2c701b15e344ee1376b\">\n.avia-image-container.av-mbhw04fw-7faf1f01a9c8a2c701b15e344ee1376b img.avia_image{\nbox-shadow:none;\n}\n.avia-image-container.av-mbhw04fw-7faf1f01a9c8a2c701b15e344ee1376b .av-image-caption-overlay-center{\ncolor:#ffffff;\n}\n<\/style>\n<div  class='avia-image-container av-mbhw04fw-7faf1f01a9c8a2c701b15e344ee1376b av-styling- avia-align-center  avia-builder-el-84  avia-builder-el-no-sibling '   itemprop=\"image\" itemscope=\"itemscope\" itemtype=\"https:\/\/schema.org\/ImageObject\" ><div class=\"avia-image-container-inner\"><div class=\"avia-image-overlay-wrap\"><img decoding=\"async\" fetchpriority=\"high\" class='wp-image-18814 avia-img-lazy-loading-not-18814 avia_image ' src=\"https:\/\/glareone.eu\/wp-content\/uploads\/2025\/06\/nPhoto_Rzeszow_GlareOne_Elinchrom_Peak_Design__032-scaled.jpg\" alt='' title='nPhoto_Rzeszow_GlareOne_Elinchrom_Peak_Design__032'  height=\"1707\" width=\"2560\"  itemprop=\"thumbnailUrl\" srcset=\"https:\/\/glareone.eu\/wp-content\/uploads\/2025\/06\/nPhoto_Rzeszow_GlareOne_Elinchrom_Peak_Design__032-scaled.jpg 2560w, https:\/\/glareone.eu\/wp-content\/uploads\/2025\/06\/nPhoto_Rzeszow_GlareOne_Elinchrom_Peak_Design__032-300x200.jpg 300w, https:\/\/glareone.eu\/wp-content\/uploads\/2025\/06\/nPhoto_Rzeszow_GlareOne_Elinchrom_Peak_Design__032-1030x687.jpg 1030w, https:\/\/glareone.eu\/wp-content\/uploads\/2025\/06\/nPhoto_Rzeszow_GlareOne_Elinchrom_Peak_Design__032-768x512.jpg 768w, https:\/\/glareone.eu\/wp-content\/uploads\/2025\/06\/nPhoto_Rzeszow_GlareOne_Elinchrom_Peak_Design__032-1536x1024.jpg 1536w, https:\/\/glareone.eu\/wp-content\/uploads\/2025\/06\/nPhoto_Rzeszow_GlareOne_Elinchrom_Peak_Design__032-2048x1365.jpg 2048w, https:\/\/glareone.eu\/wp-content\/uploads\/2025\/06\/nPhoto_Rzeszow_GlareOne_Elinchrom_Peak_Design__032-1500x1000.jpg 1500w, https:\/\/glareone.eu\/wp-content\/uploads\/2025\/06\/nPhoto_Rzeszow_GlareOne_Elinchrom_Peak_Design__032-705x470.jpg 705w, https:\/\/glareone.eu\/wp-content\/uploads\/2025\/06\/nPhoto_Rzeszow_GlareOne_Elinchrom_Peak_Design__032-450x300.jpg 450w, https:\/\/glareone.eu\/wp-content\/uploads\/2025\/06\/nPhoto_Rzeszow_GlareOne_Elinchrom_Peak_Design__032-600x400.jpg 600w\" sizes=\"(max-width: 2560px) 100vw, 2560px\" \/><\/div><\/div><\/div><\/div>\n<div  class='flex_column av-21b09dt-f08fc924555d1b2c64c95185d4748133 av_one_half  avia-builder-el-85  el_after_av_one_half  el_before_av_one_full  flex_column_div  column-top-margin'     ><style type=\"text\/css\" data-created_by=\"avia_inline_auto\" id=\"style-css-av-mbhw405e-e5191bb985a56e3ae8ce4d8b9376c925\">\n.avia-image-container.av-mbhw405e-e5191bb985a56e3ae8ce4d8b9376c925 img.avia_image{\nbox-shadow:none;\n}\n.avia-image-container.av-mbhw405e-e5191bb985a56e3ae8ce4d8b9376c925 .av-image-caption-overlay-center{\ncolor:#ffffff;\n}\n<\/style>\n<div  class='avia-image-container av-mbhw405e-e5191bb985a56e3ae8ce4d8b9376c925 av-styling- avia-align-center  avia-builder-el-86  avia-builder-el-no-sibling '   itemprop=\"image\" itemscope=\"itemscope\" itemtype=\"https:\/\/schema.org\/ImageObject\" ><div class=\"avia-image-container-inner\"><div class=\"avia-image-overlay-wrap\"><img decoding=\"async\" fetchpriority=\"high\" class='wp-image-18834 avia-img-lazy-loading-not-18834 avia_image ' src=\"https:\/\/glareone.eu\/wp-content\/uploads\/2025\/06\/warsztaty-Ola.png\" alt='' title='warsztaty Ola'  height=\"407\" width=\"611\"  itemprop=\"thumbnailUrl\" srcset=\"https:\/\/glareone.eu\/wp-content\/uploads\/2025\/06\/warsztaty-Ola.png 611w, https:\/\/glareone.eu\/wp-content\/uploads\/2025\/06\/warsztaty-Ola-300x200.png 300w, https:\/\/glareone.eu\/wp-content\/uploads\/2025\/06\/warsztaty-Ola-450x300.png 450w, https:\/\/glareone.eu\/wp-content\/uploads\/2025\/06\/warsztaty-Ola-600x400.png 600w\" sizes=\"(max-width: 611px) 100vw, 611px\" \/><\/div><\/div><\/div><\/div>\n<div  class='flex_column av-3nhex8h-a41bb8c454a71a3c0336c606ad8b3316 av_one_full  avia-builder-el-87  el_after_av_one_half  el_before_av_one_full  first flex_column_div  column-top-margin'     ><p>\n<style type=\"text\/css\" data-created_by=\"avia_inline_auto\" id=\"style-css-av-mbhzoos3-4f1bc865cddbf8773cbaf8f19ec96eee\">\n#top .av-special-heading.av-mbhzoos3-4f1bc865cddbf8773cbaf8f19ec96eee{\npadding-bottom:10px;\n}\nbody .av-special-heading.av-mbhzoos3-4f1bc865cddbf8773cbaf8f19ec96eee .av-special-heading-tag .heading-char{\nfont-size:25px;\n}\n.av-special-heading.av-mbhzoos3-4f1bc865cddbf8773cbaf8f19ec96eee .av-subheading{\nfont-size:15px;\n}\n<\/style>\n<div  class='av-special-heading av-mbhzoos3-4f1bc865cddbf8773cbaf8f19ec96eee av-special-heading-h2  avia-builder-el-88  el_before_av_textblock  avia-builder-el-first '><h2 class='av-special-heading-tag'  itemprop=\"headline\"  >Nie przegap Letnich Meeting\u00f3w Fotograficznych w Twoim mie\u015bcie!<\/h2><div class=\"special-heading-border\"><div class=\"special-heading-inner-border\"><\/div><\/div><\/div><br \/>\n<section  class='av_textblock_section av-mbhzocbb-ae1174b28f74a507440ad215a98d10f2 '   itemscope=\"itemscope\" itemtype=\"https:\/\/schema.org\/CreativeWork\" ><div class='avia_textblock'  itemprop=\"text\" ><p><span style=\"font-weight: 400;\">Sprawd\u017a termin, wybierz swoje miasto i do\u0142\u0105cz do nas na fotograficzny dzie\u0144 pe\u0142en emocji, wiedzy i wyj\u0105tkowych moment\u00f3w.<\/span><\/p>\n<\/div><\/section><\/p><\/div>\n<div  class='flex_column av-bwt1utd-974d5b97d9ebb33c2ed59dc8f638e15b av_one_full  avia-builder-el-90  el_after_av_one_full  el_before_av_one_third  first flex_column_div  column-top-margin'     ><p>\n<style type=\"text\/css\" data-created_by=\"avia_inline_auto\" id=\"style-css-av-bc81rb5-0a20639926d6cf8e7fe04892cb76377a\">\n#top .av-special-heading.av-bc81rb5-0a20639926d6cf8e7fe04892cb76377a{\npadding-bottom:10px;\n}\nbody .av-special-heading.av-bc81rb5-0a20639926d6cf8e7fe04892cb76377a .av-special-heading-tag .heading-char{\nfont-size:25px;\n}\n.av-special-heading.av-bc81rb5-0a20639926d6cf8e7fe04892cb76377a .av-subheading{\nfont-size:15px;\n}\n<\/style>\n<div  class='av-special-heading av-bc81rb5-0a20639926d6cf8e7fe04892cb76377a av-special-heading-h2  avia-builder-el-91  el_before_av_textblock  avia-builder-el-first '><h2 class='av-special-heading-tag'  itemprop=\"headline\"  >Harmonogram<\/h2><div class=\"special-heading-border\"><div class=\"special-heading-inner-border\"><\/div><\/div><\/div><br \/>\n<section  class='av_textblock_section av-mbruvxhs-095b058b15c05d5f3cccd5fb7cb53b3f '   itemscope=\"itemscope\" itemtype=\"https:\/\/schema.org\/CreativeWork\" ><div class='avia_textblock'  itemprop=\"text\" ><p>Fotospacer i Meetingi s\u0105 biletowane oddzielnie. Je\u015bli chcesz wzi\u0105\u0107 udzia\u0142 w obu wydarzeniach &#8211; kup dwa osobne bilety.<\/p>\n<\/div><\/section><\/p><\/div>\n<div  class='flex_column av-12o2001-2732c7fcaf5baef287a3a3766e86844f av_one_third  avia-builder-el-93  el_after_av_one_full  el_before_av_one_third  first flex_column_div  column-top-margin'     ><section  class='av_textblock_section av-a5wynk1-be78b4a9c50a6f74c522a00a9613d1b6 '   itemscope=\"itemscope\" itemtype=\"https:\/\/schema.org\/CreativeWork\" ><div class='avia_textblock'  itemprop=\"text\" ><h3><strong>22.06.2026<\/strong> &#8211; Zielona G\u00f3ra<\/h3>\n<p>Ruben Hotel, Al. Konstytucji 3 Maja 1 A<\/p>\n<\/div><\/section><br \/>\n<div  class='avia-button-wrap av-mbrtu86c-52dd95c0c919a07879dce518deed0bd5-wrap avia-button-left  avia-builder-el-95  el_after_av_textblock  el_before_av_button '>\n<style type=\"text\/css\" data-created_by=\"avia_inline_auto\" id=\"style-css-av-mbrtu86c-52dd95c0c919a07879dce518deed0bd5\">\n#top #wrap_all .avia-button.av-mbrtu86c-52dd95c0c919a07879dce518deed0bd5{\nfont-size:14px;\nborder-style:solid;\nborder-radius:0 0 0 0;\ntransition:all 0.4s ease-in-out;\nmargin:10px 0 15px 0;\n}\n#top #wrap_all.avia-button.av-mbrtu86c-52dd95c0c919a07879dce518deed0bd5:hover .avia_button_background{\nborder-radius:0 0 0 0;\n}\n<\/style>\n<a href='https:\/\/evenea.pl\/pl\/wydarzenie\/LetnieMeetingiFotograficzne-ZIELONAGORA' class='avia-button av-mbrtu86c-52dd95c0c919a07879dce518deed0bd5 av-link-btn avia-icon_select-no avia-size-large avia-position-left avia-color-red' target=\"_blank\" rel=\"noopener noreferrer\"><span class='avia_iconbox_title' >Kup bilet na prelekcje i warsztaty<\/span><\/a><\/div><br \/>\n<div  class='avia-button-wrap av-mbrrtpqi-022af2e1963be8e5376b636ab1063bf4-wrap avia-button-left  avia-builder-el-96  el_after_av_button  avia-builder-el-last '>\n<style type=\"text\/css\" data-created_by=\"avia_inline_auto\" id=\"style-css-av-mbrrtpqi-022af2e1963be8e5376b636ab1063bf4\">\n#top #wrap_all .avia-button.av-mbrrtpqi-022af2e1963be8e5376b636ab1063bf4{\nfont-size:14px;\nborder-style:solid;\nborder-radius:0 0 0 0;\ntransition:all 0.4s ease-in-out;\n}\n#top #wrap_all.avia-button.av-mbrrtpqi-022af2e1963be8e5376b636ab1063bf4:hover .avia_button_background{\nborder-radius:0 0 0 0;\n}\n<\/style>\n<a href='https:\/\/events.eao.omsystem.com\/spacer-pd-zielona' class='avia-button av-mbrrtpqi-022af2e1963be8e5376b636ab1063bf4 av-link-btn avia-icon_select-no avia-size-large avia-position-left avia-color-red' target=\"_blank\" rel=\"noopener noreferrer\"><span class='avia_iconbox_title' >Kup bilet na fotospacer<\/span><\/a><\/div><\/p><\/div>\n<div  class='flex_column av-9m2xhr5-460d72eeb7dd315f047ded1a1aeb64c6 av_one_third  avia-builder-el-97  el_after_av_one_third  el_before_av_one_third  flex_column_div  column-top-margin'     ><section  class='av_textblock_section av-mbqiodup-bd9fc3aec352f0ab84253732314d7865 '   itemscope=\"itemscope\" itemtype=\"https:\/\/schema.org\/CreativeWork\" ><div class='avia_textblock'  itemprop=\"text\" ><h3><strong>23.06.2025<\/strong> &#8211; Gorz\u00f3w Wielkopolski<\/h3>\n<p>Qubus Hotel, Orl\u0105t Lwowskich 3<\/p>\n<\/div><\/section><br \/>\n<div  class='avia-button-wrap av-mbrrbvcs-6762e96d88e558e36e9434e4c3abbacf-wrap avia-button-left  avia-builder-el-99  el_after_av_textblock  el_before_av_button '>\n<style type=\"text\/css\" data-created_by=\"avia_inline_auto\" id=\"style-css-av-mbrrbvcs-6762e96d88e558e36e9434e4c3abbacf\">\n#top #wrap_all .avia-button.av-mbrrbvcs-6762e96d88e558e36e9434e4c3abbacf{\nfont-size:14px;\nborder-style:solid;\nborder-radius:0 0 0 0;\ntransition:all 0.4s ease-in-out;\nmargin:10px 0 15px 0;\n}\n#top #wrap_all.avia-button.av-mbrrbvcs-6762e96d88e558e36e9434e4c3abbacf:hover .avia_button_background{\nborder-radius:0 0 0 0;\n}\n<\/style>\n<a href='https:\/\/evenea.pl\/pl\/wydarzenie\/LetnieMeetingiFotograficzne-GORZOWWIELKOPOLSKI' class='avia-button av-mbrrbvcs-6762e96d88e558e36e9434e4c3abbacf av-link-btn avia-icon_select-no avia-size-large avia-position-left avia-color-red' target=\"_blank\" rel=\"noopener noreferrer\"><span class='avia_iconbox_title' >Kup bilet na prelekcje i warsztaty<\/span><\/a><\/div><br \/>\n<div  class='avia-button-wrap av-mbrtv6r8-ed83d9249b2e2b8254d4002c81469f1d-wrap avia-button-left  avia-builder-el-100  el_after_av_button  avia-builder-el-last '>\n<style type=\"text\/css\" data-created_by=\"avia_inline_auto\" id=\"style-css-av-mbrtv6r8-ed83d9249b2e2b8254d4002c81469f1d\">\n#top #wrap_all .avia-button.av-mbrtv6r8-ed83d9249b2e2b8254d4002c81469f1d{\nfont-size:14px;\nborder-style:solid;\nborder-radius:0 0 0 0;\ntransition:all 0.4s ease-in-out;\nmargin:10px 0 15px 0;\n}\n#top #wrap_all.avia-button.av-mbrtv6r8-ed83d9249b2e2b8254d4002c81469f1d:hover .avia_button_background{\nborder-radius:0 0 0 0;\n}\n<\/style>\n<a href='https:\/\/events.eao.omsystem.com\/spacer-pd-gorzow' class='avia-button av-mbrtv6r8-ed83d9249b2e2b8254d4002c81469f1d av-link-btn avia-icon_select-no avia-size-large avia-position-left avia-color-red' target=\"_blank\" rel=\"noopener noreferrer\"><span class='avia_iconbox_title' >Kup bilet na fotospacer<\/span><\/a><\/div><\/p><\/div>\n<div  class='flex_column av-8pz8zep-8f10881037b9291d3754cbab9cb6174e av_one_third  avia-builder-el-101  el_after_av_one_third  el_before_av_one_third  flex_column_div  column-top-margin'     ><section  class='av_textblock_section av-mbqioikh-d1fae5b0d7d5e606450545319baaf84a '   itemscope=\"itemscope\" itemtype=\"https:\/\/schema.org\/CreativeWork\" ><div class='avia_textblock'  itemprop=\"text\" ><h3><strong>07.07.2025<\/strong> &#8211; Toru\u0144<\/h3>\n<p>Pa\u0142ac Widokowy, ul. Majdany 1<\/p>\n<\/div><\/section><br \/>\n<div  class='avia-button-wrap av-mbrrc6hn-fb62ba2e8a08c14c601ab02f5900a1b6-wrap avia-button-left  avia-builder-el-103  el_after_av_textblock  el_before_av_button '>\n<style type=\"text\/css\" data-created_by=\"avia_inline_auto\" id=\"style-css-av-mbrrc6hn-fb62ba2e8a08c14c601ab02f5900a1b6\">\n#top #wrap_all .avia-button.av-mbrrc6hn-fb62ba2e8a08c14c601ab02f5900a1b6{\nfont-size:14px;\nborder-style:solid;\nborder-radius:0 0 0 0;\ntransition:all 0.4s ease-in-out;\nmargin:10px 0 15px 0;\n}\n#top #wrap_all.avia-button.av-mbrrc6hn-fb62ba2e8a08c14c601ab02f5900a1b6:hover .avia_button_background{\nborder-radius:0 0 0 0;\n}\n<\/style>\n<a href='https:\/\/evenea.pl\/pl\/wydarzenie\/LetnieMeetingiFotograficzne-TORUN' class='avia-button av-mbrrc6hn-fb62ba2e8a08c14c601ab02f5900a1b6 av-link-btn avia-icon_select-no avia-size-large avia-position-left avia-color-red' target=\"_blank\" rel=\"noopener noreferrer\"><span class='avia_iconbox_title' >Kup bilet na prelekcje i warsztaty<\/span><\/a><\/div><br \/>\n<div  class='avia-button-wrap av-mbrtw178-db82c13e5dfe6104a416a5ed1d6c0000-wrap avia-button-left  avia-builder-el-104  el_after_av_button  avia-builder-el-last '>\n<style type=\"text\/css\" data-created_by=\"avia_inline_auto\" id=\"style-css-av-mbrtw178-db82c13e5dfe6104a416a5ed1d6c0000\">\n#top #wrap_all .avia-button.av-mbrtw178-db82c13e5dfe6104a416a5ed1d6c0000{\nfont-size:14px;\nborder-style:solid;\nborder-radius:0 0 0 0;\ntransition:all 0.4s ease-in-out;\nmargin:10px 0 15px 0;\n}\n#top #wrap_all.avia-button.av-mbrtw178-db82c13e5dfe6104a416a5ed1d6c0000:hover .avia_button_background{\nborder-radius:0 0 0 0;\n}\n<\/style>\n<a href='https:\/\/events.eao.omsystem.com\/spacer-pd-torun' class='avia-button av-mbrtw178-db82c13e5dfe6104a416a5ed1d6c0000 av-link-btn avia-icon_select-no avia-size-large avia-position-left avia-color-red' target=\"_blank\" rel=\"noopener noreferrer\"><span class='avia_iconbox_title' >Kup bilet na fotospacer<\/span><\/a><\/div><\/p><\/div>\n<div  class='flex_column av-7jnxb0h-539f829266d1a83e2a7c54152770058a av_one_third  avia-builder-el-105  el_after_av_one_third  el_before_av_one_third  first flex_column_div  column-top-margin'     ><section  class='av_textblock_section av-74vd2e9-7df4a75c0802c5f9454dfc663fb7df01 '   itemscope=\"itemscope\" itemtype=\"https:\/\/schema.org\/CreativeWork\" ><div class='avia_textblock'  itemprop=\"text\" ><h3><strong>08.07.2025<\/strong> &#8211; P\u0142ock<\/h3>\n<p>Hotel Czardasz Spa&amp;Wellness, Dobrzy\u0144ska 62B<\/p>\n<\/div><\/section><br \/>\n<div  class='avia-button-wrap av-29sdhk1-933a79682d1bb4a42e30ae509e88c103-wrap avia-button-left  avia-builder-el-107  el_after_av_textblock  el_before_av_button '>\n<style type=\"text\/css\" data-created_by=\"avia_inline_auto\" id=\"style-css-av-29sdhk1-933a79682d1bb4a42e30ae509e88c103\">\n#top #wrap_all .avia-button.av-29sdhk1-933a79682d1bb4a42e30ae509e88c103{\nfont-size:14px;\nborder-style:solid;\nborder-radius:0 0 0 0;\ntransition:all 0.4s ease-in-out;\nmargin:10px 0 15px 0;\n}\n#top #wrap_all.avia-button.av-29sdhk1-933a79682d1bb4a42e30ae509e88c103:hover .avia_button_background{\nborder-radius:0 0 0 0;\n}\n<\/style>\n<a href='https:\/\/evenea.pl\/pl\/wydarzenie\/LetnieMeetingiFotograficzne-PLOCK' class='avia-button av-29sdhk1-933a79682d1bb4a42e30ae509e88c103 av-link-btn avia-icon_select-no avia-size-large avia-position-left avia-color-red' target=\"_blank\" rel=\"noopener noreferrer\"><span class='avia_iconbox_title' >Kup bilet na prelekcje i warsztaty<\/span><\/a><\/div><br \/>\n<div  class='avia-button-wrap av-1h0we8x-3331304cade1cd43b367c3fdcd31c39e-wrap avia-button-left  avia-builder-el-108  el_after_av_button  avia-builder-el-last '>\n<style type=\"text\/css\" data-created_by=\"avia_inline_auto\" id=\"style-css-av-1h0we8x-3331304cade1cd43b367c3fdcd31c39e\">\n#top #wrap_all .avia-button.av-1h0we8x-3331304cade1cd43b367c3fdcd31c39e{\nfont-size:14px;\nborder-style:solid;\nborder-radius:0 0 0 0;\ntransition:all 0.4s ease-in-out;\n}\n#top #wrap_all.avia-button.av-1h0we8x-3331304cade1cd43b367c3fdcd31c39e:hover .avia_button_background{\nborder-radius:0 0 0 0;\n}\n<\/style>\n<a href='https:\/\/events.eao.omsystem.com\/spacer-pd-plock' class='avia-button av-1h0we8x-3331304cade1cd43b367c3fdcd31c39e av-link-btn avia-icon_select-no avia-size-large avia-position-left avia-color-red' target=\"_blank\" rel=\"noopener noreferrer\"><span class='avia_iconbox_title' >Kup bilet na fotospacer<\/span><\/a><\/div><\/p><\/div>\n<div  class='flex_column av-6akintt-181d65bbc3399b3204332c45fc28d0f7 av_one_third  avia-builder-el-109  el_after_av_one_third  el_before_av_one_third  flex_column_div  column-top-margin'     ><section  class='av_textblock_section av-mbqipw2g-91fc565f81bbb386141dc5ad4778308e '   itemscope=\"itemscope\" itemtype=\"https:\/\/schema.org\/CreativeWork\" ><div class='avia_textblock'  itemprop=\"text\" ><h3><strong>09.07.2025<\/strong> &#8211; \u0141\u00f3d\u017a<\/h3>\n<p>The Loom Hotel, ul. Ogrodowa 21<br \/>\n<br class=\"avia-permanent-lb\" \/><\/p>\n<\/div><\/section><br \/>\n<div  class='avia-button-wrap av-mbrubtl1-f7f3ce54fd7ab35f0e00f12bf4c11132-wrap avia-button-left  avia-builder-el-111  el_after_av_textblock  el_before_av_button '>\n<style type=\"text\/css\" data-created_by=\"avia_inline_auto\" id=\"style-css-av-mbrubtl1-f7f3ce54fd7ab35f0e00f12bf4c11132\">\n#top #wrap_all .avia-button.av-mbrubtl1-f7f3ce54fd7ab35f0e00f12bf4c11132{\nfont-size:14px;\nborder-style:solid;\nborder-radius:0 0 0 0;\ntransition:all 0.4s ease-in-out;\nmargin:10px 0 15px 0;\n}\n#top #wrap_all.avia-button.av-mbrubtl1-f7f3ce54fd7ab35f0e00f12bf4c11132:hover .avia_button_background{\nborder-radius:0 0 0 0;\n}\n<\/style>\n<a href='https:\/\/evenea.pl\/pl\/wydarzenie\/LetnieMeetingiFotograficzne-LODZ' class='avia-button av-mbrubtl1-f7f3ce54fd7ab35f0e00f12bf4c11132 av-link-btn avia-icon_select-no avia-size-large avia-position-left avia-color-red' target=\"_blank\" rel=\"noopener noreferrer\"><span class='avia_iconbox_title' >Kup bilet na prelekcje i warsztaty<\/span><\/a><\/div><br \/>\n<div  class='avia-button-wrap av-mbrubfm7-4eb3741997103b18acd278712e8b4b58-wrap avia-button-left  avia-builder-el-112  el_after_av_button  avia-builder-el-last '>\n<style type=\"text\/css\" data-created_by=\"avia_inline_auto\" id=\"style-css-av-mbrubfm7-4eb3741997103b18acd278712e8b4b58\">\n#top #wrap_all .avia-button.av-mbrubfm7-4eb3741997103b18acd278712e8b4b58{\nfont-size:14px;\nborder-style:solid;\nborder-radius:0 0 0 0;\ntransition:all 0.4s ease-in-out;\n}\n#top #wrap_all.avia-button.av-mbrubfm7-4eb3741997103b18acd278712e8b4b58:hover .avia_button_background{\nborder-radius:0 0 0 0;\n}\n<\/style>\n<a href='https:\/\/events.eao.omsystem.com\/spacer-pd-lodz' class='avia-button av-mbrubfm7-4eb3741997103b18acd278712e8b4b58 av-link-btn avia-icon_select-no avia-size-large avia-position-left avia-color-red' target=\"_blank\" rel=\"noopener noreferrer\"><span class='avia_iconbox_title' >Kup bilet na fotospacer<\/span><\/a><\/div><\/p><\/div>\n<div  class='flex_column av-57jo8td-0081fe5220cc1f0afd5d289278e75706 av_one_third  avia-builder-el-113  el_after_av_one_third  el_before_av_one_third  flex_column_div  column-top-margin'     ><section  class='av_textblock_section av-mbqiq0ms-f377be2791503abd85ce5e4a26d30497 '   itemscope=\"itemscope\" itemtype=\"https:\/\/schema.org\/CreativeWork\" ><div class='avia_textblock'  itemprop=\"text\" ><h3><strong>14.07.2025<\/strong> &#8211; Wroc\u0142aw<\/h3>\n<p>Ibis Styles, plac Konstytucji 3 Maja 3<\/p>\n<\/div><\/section><br \/>\n<div  class='avia-button-wrap av-mbrud0rr-63d8328417fd733a44e6107d9a209eaf-wrap avia-button-left  avia-builder-el-115  el_after_av_textblock  el_before_av_button '>\n<style type=\"text\/css\" data-created_by=\"avia_inline_auto\" id=\"style-css-av-mbrud0rr-63d8328417fd733a44e6107d9a209eaf\">\n#top #wrap_all .avia-button.av-mbrud0rr-63d8328417fd733a44e6107d9a209eaf{\nfont-size:14px;\nborder-style:solid;\nborder-radius:0 0 0 0;\ntransition:all 0.4s ease-in-out;\nmargin:10px 0 15px 0;\n}\n#top #wrap_all.avia-button.av-mbrud0rr-63d8328417fd733a44e6107d9a209eaf:hover .avia_button_background{\nborder-radius:0 0 0 0;\n}\n<\/style>\n<a href='https:\/\/evenea.pl\/pl\/wydarzenie\/LetnieMeetingiFotograficzne-WROCLAW' class='avia-button av-mbrud0rr-63d8328417fd733a44e6107d9a209eaf av-link-btn avia-icon_select-no avia-size-large avia-position-left avia-color-red' target=\"_blank\" rel=\"noopener noreferrer\"><span class='avia_iconbox_title' >Kup bilet na prelekcje i warsztaty<\/span><\/a><\/div><br \/>\n<div  class='avia-button-wrap av-mbrud5bq-45cf9da6957a8e5d4a6d15abd481c598-wrap avia-button-left  avia-builder-el-116  el_after_av_button  avia-builder-el-last '>\n<style type=\"text\/css\" data-created_by=\"avia_inline_auto\" id=\"style-css-av-mbrud5bq-45cf9da6957a8e5d4a6d15abd481c598\">\n#top #wrap_all .avia-button.av-mbrud5bq-45cf9da6957a8e5d4a6d15abd481c598{\nfont-size:14px;\nborder-style:solid;\nborder-radius:0 0 0 0;\ntransition:all 0.4s ease-in-out;\n}\n#top #wrap_all.avia-button.av-mbrud5bq-45cf9da6957a8e5d4a6d15abd481c598:hover .avia_button_background{\nborder-radius:0 0 0 0;\n}\n<\/style>\n<a href='https:\/\/events.eao.omsystem.com\/spacer-pd-wroclaw' class='avia-button av-mbrud5bq-45cf9da6957a8e5d4a6d15abd481c598 av-link-btn avia-icon_select-no avia-size-large avia-position-left avia-color-red' target=\"_blank\" rel=\"noopener noreferrer\"><span class='avia_iconbox_title' >Kup bilet na fotospacer<\/span><\/a><\/div><\/p><\/div>\n<div  class='flex_column av-4h4sukh-310850374867847e88e7662fba72e109 av_one_third  avia-builder-el-117  el_after_av_one_third  el_before_av_one_third  first flex_column_div  column-top-margin'     ><section  class='av_textblock_section av-3q3wext-23488745778082c62570dd12041c45f0 '   itemscope=\"itemscope\" itemtype=\"https:\/\/schema.org\/CreativeWork\" ><div class='avia_textblock'  itemprop=\"text\" ><h3><strong>15.07.2025<\/strong> &#8211; Katowice<\/h3>\n<p>Novotel, al. Walentego Ro\u017adzie\u0144skiego 16<\/p>\n<\/div><\/section><br \/>\n<div  class='avia-button-wrap av-196znb5-a017f0ed724ca5a9463b5f422ca85c50-wrap avia-button-left  avia-builder-el-119  el_after_av_textblock  el_before_av_button '>\n<style type=\"text\/css\" data-created_by=\"avia_inline_auto\" id=\"style-css-av-196znb5-a017f0ed724ca5a9463b5f422ca85c50\">\n#top #wrap_all .avia-button.av-196znb5-a017f0ed724ca5a9463b5f422ca85c50{\nfont-size:14px;\nborder-style:solid;\nborder-radius:0 0 0 0;\ntransition:all 0.4s ease-in-out;\nmargin:10px 0 15px 0;\n}\n#top #wrap_all.avia-button.av-196znb5-a017f0ed724ca5a9463b5f422ca85c50:hover .avia_button_background{\nborder-radius:0 0 0 0;\n}\n<\/style>\n<a href='https:\/\/evenea.pl\/pl\/wydarzenie\/LetnieMeetingiFotograficzne-KATOWICE' class='avia-button av-196znb5-a017f0ed724ca5a9463b5f422ca85c50 av-link-btn avia-icon_select-no avia-size-large avia-position-left avia-color-red' target=\"_blank\" rel=\"noopener noreferrer\"><span class='avia_iconbox_title' >Kup bilet na prelekcje i warsztaty<\/span><\/a><\/div><br \/>\n<div  class='avia-button-wrap av-rt0hvl-b5f90dd1e0175a7746f09864d846cd1f-wrap avia-button-left  avia-builder-el-120  el_after_av_button  avia-builder-el-last '>\n<style type=\"text\/css\" data-created_by=\"avia_inline_auto\" id=\"style-css-av-rt0hvl-b5f90dd1e0175a7746f09864d846cd1f\">\n#top #wrap_all .avia-button.av-rt0hvl-b5f90dd1e0175a7746f09864d846cd1f{\nfont-size:14px;\nborder-style:solid;\nborder-radius:0 0 0 0;\ntransition:all 0.4s ease-in-out;\n}\n#top #wrap_all.avia-button.av-rt0hvl-b5f90dd1e0175a7746f09864d846cd1f:hover .avia_button_background{\nborder-radius:0 0 0 0;\n}\n<\/style>\n<a href='https:\/\/events.eao.omsystem.com\/spacer-pd-katowice' class='avia-button av-rt0hvl-b5f90dd1e0175a7746f09864d846cd1f av-link-btn avia-icon_select-no avia-size-large avia-position-left avia-color-red' target=\"_blank\" rel=\"noopener noreferrer\"><span class='avia_iconbox_title' >Kup bilet na fotospacer<\/span><\/a><\/div><\/p><\/div>\n<div  class='flex_column av-3649s1t-729afef6a219a627920263f4c2dd479f av_one_third  avia-builder-el-121  el_after_av_one_third  el_before_av_one_third  flex_column_div  column-top-margin'     ><section  class='av_textblock_section av-2h0o78h-9002a755a624e333a17c36340f45cc4f '   itemscope=\"itemscope\" itemtype=\"https:\/\/schema.org\/CreativeWork\" ><div class='avia_textblock'  itemprop=\"text\" ><h3><strong>16.07.2025<\/strong> &#8211; Kielce<\/h3>\n<p>Hotel La Mar, ul.Sikorskiego 2<\/p>\n<\/div><\/section><br \/>\n<div  class='avia-button-wrap av-mbrudjz7-4c63d21523f296c7c3eb63f38dd6d764-wrap avia-button-left  avia-builder-el-123  el_after_av_textblock  el_before_av_button '>\n<style type=\"text\/css\" data-created_by=\"avia_inline_auto\" id=\"style-css-av-mbrudjz7-4c63d21523f296c7c3eb63f38dd6d764\">\n#top #wrap_all .avia-button.av-mbrudjz7-4c63d21523f296c7c3eb63f38dd6d764{\nfont-size:14px;\nborder-style:solid;\nborder-radius:0 0 0 0;\ntransition:all 0.4s ease-in-out;\nmargin:10px 0 15px 0;\n}\n#top #wrap_all.avia-button.av-mbrudjz7-4c63d21523f296c7c3eb63f38dd6d764:hover .avia_button_background{\nborder-radius:0 0 0 0;\n}\n<\/style>\n<a href='https:\/\/evenea.pl\/pl\/wydarzenie\/LetnieMeetingiFotograficzne-KIELCE' class='avia-button av-mbrudjz7-4c63d21523f296c7c3eb63f38dd6d764 av-link-btn avia-icon_select-no avia-size-large avia-position-left avia-color-red' target=\"_blank\" rel=\"noopener noreferrer\"><span class='avia_iconbox_title' >Kup bilet na prelekcje i warsztaty<\/span><\/a><\/div><br \/>\n<div  class='avia-button-wrap av-mbrudq1l-5c904215741e18e5740f13d25f9b3b97-wrap avia-button-left  avia-builder-el-124  el_after_av_button  avia-builder-el-last '>\n<style type=\"text\/css\" data-created_by=\"avia_inline_auto\" id=\"style-css-av-mbrudq1l-5c904215741e18e5740f13d25f9b3b97\">\n#top #wrap_all .avia-button.av-mbrudq1l-5c904215741e18e5740f13d25f9b3b97{\nfont-size:14px;\nborder-style:solid;\nborder-radius:0 0 0 0;\ntransition:all 0.4s ease-in-out;\n}\n#top #wrap_all.avia-button.av-mbrudq1l-5c904215741e18e5740f13d25f9b3b97:hover .avia_button_background{\nborder-radius:0 0 0 0;\n}\n<\/style>\n<a href='https:\/\/events.eao.omsystem.com\/spacer-pd-kielce' class='avia-button av-mbrudq1l-5c904215741e18e5740f13d25f9b3b97 av-link-btn avia-icon_select-no avia-size-large avia-position-left avia-color-red' target=\"_blank\" rel=\"noopener noreferrer\"><span class='avia_iconbox_title' >Kup bilet na fotospacer<\/span><\/a><\/div><\/p><\/div>\n<div  class='flex_column av-1t3ejj5-db8700f4e049e548f695740ee9e32057 av_one_third  avia-builder-el-125  el_after_av_one_third  el_before_av_one_third  flex_column_div  column-top-margin'     ><section  class='av_textblock_section av-1bjcrq9-bfb2531ce44929284ab7ed5f4a3321e5 '   itemscope=\"itemscope\" itemtype=\"https:\/\/schema.org\/CreativeWork\" ><div class='avia_textblock'  itemprop=\"text\" ><h3><strong>21.07.2025<\/strong> &#8211; Gdynia<\/h3>\n<p><span class=\"h4\">Hotel Mercure Gdynia Centrum, Armii Krajowej 22<\/span><\/p>\n<\/div><\/section><br \/>\n<div  class='avia-button-wrap av-mbrug0gc-3a702a2fc0613b9e7b99a27f73e70a89-wrap avia-button-left  avia-builder-el-127  el_after_av_textblock  el_before_av_button '>\n<style type=\"text\/css\" data-created_by=\"avia_inline_auto\" id=\"style-css-av-mbrug0gc-3a702a2fc0613b9e7b99a27f73e70a89\">\n#top #wrap_all .avia-button.av-mbrug0gc-3a702a2fc0613b9e7b99a27f73e70a89{\nfont-size:14px;\nborder-style:solid;\nborder-radius:0 0 0 0;\ntransition:all 0.4s ease-in-out;\nmargin:10px 0 15px 0;\n}\n#top #wrap_all.avia-button.av-mbrug0gc-3a702a2fc0613b9e7b99a27f73e70a89:hover .avia_button_background{\nborder-radius:0 0 0 0;\n}\n<\/style>\n<a href='https:\/\/evenea.pl\/pl\/wydarzenie\/LetnieMeetingiFotograficzne-GDYNIA' class='avia-button av-mbrug0gc-3a702a2fc0613b9e7b99a27f73e70a89 av-link-btn avia-icon_select-no avia-size-large avia-position-left avia-color-red' target=\"_blank\" rel=\"noopener noreferrer\"><span class='avia_iconbox_title' >Kup bilet na prelekcje i warsztaty<\/span><\/a><\/div><br \/>\n<div  class='avia-button-wrap av-mbrug6qz-2e2c175c9c968367b0ad915c83c26755-wrap avia-button-left  avia-builder-el-128  el_after_av_button  avia-builder-el-last '>\n<style type=\"text\/css\" data-created_by=\"avia_inline_auto\" id=\"style-css-av-mbrug6qz-2e2c175c9c968367b0ad915c83c26755\">\n#top #wrap_all .avia-button.av-mbrug6qz-2e2c175c9c968367b0ad915c83c26755{\nfont-size:14px;\nborder-style:solid;\nborder-radius:0 0 0 0;\ntransition:all 0.4s ease-in-out;\n}\n#top #wrap_all.avia-button.av-mbrug6qz-2e2c175c9c968367b0ad915c83c26755:hover .avia_button_background{\nborder-radius:0 0 0 0;\n}\n<\/style>\n<a href='https:\/\/events.eao.omsystem.com\/spacer-pd-gdynia' class='avia-button av-mbrug6qz-2e2c175c9c968367b0ad915c83c26755 av-link-btn avia-icon_select-no avia-size-large avia-position-left avia-color-red' target=\"_blank\" rel=\"noopener noreferrer\"><span class='avia_iconbox_title' >Kup bilet na fotospacer<\/span><\/a><\/div><\/p><\/div>\n<div  class='flex_column av-2id9675-41b45d8030c494732fb7f8c9f7e453ac av_one_third  avia-builder-el-129  el_after_av_one_third  el_before_av_one_third  first flex_column_div  column-top-margin'     ><section  class='av_textblock_section av-mnx67wbh-59459fdc93ff3843767cbb8f251bd6a2 '   itemscope=\"itemscope\" itemtype=\"https:\/\/schema.org\/CreativeWork\" ><div class='avia_textblock'  itemprop=\"text\" ><h3><strong>22.07.2025<\/strong> &#8211; Koszalin<\/h3>\n<p>Hudson, Po\u0142czy\u0144ska 18<\/p>\n<\/div><\/section><br \/>\n<div  class='avia-button-wrap av-29tkcrl-5dbe558a5a6cf544b74fe8e7970290d6-wrap avia-button-left  avia-builder-el-131  el_after_av_textblock  el_before_av_button '>\n<style type=\"text\/css\" data-created_by=\"avia_inline_auto\" id=\"style-css-av-29tkcrl-5dbe558a5a6cf544b74fe8e7970290d6\">\n#top #wrap_all .avia-button.av-29tkcrl-5dbe558a5a6cf544b74fe8e7970290d6{\nfont-size:14px;\nborder-style:solid;\nborder-radius:0 0 0 0;\ntransition:all 0.4s ease-in-out;\nmargin:10px 0 15px 0;\n}\n#top #wrap_all.avia-button.av-29tkcrl-5dbe558a5a6cf544b74fe8e7970290d6:hover .avia_button_background{\nborder-radius:0 0 0 0;\n}\n<\/style>\n<a href='https:\/\/evenea.pl\/pl\/wydarzenie\/LetnieMeetingiFotograficzne-KOSZALIN' class='avia-button av-29tkcrl-5dbe558a5a6cf544b74fe8e7970290d6 av-link-btn avia-icon_select-no avia-size-large avia-position-left avia-color-red' target=\"_blank\" rel=\"noopener noreferrer\"><span class='avia_iconbox_title' >Kup bilet na prelekcje i warsztaty<\/span><\/a><\/div><br \/>\n<div  class='avia-button-wrap av-1jr7281-c1ad0456dbaeb54892317e4a4fe29396-wrap avia-button-left  avia-builder-el-132  el_after_av_button  avia-builder-el-last '>\n<style type=\"text\/css\" data-created_by=\"avia_inline_auto\" id=\"style-css-av-1jr7281-c1ad0456dbaeb54892317e4a4fe29396\">\n#top #wrap_all .avia-button.av-1jr7281-c1ad0456dbaeb54892317e4a4fe29396{\nfont-size:14px;\nborder-style:solid;\nborder-radius:0 0 0 0;\ntransition:all 0.4s ease-in-out;\n}\n#top #wrap_all.avia-button.av-1jr7281-c1ad0456dbaeb54892317e4a4fe29396:hover .avia_button_background{\nborder-radius:0 0 0 0;\n}\n<\/style>\n<a href='https:\/\/events.eao.omsystem.com\/spacer-pd-koszalin' class='avia-button av-1jr7281-c1ad0456dbaeb54892317e4a4fe29396 av-link-btn avia-icon_select-no avia-size-large avia-position-left avia-color-red' target=\"_blank\" rel=\"noopener noreferrer\"><span class='avia_iconbox_title' >Kup bilet na fotospacer<\/span><\/a><\/div><\/p><\/div>\n<div  class='flex_column av-4e54rl-d055cf432507730b73e27b4031c6ec1e av_one_third  avia-builder-el-133  el_after_av_one_third  el_before_av_one_third  flex_column_div  column-top-margin'     ><\/div>\n<div  class='flex_column av-ik9bvl-cc66305ce7e5bf2e4f64ef99de91fcf8 av_one_third  avia-builder-el-134  el_after_av_one_third  el_before_av_textblock  flex_column_div  column-top-margin'     ><\/div>\n<section  class='av_textblock_section av-mok3yzeg-eb6ff6c606e9e33ff3356a301643b432 '   itemscope=\"itemscope\" itemtype=\"https:\/\/schema.org\/CreativeWork\" ><div class='avia_textblock'  itemprop=\"text\" ><p>* Paragon za zakup biletu dost\u0119pny b\u0119dzie pod adresem SANSA Europe Sp. z o.o., ul. Wersalska 47\/75, 91-212 \u0141\u00f3d\u017a.<\/p>\n<p>* Jest mo\u017cliwo\u015b\u0107 otrzymania faktury za zakup biletu &#8211; nale\u017cy poda\u0107 dane do faktury podczas kupowania biletu w serwisie Evenea. Nie ma mo\u017cliwo\u015bci wystawienia faktury w p\u00f3\u017aniejszym terminie.<\/p>\n<\/div><\/section>\n<div  class='flex_column av-1k12uv5-a15ca7e2fef8c84358f96bf055a77028 av_one_half  avia-builder-el-136  el_after_av_textblock  el_before_av_one_half  first flex_column_div  column-top-margin'     ><style type=\"text\/css\" data-created_by=\"avia_inline_auto\" id=\"style-css-av-mbqbtdaf-4ac9a182e5470a6c17ca0662b4a2349d\">\n.avia-image-container.av-mbqbtdaf-4ac9a182e5470a6c17ca0662b4a2349d img.avia_image{\nbox-shadow:none;\n}\n.avia-image-container.av-mbqbtdaf-4ac9a182e5470a6c17ca0662b4a2349d .av-image-caption-overlay-center{\ncolor:#ffffff;\n}\n<\/style>\n<div  class='avia-image-container av-mbqbtdaf-4ac9a182e5470a6c17ca0662b4a2349d av-styling- avia-align-center  avia-builder-el-137  avia-builder-el-no-sibling '   itemprop=\"image\" itemscope=\"itemscope\" itemtype=\"https:\/\/schema.org\/ImageObject\" ><div class=\"avia-image-container-inner\"><div class=\"avia-image-overlay-wrap\"><img decoding=\"async\" fetchpriority=\"high\" class='wp-image-19459 avia-img-lazy-loading-not-19459 avia_image ' src=\"https:\/\/glareone.eu\/wp-content\/uploads\/2025\/06\/Image_20250605_122638_160-1.jpeg\" alt='' title='Image_20250605_122638_160 (1)'  height=\"1366\" width=\"2048\"  itemprop=\"thumbnailUrl\" srcset=\"https:\/\/glareone.eu\/wp-content\/uploads\/2025\/06\/Image_20250605_122638_160-1.jpeg 2048w, https:\/\/glareone.eu\/wp-content\/uploads\/2025\/06\/Image_20250605_122638_160-1-300x200.jpeg 300w, https:\/\/glareone.eu\/wp-content\/uploads\/2025\/06\/Image_20250605_122638_160-1-1030x687.jpeg 1030w, https:\/\/glareone.eu\/wp-content\/uploads\/2025\/06\/Image_20250605_122638_160-1-768x512.jpeg 768w, https:\/\/glareone.eu\/wp-content\/uploads\/2025\/06\/Image_20250605_122638_160-1-1536x1025.jpeg 1536w, https:\/\/glareone.eu\/wp-content\/uploads\/2025\/06\/Image_20250605_122638_160-1-1500x1000.jpeg 1500w, https:\/\/glareone.eu\/wp-content\/uploads\/2025\/06\/Image_20250605_122638_160-1-705x470.jpeg 705w, https:\/\/glareone.eu\/wp-content\/uploads\/2025\/06\/Image_20250605_122638_160-1-450x300.jpeg 450w, https:\/\/glareone.eu\/wp-content\/uploads\/2025\/06\/Image_20250605_122638_160-1-600x400.jpeg 600w\" sizes=\"(max-width: 2048px) 100vw, 2048px\" \/><\/div><\/div><\/div><\/div>\n<div  class='flex_column av-108lf8h-f563799543f10ae2a626f9dd5b439be2 av_one_half  avia-builder-el-138  el_after_av_one_half  el_before_av_hr  flex_column_div  column-top-margin'     ><style type=\"text\/css\" data-created_by=\"avia_inline_auto\" id=\"style-css-av-mbqbtlrk-aea2f3269413fc52806984624ada9dac\">\n.avia-image-container.av-mbqbtlrk-aea2f3269413fc52806984624ada9dac img.avia_image{\nbox-shadow:none;\n}\n.avia-image-container.av-mbqbtlrk-aea2f3269413fc52806984624ada9dac .av-image-caption-overlay-center{\ncolor:#ffffff;\n}\n<\/style>\n<div  class='avia-image-container av-mbqbtlrk-aea2f3269413fc52806984624ada9dac av-styling- avia-align-center  avia-builder-el-139  avia-builder-el-no-sibling '   itemprop=\"image\" itemscope=\"itemscope\" itemtype=\"https:\/\/schema.org\/ImageObject\" ><div class=\"avia-image-container-inner\"><div class=\"avia-image-overlay-wrap\"><img decoding=\"async\" fetchpriority=\"high\" class='wp-image-19454 avia-img-lazy-loading-not-19454 avia_image ' src=\"https:\/\/glareone.eu\/wp-content\/uploads\/2025\/06\/Image_20250605_122638_011-1.jpeg\" alt='' title='Image_20250605_122638_011 (1)'  height=\"1366\" width=\"2048\"  itemprop=\"thumbnailUrl\" srcset=\"https:\/\/glareone.eu\/wp-content\/uploads\/2025\/06\/Image_20250605_122638_011-1.jpeg 2048w, https:\/\/glareone.eu\/wp-content\/uploads\/2025\/06\/Image_20250605_122638_011-1-300x200.jpeg 300w, https:\/\/glareone.eu\/wp-content\/uploads\/2025\/06\/Image_20250605_122638_011-1-1030x687.jpeg 1030w, https:\/\/glareone.eu\/wp-content\/uploads\/2025\/06\/Image_20250605_122638_011-1-768x512.jpeg 768w, https:\/\/glareone.eu\/wp-content\/uploads\/2025\/06\/Image_20250605_122638_011-1-1536x1025.jpeg 1536w, https:\/\/glareone.eu\/wp-content\/uploads\/2025\/06\/Image_20250605_122638_011-1-1500x1000.jpeg 1500w, https:\/\/glareone.eu\/wp-content\/uploads\/2025\/06\/Image_20250605_122638_011-1-705x470.jpeg 705w, https:\/\/glareone.eu\/wp-content\/uploads\/2025\/06\/Image_20250605_122638_011-1-450x300.jpeg 450w, https:\/\/glareone.eu\/wp-content\/uploads\/2025\/06\/Image_20250605_122638_011-1-600x400.jpeg 600w\" sizes=\"(max-width: 2048px) 100vw, 2048px\" \/><\/div><\/div><\/div><\/div>\n\n<style type=\"text\/css\" data-created_by=\"avia_inline_auto\" id=\"style-css-av-m7pu8x-7d1583851da68f312c5b1c727d0fdc8d\">\n#top .hr.hr-invisible.av-m7pu8x-7d1583851da68f312c5b1c727d0fdc8d{\nheight:20px;\n}\n<\/style>\n<div  class='hr av-m7pu8x-7d1583851da68f312c5b1c727d0fdc8d hr-invisible  avia-builder-el-140  el_after_av_one_half  el_before_av_heading '><span class='hr-inner '><span class=\"hr-inner-style\"><\/span><\/span><\/div>\n\n<style type=\"text\/css\" data-created_by=\"avia_inline_auto\" id=\"style-css-av-mbhzp4a9-5682fb3016a3e20a97c93bfc1c4fbd8a\">\n#top .av-special-heading.av-mbhzp4a9-5682fb3016a3e20a97c93bfc1c4fbd8a{\npadding-bottom:10px;\n}\nbody .av-special-heading.av-mbhzp4a9-5682fb3016a3e20a97c93bfc1c4fbd8a .av-special-heading-tag .heading-char{\nfont-size:25px;\n}\n.av-special-heading.av-mbhzp4a9-5682fb3016a3e20a97c93bfc1c4fbd8a .av-subheading{\nfont-size:15px;\n}\n<\/style>\n<div  class='av-special-heading av-mbhzp4a9-5682fb3016a3e20a97c93bfc1c4fbd8a av-special-heading-h2  avia-builder-el-141  el_after_av_hr  el_before_av_textblock '><h2 class='av-special-heading-tag'  itemprop=\"headline\"  >O czym jeszcze musisz pami\u0119ta\u0107?<\/h2><div class=\"special-heading-border\"><div class=\"special-heading-inner-border\"><\/div><\/div><\/div>\n<section  class='av_textblock_section av-mbhzpmrr-7ed6be6dacd579ba99ad62b397fee729 '   itemscope=\"itemscope\" itemtype=\"https:\/\/schema.org\/CreativeWork\" ><div class='avia_textblock'  itemprop=\"text\" ><ul>\n<li><span style=\"font-weight: 400;\">Zabierz sw\u00f3j aparat fotograficzny i kart\u0119 pami\u0119ci. Na\u0142aduj bateri\u0119. \ud83d\ude09\u00a0<\/span><\/li>\n<li><span style=\"font-weight: 400;\">W przypadku braku mo\u017cliwo\u015bci uczestnictwa w wydarzeniu nale\u017cy niezw\u0142ocznie poinformowa\u0107 o tym organizatora.<\/span><\/li>\n<li>Organizator zastrzega sobie prawo do odwo\u0142ania warsztat\u00f3w w przypadku braku zebrania si\u0119 minimalnej liczby uczestnik\u00f3w lub innych powod\u00f3w niezale\u017cnych od Organizatora o czym poinformuje niezw\u0142ocznie zapisanych uczestnik\u00f3w.<\/li>\n<li>Organizatorami wydarzenia s\u0105 firma\u00a0<b><a href=\"https:\/\/sansa.pl\/\" target=\"_blank\" rel=\"noopener nofollow noreferrer\">SANSA Europe<\/a>\u00a0<\/b>&#8211;\u00a0dystrybutor marek GlareOne, Peak Design, Mathorn i inne, oraz firma\u00a0<a href=\"https:\/\/nphoto.com\/pl\" target=\"_blank\" rel=\"noopener nofollow noreferrer\"><b>nPhoto<\/b><\/a>\u00a0&#8211; Profesjonalne Laboratorium Fotograficzne.<\/li>\n<\/ul>\n<\/div><\/section>\n\n<style type=\"text\/css\" data-created_by=\"avia_inline_auto\" id=\"style-css-av-mbhsgx3i-81202ebce656bd65fa872532b2ab6614\">\n#top .av-special-heading.av-mbhsgx3i-81202ebce656bd65fa872532b2ab6614{\npadding-bottom:10px;\n}\nbody .av-special-heading.av-mbhsgx3i-81202ebce656bd65fa872532b2ab6614 .av-special-heading-tag .heading-char{\nfont-size:25px;\n}\n.av-special-heading.av-mbhsgx3i-81202ebce656bd65fa872532b2ab6614 .av-subheading{\nfont-size:15px;\n}\n<\/style>\n<div  class='av-special-heading av-mbhsgx3i-81202ebce656bd65fa872532b2ab6614 av-special-heading-h2  avia-builder-el-143  el_after_av_textblock  el_before_av_hr '><h2 class='av-special-heading-tag'  itemprop=\"headline\"  >Partnerzy<\/h2><div class=\"special-heading-border\"><div class=\"special-heading-inner-border\"><\/div><\/div><\/div>\n\n<style type=\"text\/css\" data-created_by=\"avia_inline_auto\" id=\"style-css-av-5x5def5-b63c06bd69144e691fd75b62063faf96\">\n#top .hr.hr-invisible.av-5x5def5-b63c06bd69144e691fd75b62063faf96{\nheight:20px;\n}\n<\/style>\n<div  class='hr av-5x5def5-b63c06bd69144e691fd75b62063faf96 hr-invisible  avia-builder-el-144  el_after_av_heading  el_before_av_one_fifth '><span class='hr-inner '><span class=\"hr-inner-style\"><\/span><\/span><\/div>\n<div  class='flex_column av-3um44h-46368508d1ad3df2262848b1201fb23a av_one_fifth  avia-builder-el-145  el_after_av_hr  el_before_av_one_fifth  first flex_column_div  '     ><style type=\"text\/css\" data-created_by=\"avia_inline_auto\" id=\"style-css-av-joonup-d993ae1894be17e388cecee11b87312a\">\n.avia-image-container.av-joonup-d993ae1894be17e388cecee11b87312a img.avia_image{\nbox-shadow:none;\n}\n.avia-image-container.av-joonup-d993ae1894be17e388cecee11b87312a .av-image-caption-overlay-center{\ncolor:#ffffff;\n}\n<\/style>\n<div  class='avia-image-container av-joonup-d993ae1894be17e388cecee11b87312a av-styling- av-img-linked avia-align-center  avia-builder-el-146  avia-builder-el-no-sibling '   itemprop=\"image\" itemscope=\"itemscope\" itemtype=\"https:\/\/schema.org\/ImageObject\" ><div class=\"avia-image-container-inner\"><div class=\"avia-image-overlay-wrap\"><a href=\"https:\/\/nphoto.com\/pl\" class='avia_image '  aria-label='nphoto'><img decoding=\"async\" fetchpriority=\"high\" class='wp-image-19097 avia-img-lazy-loading-not-19097 avia_image ' src=\"https:\/\/glareone.eu\/wp-content\/uploads\/2025\/06\/nphoto-1.png\" alt='' title='nphoto'  height=\"180\" width=\"570\"  itemprop=\"thumbnailUrl\" srcset=\"https:\/\/glareone.eu\/wp-content\/uploads\/2025\/06\/nphoto-1.png 570w, https:\/\/glareone.eu\/wp-content\/uploads\/2025\/06\/nphoto-1-300x95.png 300w, https:\/\/glareone.eu\/wp-content\/uploads\/2025\/06\/nphoto-1-450x142.png 450w\" sizes=\"(max-width: 570px) 100vw, 570px\" \/><\/a><\/div><\/div><\/div><\/div>\n<div  class='flex_column av-1jo1gpt-24e443c2921e482ae4de4d74448a2c8f av_one_fifth  avia-builder-el-147  el_after_av_one_fifth  el_before_av_one_fifth  flex_column_div  '     ><style type=\"text\/css\" data-created_by=\"avia_inline_auto\" id=\"style-css-av-mbj496nu-d0953b3ffc824d658bf7fb16cfa9af17\">\n.avia-image-container.av-mbj496nu-d0953b3ffc824d658bf7fb16cfa9af17 img.avia_image{\nbox-shadow:none;\n}\n.avia-image-container.av-mbj496nu-d0953b3ffc824d658bf7fb16cfa9af17 .av-image-caption-overlay-center{\ncolor:#ffffff;\n}\n<\/style>\n<div  class='avia-image-container av-mbj496nu-d0953b3ffc824d658bf7fb16cfa9af17 av-styling- av-img-linked avia-align-center  avia-builder-el-148  avia-builder-el-no-sibling '   itemprop=\"image\" itemscope=\"itemscope\" itemtype=\"https:\/\/schema.org\/ImageObject\" ><div class=\"avia-image-container-inner\"><div class=\"avia-image-overlay-wrap\"><a href=\"https:\/\/explore.omsystem.com\/pl\/pl\/\" class='avia_image '  aria-label='om system'><img decoding=\"async\" fetchpriority=\"high\" class='wp-image-19102 avia-img-lazy-loading-not-19102 avia_image ' src=\"https:\/\/glareone.eu\/wp-content\/uploads\/2025\/06\/om-system-1.png\" alt='' title='om system'  height=\"180\" width=\"570\"  itemprop=\"thumbnailUrl\" srcset=\"https:\/\/glareone.eu\/wp-content\/uploads\/2025\/06\/om-system-1.png 570w, https:\/\/glareone.eu\/wp-content\/uploads\/2025\/06\/om-system-1-300x95.png 300w, https:\/\/glareone.eu\/wp-content\/uploads\/2025\/06\/om-system-1-450x142.png 450w\" sizes=\"(max-width: 570px) 100vw, 570px\" \/><\/a><\/div><\/div><\/div><\/div>\n<div  class='flex_column av-26jx3mp-3791dc9774214d2620421fd8a306135a av_one_fifth  avia-builder-el-149  el_after_av_one_fifth  el_before_av_one_fifth  flex_column_div  '     ><style type=\"text\/css\" data-created_by=\"avia_inline_auto\" id=\"style-css-av-1i23zk1-e536acfc33848d14a32682ff4c34acf5\">\n.avia-image-container.av-1i23zk1-e536acfc33848d14a32682ff4c34acf5 img.avia_image{\nbox-shadow:none;\n}\n.avia-image-container.av-1i23zk1-e536acfc33848d14a32682ff4c34acf5 .av-image-caption-overlay-center{\ncolor:#ffffff;\n}\n<\/style>\n<div  class='avia-image-container av-1i23zk1-e536acfc33848d14a32682ff4c34acf5 av-styling- av-img-linked avia-align-center  avia-builder-el-150  avia-builder-el-no-sibling '   itemprop=\"image\" itemscope=\"itemscope\" itemtype=\"https:\/\/schema.org\/ImageObject\" ><div class=\"avia-image-container-inner\"><div class=\"avia-image-overlay-wrap\"><a href=\"https:\/\/eizo.pl\/\" class='avia_image '  aria-label='eizo'><img decoding=\"async\" fetchpriority=\"high\" class='wp-image-19077 avia-img-lazy-loading-not-19077 avia_image ' src=\"https:\/\/glareone.eu\/wp-content\/uploads\/2025\/06\/eizo-1.png\" alt='' title='eizo'  height=\"180\" width=\"570\"  itemprop=\"thumbnailUrl\" srcset=\"https:\/\/glareone.eu\/wp-content\/uploads\/2025\/06\/eizo-1.png 570w, https:\/\/glareone.eu\/wp-content\/uploads\/2025\/06\/eizo-1-300x95.png 300w, https:\/\/glareone.eu\/wp-content\/uploads\/2025\/06\/eizo-1-450x142.png 450w\" sizes=\"(max-width: 570px) 100vw, 570px\" \/><\/a><\/div><\/div><\/div><\/div>\n<div  class='flex_column av-43qlvq9-24286665b3fb42ce4cbd191eaff00666 av_one_fifth  avia-builder-el-151  el_after_av_one_fifth  el_before_av_one_fifth  flex_column_div  '     ><style type=\"text\/css\" data-created_by=\"avia_inline_auto\" id=\"style-css-av-3gf8z35-e51e9244bc0d3f4e21fc4f4943a54fce\">\n.avia-image-container.av-3gf8z35-e51e9244bc0d3f4e21fc4f4943a54fce img.avia_image{\nbox-shadow:none;\n}\n.avia-image-container.av-3gf8z35-e51e9244bc0d3f4e21fc4f4943a54fce .av-image-caption-overlay-center{\ncolor:#ffffff;\n}\n<\/style>\n<div  class='avia-image-container av-3gf8z35-e51e9244bc0d3f4e21fc4f4943a54fce av-styling- av-img-linked avia-align-center  avia-builder-el-152  avia-builder-el-no-sibling '   itemprop=\"image\" itemscope=\"itemscope\" itemtype=\"https:\/\/schema.org\/ImageObject\" ><div class=\"avia-image-container-inner\"><div class=\"avia-image-overlay-wrap\"><a href=\"https:\/\/peakdesign.pl\/\" class='avia_image '  aria-label='peak design'><img decoding=\"async\" fetchpriority=\"high\" class='wp-image-19107 avia-img-lazy-loading-not-19107 avia_image ' src=\"https:\/\/glareone.eu\/wp-content\/uploads\/2025\/06\/peak-design-1.png\" alt='' title='peak design'  height=\"180\" width=\"570\"  itemprop=\"thumbnailUrl\" srcset=\"https:\/\/glareone.eu\/wp-content\/uploads\/2025\/06\/peak-design-1.png 570w, https:\/\/glareone.eu\/wp-content\/uploads\/2025\/06\/peak-design-1-300x95.png 300w, https:\/\/glareone.eu\/wp-content\/uploads\/2025\/06\/peak-design-1-450x142.png 450w\" sizes=\"(max-width: 570px) 100vw, 570px\" \/><\/a><\/div><\/div><\/div><\/div>\n<div  class='flex_column av-32gr4ip-8ecbbed97bfd92519fe1ed11bb43684a av_one_fifth  avia-builder-el-153  el_after_av_one_fifth  el_before_av_one_fifth  flex_column_div  '     ><style type=\"text\/css\" data-created_by=\"avia_inline_auto\" id=\"style-css-av-2hge1lt-8aa76f64e5f7447e13b36daf7dadc946\">\n.avia-image-container.av-2hge1lt-8aa76f64e5f7447e13b36daf7dadc946 img.avia_image{\nbox-shadow:none;\n}\n.avia-image-container.av-2hge1lt-8aa76f64e5f7447e13b36daf7dadc946 .av-image-caption-overlay-center{\ncolor:#ffffff;\n}\n<\/style>\n<div  class='avia-image-container av-2hge1lt-8aa76f64e5f7447e13b36daf7dadc946 av-styling- av-img-linked avia-align-center  avia-builder-el-154  avia-builder-el-no-sibling '   itemprop=\"image\" itemscope=\"itemscope\" itemtype=\"https:\/\/schema.org\/ImageObject\" ><div class=\"avia-image-container-inner\"><div class=\"avia-image-overlay-wrap\"><a href=\"https:\/\/mathorn.com\/pl\/strona-glowna\/\" class='avia_image '  aria-label='mathorn'><img decoding=\"async\" fetchpriority=\"high\" class='wp-image-19092 avia-img-lazy-loading-not-19092 avia_image ' src=\"https:\/\/glareone.eu\/wp-content\/uploads\/2025\/06\/mathorn-1.png\" alt='' title='mathorn'  height=\"180\" width=\"570\"  itemprop=\"thumbnailUrl\" srcset=\"https:\/\/glareone.eu\/wp-content\/uploads\/2025\/06\/mathorn-1.png 570w, https:\/\/glareone.eu\/wp-content\/uploads\/2025\/06\/mathorn-1-300x95.png 300w, https:\/\/glareone.eu\/wp-content\/uploads\/2025\/06\/mathorn-1-450x142.png 450w\" sizes=\"(max-width: 570px) 100vw, 570px\" \/><\/a><\/div><\/div><\/div><\/div>\n<div  class='flex_column av-4yrcn41-0bbac47c248c1cefdff5ec489bf6ccf5 av_one_fifth  avia-builder-el-155  el_after_av_one_fifth  el_before_av_one_fifth  first flex_column_div  column-top-margin'     ><style type=\"text\/css\" data-created_by=\"avia_inline_auto\" id=\"style-css-av-4cde5i9-8e7398b0badf413d4d425c0d8d996dab\">\n.avia-image-container.av-4cde5i9-8e7398b0badf413d4d425c0d8d996dab img.avia_image{\nbox-shadow:none;\n}\n.avia-image-container.av-4cde5i9-8e7398b0badf413d4d425c0d8d996dab .av-image-caption-overlay-center{\ncolor:#ffffff;\n}\n<\/style>\n<div  class='avia-image-container av-4cde5i9-8e7398b0badf413d4d425c0d8d996dab av-styling- av-img-linked avia-align-center  avia-builder-el-156  avia-builder-el-no-sibling '   itemprop=\"image\" itemscope=\"itemscope\" itemtype=\"https:\/\/schema.org\/ImageObject\" ><div class=\"avia-image-container-inner\"><div class=\"avia-image-overlay-wrap\"><a href=\"https:\/\/www.elinchrom.com\/\" class='avia_image '  aria-label='elinchrom'><img decoding=\"async\" fetchpriority=\"high\" class='wp-image-19082 avia-img-lazy-loading-not-19082 avia_image ' src=\"https:\/\/glareone.eu\/wp-content\/uploads\/2025\/06\/elinchrom-1.png\" alt='' title='elinchrom'  height=\"180\" width=\"570\"  itemprop=\"thumbnailUrl\" srcset=\"https:\/\/glareone.eu\/wp-content\/uploads\/2025\/06\/elinchrom-1.png 570w, https:\/\/glareone.eu\/wp-content\/uploads\/2025\/06\/elinchrom-1-300x95.png 300w, https:\/\/glareone.eu\/wp-content\/uploads\/2025\/06\/elinchrom-1-450x142.png 450w\" sizes=\"(max-width: 570px) 100vw, 570px\" \/><\/a><\/div><\/div><\/div><\/div>\n<div  class='flex_column av-595faht-66e4f7c6c58c16ed5a56bca908c17067 av_one_fifth  avia-builder-el-157  el_after_av_one_fifth  el_before_av_one_fifth  flex_column_div  column-top-margin'     ><style type=\"text\/css\" data-created_by=\"avia_inline_auto\" id=\"style-css-av-mbhshe58-a56815b64a38256d443134b5a9017592\">\n.avia-image-container.av-mbhshe58-a56815b64a38256d443134b5a9017592 img.avia_image{\nbox-shadow:none;\n}\n.avia-image-container.av-mbhshe58-a56815b64a38256d443134b5a9017592 .av-image-caption-overlay-center{\ncolor:#ffffff;\n}\n<\/style>\n<div  class='avia-image-container av-mbhshe58-a56815b64a38256d443134b5a9017592 av-styling- av-img-linked avia-align-center  avia-builder-el-158  avia-builder-el-no-sibling '   itemprop=\"image\" itemscope=\"itemscope\" itemtype=\"https:\/\/schema.org\/ImageObject\" ><div class=\"avia-image-container-inner\"><div class=\"avia-image-overlay-wrap\"><a href=\"https:\/\/calumet.info\/pl\/\" class='avia_image '  aria-label='calumet'><img decoding=\"async\" fetchpriority=\"high\" class='wp-image-19072 avia-img-lazy-loading-not-19072 avia_image ' src=\"https:\/\/glareone.eu\/wp-content\/uploads\/2025\/06\/calumet-1.png\" alt='' title='calumet'  height=\"180\" width=\"570\"  itemprop=\"thumbnailUrl\" srcset=\"https:\/\/glareone.eu\/wp-content\/uploads\/2025\/06\/calumet-1.png 570w, https:\/\/glareone.eu\/wp-content\/uploads\/2025\/06\/calumet-1-300x95.png 300w, https:\/\/glareone.eu\/wp-content\/uploads\/2025\/06\/calumet-1-450x142.png 450w\" sizes=\"(max-width: 570px) 100vw, 570px\" \/><\/a><\/div><\/div><\/div><\/div>\n<div  class='flex_column av-oelrwh-1f95bdad1bdb34a761a31d136874dd04 av_one_fifth  avia-builder-el-159  el_after_av_one_fifth  el_before_av_one_fifth  flex_column_div  column-top-margin'     ><style type=\"text\/css\" data-created_by=\"avia_inline_auto\" id=\"style-css-av-mbj4amkg-d67c6489e110c1e53bba38e7018b92cb\">\n.avia-image-container.av-mbj4amkg-d67c6489e110c1e53bba38e7018b92cb img.avia_image{\nbox-shadow:none;\n}\n.avia-image-container.av-mbj4amkg-d67c6489e110c1e53bba38e7018b92cb .av-image-caption-overlay-center{\ncolor:#ffffff;\n}\n<\/style>\n<div  class='avia-image-container av-mbj4amkg-d67c6489e110c1e53bba38e7018b92cb av-styling- av-img-linked avia-align-center  avia-builder-el-160  avia-builder-el-no-sibling '   itemprop=\"image\" itemscope=\"itemscope\" itemtype=\"https:\/\/schema.org\/ImageObject\" ><div class=\"avia-image-container-inner\"><div class=\"avia-image-overlay-wrap\"><a href=\"https:\/\/www.cyfrowe.pl\/\" class='avia_image '  aria-label='Cyfrowe.pl'><img decoding=\"async\" fetchpriority=\"high\" class='wp-image-1160 avia-img-lazy-loading-not-1160 avia_image ' src=\"https:\/\/glareone.eu\/wp-content\/uploads\/2024\/04\/partner_cyfrowe.jpg\" alt='' title='Cyfrowe.pl'  height=\"60\" width=\"190\"  itemprop=\"thumbnailUrl\"  \/><\/a><\/div><\/div><\/div><\/div>\n<div  class='flex_column av-x0dly9-8f41736d59c58b19bb8ed29fdc2d4ca9 av_one_fifth  avia-builder-el-161  el_after_av_one_fifth  el_before_av_one_full  flex_column_div  column-top-margin'     ><style type=\"text\/css\" data-created_by=\"avia_inline_auto\" id=\"style-css-av-mnylrm9t-ca95e8deb34517c17f1d343a7862e7cc\">\n.avia-image-container.av-mnylrm9t-ca95e8deb34517c17f1d343a7862e7cc img.avia_image{\nbox-shadow:none;\n}\n.avia-image-container.av-mnylrm9t-ca95e8deb34517c17f1d343a7862e7cc .av-image-caption-overlay-center{\ncolor:#ffffff;\n}\n<\/style>\n<div  class='avia-image-container av-mnylrm9t-ca95e8deb34517c17f1d343a7862e7cc av-styling- av-img-linked avia-align-center  avia-builder-el-162  avia-builder-el-no-sibling '   itemprop=\"image\" itemscope=\"itemscope\" itemtype=\"https:\/\/schema.org\/ImageObject\" ><div class=\"avia-image-container-inner\"><div class=\"avia-image-overlay-wrap\"><a href=\"https:\/\/www.cyfrowe.pl\/\" class='avia_image '  aria-label='logo notopstryk czarne bez t\u0142a'><img decoding=\"async\" fetchpriority=\"high\" class='wp-image-24394 avia-img-lazy-loading-not-24394 avia_image ' src=\"https:\/\/glareone.eu\/wp-content\/uploads\/2026\/04\/logo-notopstryk-czarne-bez-tla.png\" alt='' title='logo notopstryk czarne bez t\u0142a'  height=\"317\" width=\"1720\"  itemprop=\"thumbnailUrl\" srcset=\"https:\/\/glareone.eu\/wp-content\/uploads\/2026\/04\/logo-notopstryk-czarne-bez-tla.png 1720w, https:\/\/glareone.eu\/wp-content\/uploads\/2026\/04\/logo-notopstryk-czarne-bez-tla-300x55.png 300w, https:\/\/glareone.eu\/wp-content\/uploads\/2026\/04\/logo-notopstryk-czarne-bez-tla-1030x190.png 1030w, https:\/\/glareone.eu\/wp-content\/uploads\/2026\/04\/logo-notopstryk-czarne-bez-tla-768x142.png 768w, https:\/\/glareone.eu\/wp-content\/uploads\/2026\/04\/logo-notopstryk-czarne-bez-tla-1536x283.png 1536w, https:\/\/glareone.eu\/wp-content\/uploads\/2026\/04\/logo-notopstryk-czarne-bez-tla-1500x276.png 1500w, https:\/\/glareone.eu\/wp-content\/uploads\/2026\/04\/logo-notopstryk-czarne-bez-tla-705x130.png 705w, https:\/\/glareone.eu\/wp-content\/uploads\/2026\/04\/logo-notopstryk-czarne-bez-tla-450x83.png 450w, https:\/\/glareone.eu\/wp-content\/uploads\/2026\/04\/logo-notopstryk-czarne-bez-tla-600x111.png 600w\" sizes=\"(max-width: 1720px) 100vw, 1720px\" \/><\/a><\/div><\/div><\/div><\/div>\n<div  class='flex_column av-5vluw1-387fd7c15457c0a6ac04e9b8412890e1 av_one_full  avia-builder-el-163  el_after_av_one_fifth  avia-builder-el-last  first flex_column_div  column-top-margin'     ><p>\n<style type=\"text\/css\" data-created_by=\"avia_inline_auto\" id=\"style-css-av-1atik2p-ec527d23f09e504b6fec07732fe515bd\">\n#top .hr.hr-invisible.av-1atik2p-ec527d23f09e504b6fec07732fe515bd{\nheight:20px;\n}\n<\/style>\n<div  class='hr av-1atik2p-ec527d23f09e504b6fec07732fe515bd hr-invisible  avia-builder-el-164  el_before_av_heading  avia-builder-el-first '><span class='hr-inner '><span class=\"hr-inner-style\"><\/span><\/span><\/div><br \/>\n\n<style type=\"text\/css\" data-created_by=\"avia_inline_auto\" id=\"style-css-av-mbi0az4t-1c8ac4905820c0120ad777337d58d494\">\n#top .av-special-heading.av-mbi0az4t-1c8ac4905820c0120ad777337d58d494{\npadding-bottom:10px;\n}\nbody .av-special-heading.av-mbi0az4t-1c8ac4905820c0120ad777337d58d494 .av-special-heading-tag .heading-char{\nfont-size:25px;\n}\n.av-special-heading.av-mbi0az4t-1c8ac4905820c0120ad777337d58d494 .av-subheading{\nfont-size:15px;\n}\n<\/style>\n<div  class='av-special-heading av-mbi0az4t-1c8ac4905820c0120ad777337d58d494 av-special-heading-h2  avia-builder-el-165  el_after_av_hr  el_before_av_hr '><h2 class='av-special-heading-tag'  itemprop=\"headline\"  >Chcesz by\u0107 na bie\u017c\u0105co? Odwied\u017a naszego Instagrama!<\/h2><div class=\"special-heading-border\"><div class=\"special-heading-inner-border\"><\/div><\/div><\/div><br \/>\n\n<style type=\"text\/css\" data-created_by=\"avia_inline_auto\" id=\"style-css-av-sswxnl-6b466cae5bae450a471145096f736055\">\n#top .hr.hr-invisible.av-sswxnl-6b466cae5bae450a471145096f736055{\nheight:20px;\n}\n<\/style>\n<div  class='hr av-sswxnl-6b466cae5bae450a471145096f736055 hr-invisible  avia-builder-el-166  el_after_av_heading  el_before_av_button '><span class='hr-inner '><span class=\"hr-inner-style\"><\/span><\/span><\/div><br \/>\n<div  class='avia-button-wrap av-mbi0dlzj-f9a6c3a65f3704ccf6b23e0f523b34a1-wrap avia-button-center  avia-builder-el-167  el_after_av_hr  avia-builder-el-last '>\n<style type=\"text\/css\" data-created_by=\"avia_inline_auto\" id=\"style-css-av-mbi0dlzj-f9a6c3a65f3704ccf6b23e0f523b34a1\">\n#top #wrap_all .avia-button.av-mbi0dlzj-f9a6c3a65f3704ccf6b23e0f523b34a1{\nfont-size:20px;\ntransition:all 0.4s ease-in-out;\n}\n<\/style>\n<a href='https:\/\/www.instagram.com\/glareonelighting\/' class='avia-button av-mbi0dlzj-f9a6c3a65f3704ccf6b23e0f523b34a1 av-link-btn avia-icon_select-yes-left-icon avia-size-x-large avia-position-center avia-color-red' target=\"_blank\" rel=\"noopener noreferrer\"><span class='avia_button_icon avia_button_icon_left' aria-hidden='true' data-av_icon='\ue909' data-av_iconfont='entypo-fontello'><\/span><span class='avia_iconbox_title' >GlareOne<\/span><\/a><\/div><\/p><\/div>\n","protected":false},"excerpt":{"rendered":"","protected":false},"author":4,"featured_media":0,"parent":0,"menu_order":0,"comment_status":"closed","ping_status":"closed","template":"","meta":{"footnotes":""},"class_list":["post-18785","page","type-page","status-publish","hentry"],"yoast_head":"<!-- This site is optimized with the Yoast SEO plugin v27.4 - https:\/\/yoast.com\/product\/yoast-seo-wordpress\/ -->\n<title>Letnie Meetingi Fotograficzne - GlareOne<\/title>\n<meta name=\"description\" content=\"Do\u0142\u0105cz do nas na Letnich Meetingach Fotograficznych \u2014 ca\u0142odniowym wydarzeniu, kt\u00f3re odb\u0119dzie si\u0119 w a\u017c 9 miastach w ca\u0142ej Polsce!\" \/>\n<meta name=\"robots\" content=\"index, follow, max-snippet:-1, max-image-preview:large, max-video-preview:-1\" \/>\n<link rel=\"canonical\" href=\"https:\/\/glareone.eu\/pl\/letnie-meetingi-fotograficzne\/\" \/>\n<meta property=\"og:locale\" content=\"pl_PL\" \/>\n<meta property=\"og:type\" content=\"article\" \/>\n<meta property=\"og:title\" content=\"Letnie Meetingi Fotograficzne - GlareOne\" \/>\n<meta property=\"og:description\" content=\"Do\u0142\u0105cz do nas na Letnich Meetingach Fotograficznych \u2014 ca\u0142odniowym wydarzeniu, kt\u00f3re odb\u0119dzie si\u0119 w a\u017c 9 miastach w ca\u0142ej Polsce!\" \/>\n<meta property=\"og:url\" content=\"https:\/\/glareone.eu\/pl\/letnie-meetingi-fotograficzne\/\" \/>\n<meta property=\"og:site_name\" content=\"GlareOne\" \/>\n<meta property=\"article:publisher\" content=\"https:\/\/www.facebook.com\/GlareOneLighting\" \/>\n<meta property=\"article:modified_time\" content=\"2026-04-30T12:06:16+00:00\" \/>\n<meta name=\"twitter:card\" content=\"summary_large_image\" \/>\n<meta name=\"twitter:label1\" content=\"Szacowany czas czytania\" \/>\n\t<meta name=\"twitter:data1\" content=\"11 minut\" \/>\n<script type=\"application\/ld+json\" class=\"yoast-schema-graph\">{\"@context\":\"https:\\\/\\\/schema.org\",\"@graph\":[{\"@type\":\"WebPage\",\"@id\":\"https:\\\/\\\/glareone.eu\\\/pl\\\/letnie-meetingi-fotograficzne\\\/\",\"url\":\"https:\\\/\\\/glareone.eu\\\/pl\\\/letnie-meetingi-fotograficzne\\\/\",\"name\":\"Letnie Meetingi Fotograficzne - GlareOne\",\"isPartOf\":{\"@id\":\"https:\\\/\\\/glareone.eu\\\/pl\\\/en\\\/#website\"},\"datePublished\":\"2025-06-04T10:49:49+00:00\",\"dateModified\":\"2026-04-30T12:06:16+00:00\",\"description\":\"Do\u0142\u0105cz do nas na Letnich Meetingach Fotograficznych \u2014 ca\u0142odniowym wydarzeniu, kt\u00f3re odb\u0119dzie si\u0119 w a\u017c 9 miastach w ca\u0142ej Polsce!\",\"breadcrumb\":{\"@id\":\"https:\\\/\\\/glareone.eu\\\/pl\\\/letnie-meetingi-fotograficzne\\\/#breadcrumb\"},\"inLanguage\":\"pl-PL\",\"potentialAction\":[{\"@type\":\"ReadAction\",\"target\":[\"https:\\\/\\\/glareone.eu\\\/pl\\\/letnie-meetingi-fotograficzne\\\/\"]}]},{\"@type\":\"BreadcrumbList\",\"@id\":\"https:\\\/\\\/glareone.eu\\\/pl\\\/letnie-meetingi-fotograficzne\\\/#breadcrumb\",\"itemListElement\":[{\"@type\":\"ListItem\",\"position\":1,\"name\":\"Strona g\u0142\u00f3wna\",\"item\":\"https:\\\/\\\/glareone.eu\\\/pl\\\/\"},{\"@type\":\"ListItem\",\"position\":2,\"name\":\"Letnie Meetingi Fotograficzne\"}]},{\"@type\":\"WebSite\",\"@id\":\"https:\\\/\\\/glareone.eu\\\/pl\\\/en\\\/#website\",\"url\":\"https:\\\/\\\/glareone.eu\\\/pl\\\/en\\\/\",\"name\":\"GlareOne\",\"description\":\"Wyposa\u017cenie Studia\",\"publisher\":{\"@id\":\"https:\\\/\\\/glareone.eu\\\/pl\\\/en\\\/#organization\"},\"potentialAction\":[{\"@type\":\"SearchAction\",\"target\":{\"@type\":\"EntryPoint\",\"urlTemplate\":\"https:\\\/\\\/glareone.eu\\\/pl\\\/en\\\/?s={search_term_string}\"},\"query-input\":{\"@type\":\"PropertyValueSpecification\",\"valueRequired\":true,\"valueName\":\"search_term_string\"}}],\"inLanguage\":\"pl-PL\"},{\"@type\":\"Organization\",\"@id\":\"https:\\\/\\\/glareone.eu\\\/pl\\\/en\\\/#organization\",\"name\":\"GlareOne\",\"url\":\"https:\\\/\\\/glareone.eu\\\/pl\\\/en\\\/\",\"logo\":{\"@type\":\"ImageObject\",\"inLanguage\":\"pl-PL\",\"@id\":\"https:\\\/\\\/glareone.eu\\\/pl\\\/en\\\/#\\\/schema\\\/logo\\\/image\\\/\",\"url\":\"http:\\\/\\\/glareone.eu\\\/wp-content\\\/uploads\\\/2024\\\/05\\\/glareone_logo2020_RGB-01-e1715773127189.png\",\"contentUrl\":\"http:\\\/\\\/glareone.eu\\\/wp-content\\\/uploads\\\/2024\\\/05\\\/glareone_logo2020_RGB-01-e1715773127189.png\",\"width\":1270,\"height\":321,\"caption\":\"GlareOne\"},\"image\":{\"@id\":\"https:\\\/\\\/glareone.eu\\\/pl\\\/en\\\/#\\\/schema\\\/logo\\\/image\\\/\"},\"sameAs\":[\"https:\\\/\\\/www.facebook.com\\\/GlareOneLighting\",\"https:\\\/\\\/www.instagram.com\\\/glareonelighting\\\/\",\"https:\\\/\\\/www.youtube.com\\\/@GlareOneTV\"]}]}<\/script>\n<!-- \/ Yoast SEO plugin. -->","yoast_head_json":{"title":"Letnie Meetingi Fotograficzne - GlareOne","description":"Do\u0142\u0105cz do nas na Letnich Meetingach Fotograficznych \u2014 ca\u0142odniowym wydarzeniu, kt\u00f3re odb\u0119dzie si\u0119 w a\u017c 9 miastach w ca\u0142ej Polsce!","robots":{"index":"index","follow":"follow","max-snippet":"max-snippet:-1","max-image-preview":"max-image-preview:large","max-video-preview":"max-video-preview:-1"},"canonical":"https:\/\/glareone.eu\/pl\/letnie-meetingi-fotograficzne\/","og_locale":"pl_PL","og_type":"article","og_title":"Letnie Meetingi Fotograficzne - GlareOne","og_description":"Do\u0142\u0105cz do nas na Letnich Meetingach Fotograficznych \u2014 ca\u0142odniowym wydarzeniu, kt\u00f3re odb\u0119dzie si\u0119 w a\u017c 9 miastach w ca\u0142ej Polsce!","og_url":"https:\/\/glareone.eu\/pl\/letnie-meetingi-fotograficzne\/","og_site_name":"GlareOne","article_publisher":"https:\/\/www.facebook.com\/GlareOneLighting","article_modified_time":"2026-04-30T12:06:16+00:00","twitter_card":"summary_large_image","twitter_misc":{"Szacowany czas czytania":"11 minut"},"schema":{"@context":"https:\/\/schema.org","@graph":[{"@type":"WebPage","@id":"https:\/\/glareone.eu\/pl\/letnie-meetingi-fotograficzne\/","url":"https:\/\/glareone.eu\/pl\/letnie-meetingi-fotograficzne\/","name":"Letnie Meetingi Fotograficzne - GlareOne","isPartOf":{"@id":"https:\/\/glareone.eu\/pl\/en\/#website"},"datePublished":"2025-06-04T10:49:49+00:00","dateModified":"2026-04-30T12:06:16+00:00","description":"Do\u0142\u0105cz do nas na Letnich Meetingach Fotograficznych \u2014 ca\u0142odniowym wydarzeniu, kt\u00f3re odb\u0119dzie si\u0119 w a\u017c 9 miastach w ca\u0142ej Polsce!","breadcrumb":{"@id":"https:\/\/glareone.eu\/pl\/letnie-meetingi-fotograficzne\/#breadcrumb"},"inLanguage":"pl-PL","potentialAction":[{"@type":"ReadAction","target":["https:\/\/glareone.eu\/pl\/letnie-meetingi-fotograficzne\/"]}]},{"@type":"BreadcrumbList","@id":"https:\/\/glareone.eu\/pl\/letnie-meetingi-fotograficzne\/#breadcrumb","itemListElement":[{"@type":"ListItem","position":1,"name":"Strona g\u0142\u00f3wna","item":"https:\/\/glareone.eu\/pl\/"},{"@type":"ListItem","position":2,"name":"Letnie Meetingi Fotograficzne"}]},{"@type":"WebSite","@id":"https:\/\/glareone.eu\/pl\/en\/#website","url":"https:\/\/glareone.eu\/pl\/en\/","name":"GlareOne","description":"Wyposa\u017cenie Studia","publisher":{"@id":"https:\/\/glareone.eu\/pl\/en\/#organization"},"potentialAction":[{"@type":"SearchAction","target":{"@type":"EntryPoint","urlTemplate":"https:\/\/glareone.eu\/pl\/en\/?s={search_term_string}"},"query-input":{"@type":"PropertyValueSpecification","valueRequired":true,"valueName":"search_term_string"}}],"inLanguage":"pl-PL"},{"@type":"Organization","@id":"https:\/\/glareone.eu\/pl\/en\/#organization","name":"GlareOne","url":"https:\/\/glareone.eu\/pl\/en\/","logo":{"@type":"ImageObject","inLanguage":"pl-PL","@id":"https:\/\/glareone.eu\/pl\/en\/#\/schema\/logo\/image\/","url":"http:\/\/glareone.eu\/wp-content\/uploads\/2024\/05\/glareone_logo2020_RGB-01-e1715773127189.png","contentUrl":"http:\/\/glareone.eu\/wp-content\/uploads\/2024\/05\/glareone_logo2020_RGB-01-e1715773127189.png","width":1270,"height":321,"caption":"GlareOne"},"image":{"@id":"https:\/\/glareone.eu\/pl\/en\/#\/schema\/logo\/image\/"},"sameAs":["https:\/\/www.facebook.com\/GlareOneLighting","https:\/\/www.instagram.com\/glareonelighting\/","https:\/\/www.youtube.com\/@GlareOneTV"]}]}},"_links":{"self":[{"href":"https:\/\/glareone.eu\/pl\/wp-json\/wp\/v2\/pages\/18785","targetHints":{"allow":["GET"]}}],"collection":[{"href":"https:\/\/glareone.eu\/pl\/wp-json\/wp\/v2\/pages"}],"about":[{"href":"https:\/\/glareone.eu\/pl\/wp-json\/wp\/v2\/types\/page"}],"author":[{"embeddable":true,"href":"https:\/\/glareone.eu\/pl\/wp-json\/wp\/v2\/users\/4"}],"replies":[{"embeddable":true,"href":"https:\/\/glareone.eu\/pl\/wp-json\/wp\/v2\/comments?post=18785"}],"version-history":[{"count":90,"href":"https:\/\/glareone.eu\/pl\/wp-json\/wp\/v2\/pages\/18785\/revisions"}],"predecessor-version":[{"id":24723,"href":"https:\/\/glareone.eu\/pl\/wp-json\/wp\/v2\/pages\/18785\/revisions\/24723"}],"wp:attachment":[{"href":"https:\/\/glareone.eu\/pl\/wp-json\/wp\/v2\/media?parent=18785"}],"curies":[{"name":"wp","href":"https:\/\/api.w.org\/{rel}","templated":true}]}}